{"id":103,"date":"2026-03-28T16:43:36","date_gmt":"2026-03-28T15:43:36","guid":{"rendered":"https:\/\/staging.kinderinseln-berlin-nord.de\/?page_id=103"},"modified":"2026-09-04T12:52:37","modified_gmt":"2026-09-04T10:52:37","slug":"home-5","status":"publish","type":"page","link":"https:\/\/kinderinseln-berlin-nord.de\/pl\/","title":{"rendered":"Kinderg\u00e4rten Reinickendorf | Kita mit Konzept"},"content":{"rendered":"<div data-elementor-type=\"wp-page\" data-elementor-id=\"103\" class=\"elementor elementor-103\" data-elementor-settings=\"{&quot;ha_cmc_init_switcher&quot;:&quot;no&quot;}\">\n\t\t\t\t\t\t<section class=\"elementor-section elementor-top-section elementor-element elementor-element-8273941 elementor-section-full_width elementor-reverse-tablet elementor-reverse-mobile elementor-section-height-default elementor-section-height-default\" data-id=\"8273941\" data-element_type=\"section\" data-e-type=\"section\" data-settings=\"{&quot;background_background&quot;:&quot;classic&quot;,&quot;shape_divider_bottom&quot;:&quot;waves&quot;,&quot;shape_divider_bottom_negative&quot;:&quot;yes&quot;,&quot;_ha_eqh_enable&quot;:false}\">\n\t\t\t\t\t\t\t<div class=\"elementor-background-overlay\"><\/div>\n\t\t\t\t\t\t<div class=\"elementor-shape elementor-shape-bottom\" aria-hidden=\"true\" data-negative=\"true\">\n\t\t\t<svg xmlns=\"http:\/\/www.w3.org\/2000\/svg\" viewbox=\"0 0 1000 100\" preserveaspectratio=\"none\">\n\t<path class=\"elementor-shape-fill\" d=\"M790.5,93.1c-59.3-5.3-116.8-18-192.6-50c-29.6-12.7-76.9-31-100.5-35.9c-23.6-4.9-52.6-7.8-75.5-5.3\tc-10.2,1.1-22.6,1.4-50.1,7.4c-27.2,6.3-58.2,16.6-79.4,24.7c-41.3,15.9-94.9,21.9-134,22.6C72,58.2,0,25.8,0,25.8V100h1000V65.3\tc0,0-51.5,19.4-106.2,25.7C839.5,97,814.1,95.2,790.5,93.1z\"\/>\n<\/svg>\t\t<\/div>\n\t\t\t\t\t<div class=\"elementor-container elementor-column-gap-default\">\n\t\t\t\t\t<div class=\"elementor-column elementor-col-50 elementor-top-column elementor-element elementor-element-9ce33c3\" data-id=\"9ce33c3\" data-element_type=\"column\" data-e-type=\"column\">\n\t\t\t<div class=\"elementor-widget-wrap elementor-element-populated\">\n\t\t\t\t\t\t<div class=\"elementor-element elementor-element-c8ffe05 elementor-widget elementor-widget-heading\" data-id=\"c8ffe05\" data-element_type=\"widget\" data-e-type=\"widget\" data-widget_type=\"heading.default\">\n\t\t\t\t\t<h4 class=\"elementor-heading-title elementor-size-default\">Aroser Allee, Alt-Reinickendorf &amp; Wei\u00dfe Stadt<\/h4>\t\t\t\t<\/div>\n\t\t\t\t<div class=\"elementor-element elementor-element-2d700bf elementor-widget elementor-widget-heading\" data-id=\"2d700bf\" data-element_type=\"widget\" data-e-type=\"widget\" data-widget_type=\"heading.default\">\n\t\t\t\t\t<h1 class=\"elementor-heading-title elementor-size-default\">Przedszkola w Berlinie Reinickendorf<\/h1>\t\t\t\t<\/div>\n\t\t\t\t<div class=\"elementor-element elementor-element-6e565d4 elementor-widget__width-initial elementor-widget-mobile__width-inherit elementor-widget elementor-widget-text-editor\" data-id=\"6e565d4\" data-element_type=\"widget\" data-e-type=\"widget\" data-widget_type=\"text-editor.default\">\n\t\t\t\t\t\t\t\t\t<p>Kindertagesst\u00e4tten im Berliner Norden: 3 Kinderinseln, 3 unterschiedlich gelebte Konzepte, 3 mal stehen Kinder und Eltern im Mittelpunkt.<\/p>\t\t\t\t\t\t\t\t<\/div>\n\t\t\t\t<div class=\"elementor-element elementor-element-d2f40f7 elementor-widget elementor-widget-button\" data-id=\"d2f40f7\" data-element_type=\"widget\" data-e-type=\"widget\" data-widget_type=\"button.default\">\n\t\t\t\t\t\t\t\t\t\t<a class=\"elementor-button elementor-button-link elementor-size-sm elementor-animation-shrink\" href=\"#einrichtungen\">\n\t\t\t\t\t\t<span class=\"elementor-button-content-wrapper\">\n\t\t\t\t\t\t\t\t\t<span class=\"elementor-button-text\">Nasze \u017c\u0142obki<\/span>\n\t\t\t\t\t<\/span>\n\t\t\t\t\t<\/a>\n\t\t\t\t\t\t\t\t<\/div>\n\t\t\t\t\t<\/div>\n\t\t<\/div>\n\t\t\t\t<div class=\"elementor-column elementor-col-50 elementor-top-column elementor-element elementor-element-bbfebcd\" data-id=\"bbfebcd\" data-element_type=\"column\" data-e-type=\"column\">\n\t\t\t<div class=\"elementor-widget-wrap elementor-element-populated\">\n\t\t\t\t\t\t<div class=\"elementor-element elementor-element-3ff87ea elementor-widget elementor-widget-image\" data-id=\"3ff87ea\" data-element_type=\"widget\" data-e-type=\"widget\" data-widget_type=\"image.default\">\n\t\t\t\t\t\t\t\t\t\t\t\t\t\t\t<img fetchpriority=\"high\" decoding=\"async\" width=\"1024\" height=\"576\" src=\"https:\/\/kinderinseln-berlin-nord.de\/wp-content\/uploads\/2026\/07\/Bild-fuer-Buehne-1024x576.png\" class=\"attachment-large size-large wp-image-2250\" alt=\"\" srcset=\"https:\/\/kinderinseln-berlin-nord.de\/wp-content\/uploads\/2026\/07\/Bild-fuer-Buehne-1024x576.png 1024w, https:\/\/kinderinseln-berlin-nord.de\/wp-content\/uploads\/2026\/07\/Bild-fuer-Buehne-300x169.png 300w, https:\/\/kinderinseln-berlin-nord.de\/wp-content\/uploads\/2026\/07\/Bild-fuer-Buehne-768x432.png 768w, https:\/\/kinderinseln-berlin-nord.de\/wp-content\/uploads\/2026\/07\/Bild-fuer-Buehne-1536x864.png 1536w, https:\/\/kinderinseln-berlin-nord.de\/wp-content\/uploads\/2026\/07\/Bild-fuer-Buehne-18x10.png 18w, https:\/\/kinderinseln-berlin-nord.de\/wp-content\/uploads\/2026\/07\/Bild-fuer-Buehne.png 1672w\" sizes=\"(max-width: 1024px) 100vw, 1024px\" \/>\t\t\t\t\t\t\t\t\t\t\t\t\t\t\t<\/div>\n\t\t\t\t\t<\/div>\n\t\t<\/div>\n\t\t\t\t\t<\/div>\n\t\t<\/section>\n\t\t\t\t<section class=\"elementor-section elementor-top-section elementor-element elementor-element-745f2ed elementor-section-boxed elementor-section-height-default elementor-section-height-default\" data-id=\"745f2ed\" data-element_type=\"section\" data-e-type=\"section\" data-settings=\"{&quot;background_background&quot;:&quot;classic&quot;,&quot;_ha_eqh_enable&quot;:false}\">\n\t\t\t\t\t\t<div class=\"elementor-container elementor-column-gap-default\">\n\t\t\t\t\t<div class=\"elementor-column elementor-col-100 elementor-top-column elementor-element elementor-element-87d425d\" data-id=\"87d425d\" data-element_type=\"column\" data-e-type=\"column\">\n\t\t\t<div class=\"elementor-widget-wrap elementor-element-populated\">\n\t\t\t\t\t\t<div class=\"elementor-element elementor-element-5996db9 elementor-widget elementor-widget-menu-anchor\" data-id=\"5996db9\" data-element_type=\"widget\" data-e-type=\"widget\" data-widget_type=\"menu-anchor.default\">\n\t\t\t\t\t\t\t<div class=\"elementor-menu-anchor\" id=\"leitung\"><\/div>\n\t\t\t\t\t\t<\/div>\n\t\t\t\t<div class=\"elementor-element elementor-element-a718b87 elementor-widget elementor-widget-menu-anchor\" data-id=\"a718b87\" data-element_type=\"widget\" data-e-type=\"widget\" data-widget_type=\"menu-anchor.default\">\n\t\t\t\t\t\t\t<div class=\"elementor-menu-anchor\" id=\"wir\"><\/div>\n\t\t\t\t\t\t<\/div>\n\t\t\t\t<div class=\"elementor-element elementor-element-dbc3eff elementor-widget elementor-widget-heading\" data-id=\"dbc3eff\" data-element_type=\"widget\" data-e-type=\"widget\" data-widget_type=\"heading.default\">\n\t\t\t\t\t<h2 class=\"elementor-heading-title elementor-size-default\">Wyspy dzieci\u0119ce Berlin P\u00f3\u0142noc: Kim jeste\u015bmy<\/h2>\t\t\t\t<\/div>\n\t\t\t\t<div class=\"elementor-element elementor-element-6c66d88 elementor-widget__width-initial elementor-hidden-mobile elementor-widget elementor-widget-ucaddon_team_member_carousel\" data-id=\"6c66d88\" data-element_type=\"widget\" data-e-type=\"widget\" data-widget_type=\"ucaddon_team_member_carousel.default\">\n\t\t\t\t<div class=\"elementor-widget-container\">\n\t\t\t\t\t\n<!-- start Team Member Carousel -->\n\t\t<link id='font-awesome-css' href='https:\/\/kinderinseln-berlin-nord.de\/wp-content\/plugins\/unlimited-elements-for-elementor\/assets_libraries\/font-awesome6\/fontawesome-all.min.css' type='text\/css' rel='stylesheet' >\n\t\t<link id='font-awesome-4-shim-css' href='https:\/\/kinderinseln-berlin-nord.de\/wp-content\/plugins\/unlimited-elements-for-elementor\/assets_libraries\/font-awesome6\/fontawesome-v4-shims.min.css' type='text\/css' rel='stylesheet' >\n\t\t<link id='owl-carousel-css' href='https:\/\/kinderinseln-berlin-nord.de\/wp-content\/plugins\/unlimited-elements-for-elementor\/assets_libraries\/owl-carousel-new\/assets\/owl.carousel.css' type='text\/css' rel='stylesheet' >\n\n<style>\/* widget: Team Member Carousel *\/\n\n#uc_team_member_carousel_elementor_6c66d88{\n  min-height: 1px;\n}\n\n#uc_team_member_carousel_elementor_6c66d88 *{\n  box-sizing:border-box;\n  outline:none;\n}\n\n#uc_team_member_carousel_elementor_6c66d88{\n  position:relative;\n  min-height:1px;\n}\n\n#uc_team_member_carousel_elementor_6c66d88 .ue-additional-image{\n  left:0px;\n  top:0px;\n}\n\n#uc_team_member_carousel_elementor_6c66d88 .ue-company-logo img{\n  width:100%;\n}\n\n#uc_team_member_carousel_elementor_6c66d88 .team_member_carousel_image-link{\n  display: block;\n  position: relative;\n  z-index: 1;\n  pointer-events: all;\n}\n\n#uc_team_member_carousel_elementor_6c66d88 .ue-additional-image img{\n  width:100%;\n}\n\n#uc_team_member_carousel_elementor_6c66d88 .owl-nav .owl-prev{\n    position:absolute;\n    display:inline-block;\n    text-align:center;\n   transition:0.3s;\n}\n\n#uc_team_member_carousel_elementor_6c66d88 .owl-nav .owl-next{\n  position:absolute;\n  display:inline-block;\n  text-align:center;\n  transition:0.3s;\n}\n\n#uc_team_member_carousel_elementor_6c66d88 .owl-dots {\n  overflow:hidden;\n  display:none !important;\n  text-align:center;\n}\n\n#uc_team_member_carousel_elementor_6c66d88 .owl-dot {\n  display:inline-block;\n  transition:0.5s;\n}\n\n#uc_team_member_carousel_elementor_6c66d88 .team_member_carousel_image{\n  position:relative;\n  display:flex;\n}\n\n#uc_team_member_carousel_elementor_6c66d88 .team_member_carousel_image_container{\n  position:relative;\n  display:block;\n}\n\n#uc_team_member_carousel_elementor_6c66d88 .team_member_carousel_image_overlay{\n  position:absolute;\n  top:0px;\n  left:0px;\n  right:0px;\n  bottom:0px;\n  transition:0.3s;\n  display:flex;\n  align-items:center;\n  justify-content:center;\n}\n\n#uc_team_member_carousel_elementor_6c66d88 .team_member_carousel_image img{\n  object-fit:cover;\n  display:inline-flex;\n  transition:0.3s;\n}\n\n#uc_team_member_carousel_elementor_6c66d88 .ue_carousel_item{\n  overflow:hidden;\n  position:relative;\n}\n\n.team_member_carousel_title{\n  font-size:18px;\n}\n\n#uc_team_member_carousel_elementor_6c66d88 .team_member_carousel_icons a{\n  display:inline-flex;\n  text-decoration:none;\n  align-items:center;\n  justify-content:center;\n  line-height:1em;\n  transition:0.3s;\n}\n\n#uc_team_member_carousel_elementor_6c66d88 .team_member_carousel_icons a svg{\n  width:1em;\n  height:1em;\n}\n\n#uc_team_member_carousel_elementor_6c66d88 .uc_more_btn{\n  transition:0.3s;\n  text-align:center;\n  text-decoration:none;\n}\n\n#uc_team_member_carousel_elementor_6c66d88 .team_member_carousel_text img{\n  width:auto;\n}\n\n#uc_team_member_carousel_elementor_6c66d88 .ue_carousel_item:hover .team_member_carousel_image img{\n  transform:scale(1.1,1.1);\n}\n\n\n\n<\/style>\n\n<div  style=\"direction:ltr;\">\t\n\t\n   <div class=\"ue_carousel owl-carousel owl-theme uc-items-wrapper\" id=\"uc_team_member_carousel_elementor_6c66d88\"  >\n   \t\t\n\n\n\n\n<div class=\"ue_carousel_item ue-item ue-carousel-item\">\n    \n    <div class=\"team_member_carousel_image\">\n    <div class=\"team_member_carousel_image_container\">       \n       <a class=\"team_member_carousel_image-link\" >\n         <img decoding=\"async\" src=\"https:\/\/kinderinseln-berlin-nord.de\/wp-content\/uploads\/2026\/07\/Roy-Reich_Geschaeftsfuehrer-Kinderinseln.jpg\" alt=\"Roy Reich_Gesch\u00e4ftsf\u00fchrer Kinderinseln\"  width=\"300\" height=\"300\">\n      \t <div class=\"team_member_carousel_image_overlay\">         \n          \t\n          \t\n                            <\/div> \n      <\/a>         \n    <\/div>\n  <\/div>\n    \n  <div class=\"team_member_carousel_content\">\n    <div class=\"team_member_carousel_title\">Roy Reich<\/div>\t\n    <div class=\"team_member_carousel_subtitle\"><\/div>\t\n            <div class=\"team_member_carousel_text\"><p class=\"hasUnderline\"><b><u>Gesch\u00e4ftsf\u00fchrer<\/u><\/b><\/p><p><em>\u00a0\u201eWir k\u00f6nnen den Wind nicht \u00e4ndern, aber die Segel anders setzen.\u201c<\/em><\/p><\/div>    \t\n    \t\n          <\/div>\n  \n<\/div>\n\n\n\n\n\n<div class=\"ue_carousel_item ue-item ue-carousel-item\">\n    \n    <div class=\"team_member_carousel_image\">\n    <div class=\"team_member_carousel_image_container\">       \n       <a class=\"team_member_carousel_image-link\" >\n         <img decoding=\"async\" src=\"https:\/\/kinderinseln-berlin-nord.de\/wp-content\/uploads\/2026\/07\/Sascha-Menzel_Geschaeftsfuehrer-Kinderinseln.jpg\" alt=\"Sascha Menzel_Gesch\u00e4ftsf\u00fchrer Kinderinseln\"  width=\"300\" height=\"300\">\n      \t <div class=\"team_member_carousel_image_overlay\">         \n          \t\n          \t\n                            <\/div> \n      <\/a>         \n    <\/div>\n  <\/div>\n    \n  <div class=\"team_member_carousel_content\">\n    <div class=\"team_member_carousel_title\">Sascha Menzel<\/div>\t\n    <div class=\"team_member_carousel_subtitle\"><\/div>\t\n            <div class=\"team_member_carousel_text\"><p class=\"hasUnderline\"><b><u>Gesch\u00e4ftsf\u00fchrer<\/u><\/b><\/p><p><em>\u201eGut ist eine Gesellschaft, die zu ihren Werten steht und sie auch im kleinen Rahmen vorlebt.\u201c<\/em><\/p><\/div>    \t\n    \t\n          <\/div>\n  \n<\/div>\n\n   <\/div>\t\n<\/div>\n<!-- end Team Member Carousel -->\t\t\t\t<\/div>\n\t\t\t\t<\/div>\n\t\t\t\t<div class=\"elementor-element elementor-element-058ce3b elementor-widget__width-initial elementor-hidden-desktop elementor-hidden-laptop elementor-hidden-tablet elementor-widget elementor-widget-ucaddon_team_member_carousel\" data-id=\"058ce3b\" data-element_type=\"widget\" data-e-type=\"widget\" data-widget_type=\"ucaddon_team_member_carousel.default\">\n\t\t\t\t<div class=\"elementor-widget-container\">\n\t\t\t\t\t\n<!-- start Team Member Carousel -->\n\n<style>\/* widget: Team Member Carousel *\/\n\n#uc_team_member_carousel_elementor_058ce3b{\n  min-height: 1px;\n}\n\n#uc_team_member_carousel_elementor_058ce3b *{\n  box-sizing:border-box;\n  outline:none;\n}\n\n#uc_team_member_carousel_elementor_058ce3b{\n  position:relative;\n  min-height:1px;\n}\n\n#uc_team_member_carousel_elementor_058ce3b .ue-additional-image{\n  left:0px;\n  top:0px;\n}\n\n#uc_team_member_carousel_elementor_058ce3b .ue-company-logo img{\n  width:100%;\n}\n\n#uc_team_member_carousel_elementor_058ce3b .team_member_carousel_image-link{\n  display: block;\n  position: relative;\n  z-index: 1;\n  pointer-events: all;\n}\n\n#uc_team_member_carousel_elementor_058ce3b .ue-additional-image img{\n  width:100%;\n}\n\n#uc_team_member_carousel_elementor_058ce3b .owl-nav .owl-prev{\n    position:absolute;\n    display:inline-block;\n    text-align:center;\n   transition:0.3s;\n}\n\n#uc_team_member_carousel_elementor_058ce3b .owl-nav .owl-next{\n  position:absolute;\n  display:inline-block;\n  text-align:center;\n  transition:0.3s;\n}\n\n#uc_team_member_carousel_elementor_058ce3b .owl-dots {\n  overflow:hidden;\n  display:none !important;\n  text-align:center;\n}\n\n#uc_team_member_carousel_elementor_058ce3b .owl-dot {\n  display:inline-block;\n  transition:0.5s;\n}\n\n#uc_team_member_carousel_elementor_058ce3b .team_member_carousel_image{\n  position:relative;\n  display:flex;\n}\n\n#uc_team_member_carousel_elementor_058ce3b .team_member_carousel_image_container{\n  position:relative;\n  display:block;\n}\n\n#uc_team_member_carousel_elementor_058ce3b .team_member_carousel_image_overlay{\n  position:absolute;\n  top:0px;\n  left:0px;\n  right:0px;\n  bottom:0px;\n  transition:0.3s;\n  display:flex;\n  align-items:center;\n  justify-content:center;\n}\n\n#uc_team_member_carousel_elementor_058ce3b .team_member_carousel_image img{\n  object-fit:cover;\n  display:inline-flex;\n  transition:0.3s;\n}\n\n#uc_team_member_carousel_elementor_058ce3b .ue_carousel_item{\n  overflow:hidden;\n  position:relative;\n}\n\n.team_member_carousel_title{\n  font-size:18px;\n}\n\n#uc_team_member_carousel_elementor_058ce3b .team_member_carousel_icons a{\n  display:inline-flex;\n  text-decoration:none;\n  align-items:center;\n  justify-content:center;\n  line-height:1em;\n  transition:0.3s;\n}\n\n#uc_team_member_carousel_elementor_058ce3b .team_member_carousel_icons a svg{\n  width:1em;\n  height:1em;\n}\n\n#uc_team_member_carousel_elementor_058ce3b .uc_more_btn{\n  transition:0.3s;\n  text-align:center;\n  text-decoration:none;\n}\n\n#uc_team_member_carousel_elementor_058ce3b .team_member_carousel_text img{\n  width:auto;\n}\n\n#uc_team_member_carousel_elementor_058ce3b .ue_carousel_item:hover .team_member_carousel_image img{\n  transform:scale(1.1,1.1);\n}\n\n\n\n<\/style>\n\n<div  style=\"direction:ltr;\">\t\n\t\n   <div class=\"ue_carousel owl-carousel owl-theme uc-items-wrapper\" id=\"uc_team_member_carousel_elementor_058ce3b\"  >\n   \t\t\n\n\n\n\n<div class=\"ue_carousel_item ue-item ue-carousel-item\">\n    \n    <div class=\"team_member_carousel_image\">\n    <div class=\"team_member_carousel_image_container\">       \n       <a class=\"team_member_carousel_image-link\" >\n         <img decoding=\"async\" src=\"https:\/\/kinderinseln-berlin-nord.de\/wp-content\/uploads\/2026\/07\/Roy-Reich_Geschaeftsfuehrer-Kinderinseln.jpg\" alt=\"Roy Reich_Gesch\u00e4ftsf\u00fchrer Kinderinseln\"  width=\"300\" height=\"300\">\n      \t <div class=\"team_member_carousel_image_overlay\">         \n          \t\n          \t\n                            <\/div> \n      <\/a>         \n    <\/div>\n  <\/div>\n    \n  <div class=\"team_member_carousel_content\">\n    <div class=\"team_member_carousel_title\">Roy Reich<\/div>\t\n    <div class=\"team_member_carousel_subtitle\"><\/div>\t\n            <div class=\"team_member_carousel_text\"><p class=\"hasUnderline\"><b><u>Gesch\u00e4ftsf\u00fchrer<\/u><\/b><\/p><p><em>\u00a0\u201eWir k\u00f6nnen den Wind nicht \u00e4ndern, aber die Segel anders setzen.\u201c<\/em><\/p><\/div>    \t\n    \t\n          <\/div>\n  \n<\/div>\n\n   <\/div>\t\n<\/div>\n<!-- end Team Member Carousel -->\t\t\t\t<\/div>\n\t\t\t\t<\/div>\n\t\t\t\t<div class=\"elementor-element elementor-element-b073cce elementor-widget__width-initial elementor-hidden-desktop elementor-hidden-laptop elementor-hidden-tablet elementor-widget elementor-widget-ucaddon_team_member_carousel\" data-id=\"b073cce\" data-element_type=\"widget\" data-e-type=\"widget\" data-widget_type=\"ucaddon_team_member_carousel.default\">\n\t\t\t\t<div class=\"elementor-widget-container\">\n\t\t\t\t\t\n<!-- start Team Member Carousel -->\n\n<style>\/* widget: Team Member Carousel *\/\n\n#uc_team_member_carousel_elementor_b073cce{\n  min-height: 1px;\n}\n\n#uc_team_member_carousel_elementor_b073cce *{\n  box-sizing:border-box;\n  outline:none;\n}\n\n#uc_team_member_carousel_elementor_b073cce{\n  position:relative;\n  min-height:1px;\n}\n\n#uc_team_member_carousel_elementor_b073cce .ue-additional-image{\n  left:0px;\n  top:0px;\n}\n\n#uc_team_member_carousel_elementor_b073cce .ue-company-logo img{\n  width:100%;\n}\n\n#uc_team_member_carousel_elementor_b073cce .team_member_carousel_image-link{\n  display: block;\n  position: relative;\n  z-index: 1;\n  pointer-events: all;\n}\n\n#uc_team_member_carousel_elementor_b073cce .ue-additional-image img{\n  width:100%;\n}\n\n#uc_team_member_carousel_elementor_b073cce .owl-nav .owl-prev{\n    position:absolute;\n    display:inline-block;\n    text-align:center;\n   transition:0.3s;\n}\n\n#uc_team_member_carousel_elementor_b073cce .owl-nav .owl-next{\n  position:absolute;\n  display:inline-block;\n  text-align:center;\n  transition:0.3s;\n}\n\n#uc_team_member_carousel_elementor_b073cce .owl-dots {\n  overflow:hidden;\n  display:none !important;\n  text-align:center;\n}\n\n#uc_team_member_carousel_elementor_b073cce .owl-dot {\n  display:inline-block;\n  transition:0.5s;\n}\n\n#uc_team_member_carousel_elementor_b073cce .team_member_carousel_image{\n  position:relative;\n  display:flex;\n}\n\n#uc_team_member_carousel_elementor_b073cce .team_member_carousel_image_container{\n  position:relative;\n  display:block;\n}\n\n#uc_team_member_carousel_elementor_b073cce .team_member_carousel_image_overlay{\n  position:absolute;\n  top:0px;\n  left:0px;\n  right:0px;\n  bottom:0px;\n  transition:0.3s;\n  display:flex;\n  align-items:center;\n  justify-content:center;\n}\n\n#uc_team_member_carousel_elementor_b073cce .team_member_carousel_image img{\n  object-fit:cover;\n  display:inline-flex;\n  transition:0.3s;\n}\n\n#uc_team_member_carousel_elementor_b073cce .ue_carousel_item{\n  overflow:hidden;\n  position:relative;\n}\n\n.team_member_carousel_title{\n  font-size:18px;\n}\n\n#uc_team_member_carousel_elementor_b073cce .team_member_carousel_icons a{\n  display:inline-flex;\n  text-decoration:none;\n  align-items:center;\n  justify-content:center;\n  line-height:1em;\n  transition:0.3s;\n}\n\n#uc_team_member_carousel_elementor_b073cce .team_member_carousel_icons a svg{\n  width:1em;\n  height:1em;\n}\n\n#uc_team_member_carousel_elementor_b073cce .uc_more_btn{\n  transition:0.3s;\n  text-align:center;\n  text-decoration:none;\n}\n\n#uc_team_member_carousel_elementor_b073cce .team_member_carousel_text img{\n  width:auto;\n}\n\n#uc_team_member_carousel_elementor_b073cce .ue_carousel_item:hover .team_member_carousel_image img{\n  transform:scale(1.1,1.1);\n}\n\n\n\n<\/style>\n\n<div  style=\"direction:ltr;\">\t\n\t\n   <div class=\"ue_carousel owl-carousel owl-theme uc-items-wrapper\" id=\"uc_team_member_carousel_elementor_b073cce\"  >\n   \t\t\n\n\n\n\n<div class=\"ue_carousel_item ue-item ue-carousel-item\">\n    \n    <div class=\"team_member_carousel_image\">\n    <div class=\"team_member_carousel_image_container\">       \n       <a class=\"team_member_carousel_image-link\" >\n         <img decoding=\"async\" src=\"https:\/\/kinderinseln-berlin-nord.de\/wp-content\/uploads\/2026\/07\/Sascha-Menzel_Geschaeftsfuehrer-Kinderinseln.jpg\" alt=\"Sascha Menzel_Gesch\u00e4ftsf\u00fchrer Kinderinseln\"  width=\"300\" height=\"300\">\n      \t <div class=\"team_member_carousel_image_overlay\">         \n          \t\n          \t\n                            <\/div> \n      <\/a>         \n    <\/div>\n  <\/div>\n    \n  <div class=\"team_member_carousel_content\">\n    <div class=\"team_member_carousel_title\">Sascha Menzel<\/div>\t\n    <div class=\"team_member_carousel_subtitle\"><\/div>\t\n            <div class=\"team_member_carousel_text\"><p class=\"hasUnderline\"><b><u>Gesch\u00e4ftsf\u00fchrer<\/u><\/b><\/p><p><em>\u201eGut ist eine Gesellschaft, die zu ihren Werten steht und sie auch im kleinen Rahmen vorlebt.\u201c<\/em><\/p><\/div>    \t\n    \t\n          <\/div>\n  \n<\/div>\n\n   <\/div>\t\n<\/div>\n<!-- end Team Member Carousel -->\t\t\t\t<\/div>\n\t\t\t\t<\/div>\n\t\t\t\t<div class=\"elementor-element elementor-element-d25b210 elementor-widget__width-initial elementor-widget-mobile__width-inherit elementor-widget elementor-widget-ucaddon_team_member_carousel\" data-id=\"d25b210\" data-element_type=\"widget\" data-e-type=\"widget\" data-widget_type=\"ucaddon_team_member_carousel.default\">\n\t\t\t\t<div class=\"elementor-widget-container\">\n\t\t\t\t\t\n<!-- start Team Member Carousel -->\n\n<style>\/* widget: Team Member Carousel *\/\n\n#uc_team_member_carousel_elementor_d25b210{\n  min-height: 1px;\n}\n\n#uc_team_member_carousel_elementor_d25b210 *{\n  box-sizing:border-box;\n  outline:none;\n}\n\n#uc_team_member_carousel_elementor_d25b210{\n  position:relative;\n  min-height:1px;\n}\n\n#uc_team_member_carousel_elementor_d25b210 .ue-additional-image{\n  left:0px;\n  top:0px;\n}\n\n#uc_team_member_carousel_elementor_d25b210 .ue-company-logo img{\n  width:100%;\n}\n\n#uc_team_member_carousel_elementor_d25b210 .team_member_carousel_image-link{\n  display: block;\n  position: relative;\n  z-index: 1;\n  pointer-events: all;\n}\n\n#uc_team_member_carousel_elementor_d25b210 .ue-additional-image img{\n  width:100%;\n}\n\n#uc_team_member_carousel_elementor_d25b210 .owl-nav .owl-prev{\n    position:absolute;\n    display:inline-block;\n    text-align:center;\n   transition:0.3s;\n}\n\n#uc_team_member_carousel_elementor_d25b210 .owl-nav .owl-next{\n  position:absolute;\n  display:inline-block;\n  text-align:center;\n  transition:0.3s;\n}\n\n#uc_team_member_carousel_elementor_d25b210 .owl-dots {\n  overflow:hidden;\n  display:none !important;\n  text-align:center;\n}\n\n#uc_team_member_carousel_elementor_d25b210 .owl-dot {\n  display:inline-block;\n  transition:0.5s;\n}\n\n#uc_team_member_carousel_elementor_d25b210 .team_member_carousel_image{\n  position:relative;\n  display:flex;\n}\n\n#uc_team_member_carousel_elementor_d25b210 .team_member_carousel_image_container{\n  position:relative;\n  display:block;\n}\n\n#uc_team_member_carousel_elementor_d25b210 .team_member_carousel_image_overlay{\n  position:absolute;\n  top:0px;\n  left:0px;\n  right:0px;\n  bottom:0px;\n  transition:0.3s;\n  display:flex;\n  align-items:center;\n  justify-content:center;\n}\n\n#uc_team_member_carousel_elementor_d25b210 .team_member_carousel_image img{\n  object-fit:cover;\n  display:inline-flex;\n  transition:0.3s;\n}\n\n#uc_team_member_carousel_elementor_d25b210 .ue_carousel_item{\n  overflow:hidden;\n  position:relative;\n}\n\n.team_member_carousel_title{\n  font-size:18px;\n}\n\n#uc_team_member_carousel_elementor_d25b210 .team_member_carousel_icons a{\n  display:inline-flex;\n  text-decoration:none;\n  align-items:center;\n  justify-content:center;\n  line-height:1em;\n  transition:0.3s;\n}\n\n#uc_team_member_carousel_elementor_d25b210 .team_member_carousel_icons a svg{\n  width:1em;\n  height:1em;\n}\n\n#uc_team_member_carousel_elementor_d25b210 .uc_more_btn{\n  transition:0.3s;\n  text-align:center;\n  text-decoration:none;\n}\n\n#uc_team_member_carousel_elementor_d25b210 .team_member_carousel_text img{\n  width:auto;\n}\n\n#uc_team_member_carousel_elementor_d25b210 .ue_carousel_item:hover .team_member_carousel_image img{\n  transform:scale(1.1,1.1);\n}\n\n\n\n<\/style>\n\n<div  style=\"direction:ltr;\">\t\n\t\n   <div class=\"ue_carousel owl-carousel owl-theme uc-items-wrapper\" id=\"uc_team_member_carousel_elementor_d25b210\"  >\n   \t\t\n\n\n\n\n<div class=\"ue_carousel_item ue-item ue-carousel-item\">\n    \n    <div class=\"team_member_carousel_image\">\n    <div class=\"team_member_carousel_image_container\">       \n       <a class=\"team_member_carousel_image-link\" >\n         <img loading=\"lazy\" decoding=\"async\" src=\"https:\/\/kinderinseln-berlin-nord.de\/wp-content\/uploads\/2026\/07\/Kerstin-Kraus_Paedagogische-Fachberatung.jpg\" alt=\"Kerstin Kraus_P\u00e4dagogische Fachberatung\"  width=\"300\" height=\"300\">\n      \t <div class=\"team_member_carousel_image_overlay\">         \n          \t\n          \t\n                            <\/div> \n      <\/a>         \n    <\/div>\n  <\/div>\n    \n  <div class=\"team_member_carousel_content\">\n    <div class=\"team_member_carousel_title\">Kerstin Kraus<\/div>\t\n    <div class=\"team_member_carousel_subtitle\"><\/div>\t\n            <div class=\"team_member_carousel_text\"><p class=\"hasUnderline\"><span style=\"text-decoration: underline;\"><strong>Profesjonalne doradztwo pedagogiczne<\/strong><\/span><\/p><p><em>\u201eNichts macht einen zarteren und tieferen Eindruck auf den Geist des Menschen als das Beispiel.\u201c<\/em> (John Locke)<\/p><p>Kerstin begleitet unsere Kitas dabei, gute Bildungs- und Betreuungsqualit\u00e4t im Alltag umzusetzen und weiterzuentwickeln. Sie unterst\u00fctzt die Teams bei p\u00e4dagogischen Fragen, Konzepten, Fortbildungen und in besonderen Situationen. So sorgt sie mit daf\u00fcr, dass jede Einrichtung fachlich gut beraten ist und die Kinder verl\u00e4sslich, achtsam und professionell betreut werden.<\/p><\/div>    \t\n    \t\n          <\/div>\n  \n<\/div>\n\n   <\/div>\t\n<\/div>\n<!-- end Team Member Carousel -->\t\t\t\t<\/div>\n\t\t\t\t<\/div>\n\t\t\t\t\t<\/div>\n\t\t<\/div>\n\t\t\t\t\t<\/div>\n\t\t<\/section>\n\t\t\t\t<section class=\"elementor-section elementor-top-section elementor-element elementor-element-9a86d5a elementor-section-boxed elementor-section-height-default elementor-section-height-default\" data-id=\"9a86d5a\" data-element_type=\"section\" data-e-type=\"section\" data-settings=\"{&quot;background_background&quot;:&quot;classic&quot;,&quot;_ha_eqh_enable&quot;:false}\">\n\t\t\t\t\t\t<div class=\"elementor-container elementor-column-gap-default\">\n\t\t\t\t\t<div class=\"elementor-column elementor-col-100 elementor-top-column elementor-element elementor-element-7a8d3aa\" data-id=\"7a8d3aa\" data-element_type=\"column\" data-e-type=\"column\">\n\t\t\t<div class=\"elementor-widget-wrap elementor-element-populated\">\n\t\t\t\t\t\t<div class=\"elementor-element elementor-element-4e6e44b elementor-widget elementor-widget-menu-anchor\" data-id=\"4e6e44b\" data-element_type=\"widget\" data-e-type=\"widget\" data-widget_type=\"menu-anchor.default\">\n\t\t\t\t\t\t\t<div class=\"elementor-menu-anchor\" id=\"fachliches\"><\/div>\n\t\t\t\t\t\t<\/div>\n\t\t\t\t<div class=\"elementor-element elementor-element-3e5de55 elementor-widget__width-initial elementor-widget-laptop__width-initial elementor-widget elementor-widget-heading\" data-id=\"3e5de55\" data-element_type=\"widget\" data-e-type=\"widget\" data-widget_type=\"heading.default\">\n\t\t\t\t\t<h2 class=\"elementor-heading-title elementor-size-default\">Specjalistyczne artyku\u0142y pedagogiczne i aktualno\u015bci<\/h2>\t\t\t\t<\/div>\n\t\t\t\t<div class=\"elementor-element elementor-element-ebb7197 elementor-grid-eael-col-3 elementor-grid-tablet-eael-col-2 elementor-grid-mobile-eael-col-1 elementor-widget elementor-widget-eael-post-grid\" data-id=\"ebb7197\" data-element_type=\"widget\" data-e-type=\"widget\" data-settings=\"{&quot;eael_post_grid_columns&quot;:&quot;eael-col-3&quot;,&quot;eael_post_grid_columns_tablet&quot;:&quot;eael-col-2&quot;,&quot;eael_post_grid_columns_mobile&quot;:&quot;eael-col-1&quot;}\" data-widget_type=\"eael-post-grid.default\">\n\t\t\t\t\t<div id=\"eael-post-grid-ebb7197\" class=\"eael-post-grid-container\">\n            <div class=\"eael-post-grid eael-post-appender eael-post-appender-ebb7197 eael-post-grid-style-two\" data-layout-mode=\"masonry\"><article class=\"eael-grid-post  eael-post-grid-column eael-pg-post-1391 category-fachbeitraege\" data-id=\"1391\">\n    <div class=\"eael-grid-post-holder\">\n        <div class=\"eael-grid-post-holder-inner\"><div class=\"eael-entry-media\"><div class=\"eael-entry-overlay fade-in\"><i class=\"fas fa-long-arrow-alt-right\" aria-hidden=\"true\"><\/i><a href=\"https:\/\/kinderinseln-berlin-nord.de\/pl\/2026\/05\/26\/gewaltfrei-erziehen\/\"><\/a><\/div><div class=\"eael-entry-thumbnail\">\n                            <img loading=\"lazy\" decoding=\"async\" width=\"300\" height=\"225\" src=\"https:\/\/kinderinseln-berlin-nord.de\/wp-content\/uploads\/2026\/05\/Gewaltfrei-erziehen_Kinder-Beziehungen_Kita-Blog_Frau-mit-Kind-300x225.jpg\" class=\"attachment-medium size-medium wp-image-2737\" alt=\"\" srcset=\"https:\/\/kinderinseln-berlin-nord.de\/wp-content\/uploads\/2026\/05\/Gewaltfrei-erziehen_Kinder-Beziehungen_Kita-Blog_Frau-mit-Kind-300x225.jpg 300w, https:\/\/kinderinseln-berlin-nord.de\/wp-content\/uploads\/2026\/05\/Gewaltfrei-erziehen_Kinder-Beziehungen_Kita-Blog_Frau-mit-Kind-1024x768.jpg 1024w, https:\/\/kinderinseln-berlin-nord.de\/wp-content\/uploads\/2026\/05\/Gewaltfrei-erziehen_Kinder-Beziehungen_Kita-Blog_Frau-mit-Kind-768x576.jpg 768w, https:\/\/kinderinseln-berlin-nord.de\/wp-content\/uploads\/2026\/05\/Gewaltfrei-erziehen_Kinder-Beziehungen_Kita-Blog_Frau-mit-Kind-16x12.jpg 16w, https:\/\/kinderinseln-berlin-nord.de\/wp-content\/uploads\/2026\/05\/Gewaltfrei-erziehen_Kinder-Beziehungen_Kita-Blog_Frau-mit-Kind.jpg 1280w\" sizes=\"(max-width: 300px) 100vw, 300px\" \/>\n                            <\/div>\n                    <\/div><div class=\"eael-entry-wrapper\"><header class=\"eael-entry-header\"><h3 class=\"eael-entry-title\"><a class=\"eael-grid-post-link\" href=\"https:\/\/kinderinseln-berlin-nord.de\/pl\/2026\/05\/26\/gewaltfrei-erziehen\/\" title=\"Gewaltfrei erziehen \u2013 warum Kinder starke Beziehungen brauchen\">Gewaltfrei erziehen \u2013 warum Kinder starke Beziehungen brauchen<\/a><\/h3><\/header><div class=\"eael-entry-content\">\n                                <div class=\"eael-grid-post-excerpt\"><p>Kinder haben das Recht, ohne k\u00f6rperliche oder seelische Gewalt aufzuwachsen....<\/p><\/div>\n                            <\/div><\/div><\/div>\n    <\/div>\n<\/article><article class=\"eael-grid-post  eael-post-grid-column eael-pg-post-1393 category-fachbeitraege\" data-id=\"1393\">\n    <div class=\"eael-grid-post-holder\">\n        <div class=\"eael-grid-post-holder-inner\"><div class=\"eael-entry-media\"><div class=\"eael-entry-overlay fade-in\"><i class=\"fas fa-long-arrow-alt-right\" aria-hidden=\"true\"><\/i><a href=\"https:\/\/kinderinseln-berlin-nord.de\/pl\/2026\/05\/26\/kita-mahlzeiten-essen\/\"><\/a><\/div><div class=\"eael-entry-thumbnail\">\n                            <img loading=\"lazy\" decoding=\"async\" width=\"300\" height=\"225\" src=\"https:\/\/kinderinseln-berlin-nord.de\/wp-content\/uploads\/2026\/05\/Mehr-als-nur-Essen-\u2013-Warum-Mahlzeiten-in-der-Kita-so-wichtig-sind_Blogpost-300x225.jpg\" class=\"attachment-medium size-medium wp-image-2735\" alt=\"\" srcset=\"https:\/\/kinderinseln-berlin-nord.de\/wp-content\/uploads\/2026\/05\/Mehr-als-nur-Essen-\u2013-Warum-Mahlzeiten-in-der-Kita-so-wichtig-sind_Blogpost-300x225.jpg 300w, https:\/\/kinderinseln-berlin-nord.de\/wp-content\/uploads\/2026\/05\/Mehr-als-nur-Essen-\u2013-Warum-Mahlzeiten-in-der-Kita-so-wichtig-sind_Blogpost-1024x768.jpg 1024w, https:\/\/kinderinseln-berlin-nord.de\/wp-content\/uploads\/2026\/05\/Mehr-als-nur-Essen-\u2013-Warum-Mahlzeiten-in-der-Kita-so-wichtig-sind_Blogpost-768x576.jpg 768w, https:\/\/kinderinseln-berlin-nord.de\/wp-content\/uploads\/2026\/05\/Mehr-als-nur-Essen-\u2013-Warum-Mahlzeiten-in-der-Kita-so-wichtig-sind_Blogpost-16x12.jpg 16w, https:\/\/kinderinseln-berlin-nord.de\/wp-content\/uploads\/2026\/05\/Mehr-als-nur-Essen-\u2013-Warum-Mahlzeiten-in-der-Kita-so-wichtig-sind_Blogpost.jpg 1280w\" sizes=\"(max-width: 300px) 100vw, 300px\" \/>\n                            <\/div>\n                    <\/div><div class=\"eael-entry-wrapper\"><header class=\"eael-entry-header\"><h3 class=\"eael-entry-title\"><a class=\"eael-grid-post-link\" href=\"https:\/\/kinderinseln-berlin-nord.de\/pl\/2026\/05\/26\/kita-mahlzeiten-essen\/\" title=\"Mehr als nur Essen \u2013 Warum Mahlzeiten in der Kita so wichtig sind\">Mehr als nur Essen \u2013 Warum Mahlzeiten in der Kita so wichtig sind<\/a><\/h3><\/header><div class=\"eael-entry-content\">\n                                <div class=\"eael-grid-post-excerpt\"><p>Essen in der Kita bedeutet weit mehr als satt zu...<\/p><\/div>\n                            <\/div><\/div><\/div>\n    <\/div>\n<\/article><article class=\"eael-grid-post  eael-post-grid-column eael-pg-post-1389 category-fachbeitraege\" data-id=\"1389\">\n    <div class=\"eael-grid-post-holder\">\n        <div class=\"eael-grid-post-holder-inner\"><div class=\"eael-entry-media\"><div class=\"eael-entry-overlay fade-in\"><i class=\"fas fa-long-arrow-alt-right\" aria-hidden=\"true\"><\/i><a href=\"https:\/\/kinderinseln-berlin-nord.de\/pl\/2026\/05\/26\/kita-mitagsschlaf\/\"><\/a><\/div><div class=\"eael-entry-thumbnail\">\n                            <img loading=\"lazy\" decoding=\"async\" width=\"300\" height=\"225\" src=\"https:\/\/kinderinseln-berlin-nord.de\/wp-content\/uploads\/2026\/05\/Schlafen-und-Nickerchen-im-Kindergarten_Blogpost-300x225.jpg\" class=\"attachment-medium size-medium wp-image-2738\" alt=\"\" srcset=\"https:\/\/kinderinseln-berlin-nord.de\/wp-content\/uploads\/2026\/05\/Schlafen-und-Nickerchen-im-Kindergarten_Blogpost-300x225.jpg 300w, https:\/\/kinderinseln-berlin-nord.de\/wp-content\/uploads\/2026\/05\/Schlafen-und-Nickerchen-im-Kindergarten_Blogpost-1024x768.jpg 1024w, https:\/\/kinderinseln-berlin-nord.de\/wp-content\/uploads\/2026\/05\/Schlafen-und-Nickerchen-im-Kindergarten_Blogpost-768x576.jpg 768w, https:\/\/kinderinseln-berlin-nord.de\/wp-content\/uploads\/2026\/05\/Schlafen-und-Nickerchen-im-Kindergarten_Blogpost-16x12.jpg 16w, https:\/\/kinderinseln-berlin-nord.de\/wp-content\/uploads\/2026\/05\/Schlafen-und-Nickerchen-im-Kindergarten_Blogpost.jpg 1280w\" sizes=\"(max-width: 300px) 100vw, 300px\" \/>\n                            <\/div>\n                    <\/div><div class=\"eael-entry-wrapper\"><header class=\"eael-entry-header\"><h3 class=\"eael-entry-title\"><a class=\"eael-grid-post-link\" href=\"https:\/\/kinderinseln-berlin-nord.de\/pl\/2026\/05\/26\/kita-mitagsschlaf\/\" title=\"Mittagsschl\u00e4fchen in der KiTa\">Mittagsschl\u00e4fchen in der KiTa<\/a><\/h3><\/header><div class=\"eael-entry-content\">\n                                <div class=\"eael-grid-post-excerpt\"><p>Schlaf ist f\u00fcr die gesunde Entwicklung von Kleinkindern besonders wichtig....<\/p><\/div>\n                            <\/div><\/div><\/div>\n    <\/div>\n<\/article><\/div>\n            <div class=\"clearfix\"><\/div>\n        <\/div>\t\t\t\t<\/div>\n\t\t\t\t\t<\/div>\n\t\t<\/div>\n\t\t\t\t\t<\/div>\n\t\t<\/section>\n\t\t\t\t<section class=\"elementor-section elementor-top-section elementor-element elementor-element-2597ffb elementor-section-boxed elementor-section-height-default elementor-section-height-default\" data-id=\"2597ffb\" data-element_type=\"section\" data-e-type=\"section\" data-settings=\"{&quot;background_background&quot;:&quot;classic&quot;,&quot;shape_divider_top&quot;:&quot;curve&quot;,&quot;shape_divider_top_negative&quot;:&quot;yes&quot;,&quot;_ha_eqh_enable&quot;:false}\">\n\t\t\t\t\t<div class=\"elementor-shape elementor-shape-top\" aria-hidden=\"true\" data-negative=\"true\">\n\t\t\t<svg xmlns=\"http:\/\/www.w3.org\/2000\/svg\" viewbox=\"0 0 1000 100\" preserveaspectratio=\"none\">\n\t<path class=\"elementor-shape-fill\" d=\"M500,97C126.7,96.3,0.8,19.8,0,0v100l1000,0V1C1000,19.4,873.3,97.8,500,97z\"\/>\n<\/svg>\t\t<\/div>\n\t\t\t\t\t<div class=\"elementor-container elementor-column-gap-default\">\n\t\t\t\t\t<div class=\"elementor-column elementor-col-100 elementor-top-column elementor-element elementor-element-d0cdc3d\" data-id=\"d0cdc3d\" data-element_type=\"column\" data-e-type=\"column\">\n\t\t\t<div class=\"elementor-widget-wrap elementor-element-populated\">\n\t\t\t\t\t\t<div class=\"elementor-element elementor-element-0e74b49 elementor-widget elementor-widget-menu-anchor\" data-id=\"0e74b49\" data-element_type=\"widget\" data-e-type=\"widget\" data-widget_type=\"menu-anchor.default\">\n\t\t\t\t\t\t\t<div class=\"elementor-menu-anchor\" id=\"konzept\"><\/div>\n\t\t\t\t\t\t<\/div>\n\t\t\t\t<div class=\"elementor-element elementor-element-2c81757 elementor-widget elementor-widget-menu-anchor\" data-id=\"2c81757\" data-element_type=\"widget\" data-e-type=\"widget\" data-widget_type=\"menu-anchor.default\">\n\t\t\t\t\t\t\t<div class=\"elementor-menu-anchor\" id=\"leitbild\"><\/div>\n\t\t\t\t\t\t<\/div>\n\t\t\t\t<div class=\"elementor-element elementor-element-ace6421 elementor-widget elementor-widget-heading\" data-id=\"ace6421\" data-element_type=\"widget\" data-e-type=\"widget\" data-widget_type=\"heading.default\">\n\t\t\t\t\t<h2 class=\"elementor-heading-title elementor-size-default\">Misja opiekuna<\/h2>\t\t\t\t<\/div>\n\t\t\t\t<div class=\"elementor-element elementor-element-609733b elementor-widget elementor-widget-text-editor\" data-id=\"609733b\" data-element_type=\"widget\" data-e-type=\"widget\" data-widget_type=\"text-editor.default\">\n\t\t\t\t\t\t\t\t\t<p>Jako organizacje ucz\u0105ce si\u0119, nasze dzia\u0142ania i postawy opieramy na demokratycznych warto\u015bciach podstawowych. Powierzone nam dzieci s\u0105 w centrum naszej codziennej pracy. W ten spos\u00f3b wspieramy procesy spo\u0142eczne i godzenie \u017cycia rodzinnego z zawodowym w mikrokosmosie <strong>Dzielnica Berlina Reinickendorf.<\/strong><\/p>\t\t\t\t\t\t\t\t<\/div>\n\t\t\t\t<section class=\"elementor-section elementor-inner-section elementor-element elementor-element-da575af elementor-section-boxed elementor-section-height-default elementor-section-height-default\" data-id=\"da575af\" data-element_type=\"section\" data-e-type=\"section\" data-settings=\"{&quot;background_background&quot;:&quot;classic&quot;,&quot;_ha_eqh_enable&quot;:false}\">\n\t\t\t\t\t\t<div class=\"elementor-container elementor-column-gap-default\">\n\t\t\t\t\t<div data-ha-element-link=\"{&quot;url&quot;:&quot;https:\\\/\\\/kinderinseln-berlin-nord.de\\\/wp-content\\\/uploads\\\/2026\\\/07\\\/26_07_09-Leitbild-KBN.pdf&quot;,&quot;is_external&quot;:&quot;&quot;,&quot;nofollow&quot;:&quot;&quot;}\" style=\"cursor: pointer\" class=\"elementor-column elementor-col-100 elementor-inner-column elementor-element elementor-element-ddfb88f premium-wrapper-link-yes\" data-id=\"ddfb88f\" data-element_type=\"column\" data-e-type=\"column\" data-settings=\"{&quot;background_background&quot;:&quot;classic&quot;}\">\n\t\t\t<div class=\"elementor-widget-wrap elementor-element-populated\">\n\t\t\t\t\t\t<div class=\"elementor-element elementor-element-de1f55d elementor-widget elementor-widget-heading\" data-id=\"de1f55d\" data-element_type=\"widget\" data-e-type=\"widget\" data-widget_type=\"heading.default\">\n\t\t\t\t\t<h5 class=\"elementor-heading-title elementor-size-default\">Herunterladen<\/h5>\t\t\t\t<\/div>\n\t\t\t\t<div class=\"elementor-element elementor-element-36742d8 elementor-widget elementor-widget-image\" data-id=\"36742d8\" data-element_type=\"widget\" data-e-type=\"widget\" data-widget_type=\"image.default\">\n\t\t\t\t\t\t\t\t\t\t\t\t\t\t\t<img loading=\"lazy\" decoding=\"async\" width=\"654\" height=\"602\" src=\"https:\/\/kinderinseln-berlin-nord.de\/wp-content\/uploads\/2026\/04\/ICONS-KINDERINSELN-1.png\" class=\"attachment-large size-large wp-image-580\" alt=\"\" srcset=\"https:\/\/kinderinseln-berlin-nord.de\/wp-content\/uploads\/2026\/04\/ICONS-KINDERINSELN-1.png 654w, https:\/\/kinderinseln-berlin-nord.de\/wp-content\/uploads\/2026\/04\/ICONS-KINDERINSELN-1-300x276.png 300w\" sizes=\"(max-width: 654px) 100vw, 654px\" \/>\t\t\t\t\t\t\t\t\t\t\t\t\t\t\t<\/div>\n\t\t\t\t\t<\/div>\n\t\t<\/div>\n\t\t\t\t\t<\/div>\n\t\t<\/section>\n\t\t\t\t\t<\/div>\n\t\t<\/div>\n\t\t\t\t\t<\/div>\n\t\t<\/section>\n\t\t\t\t<section class=\"elementor-section elementor-top-section elementor-element elementor-element-7721c47 elementor-section-boxed elementor-section-height-default elementor-section-height-default\" data-id=\"7721c47\" data-element_type=\"section\" data-e-type=\"section\" data-settings=\"{&quot;background_background&quot;:&quot;classic&quot;,&quot;shape_divider_top&quot;:&quot;waves&quot;,&quot;shape_divider_bottom&quot;:&quot;waves&quot;,&quot;_ha_eqh_enable&quot;:false}\">\n\t\t\t\t\t\t\t<div class=\"elementor-background-overlay\"><\/div>\n\t\t\t\t\t\t<div class=\"elementor-shape elementor-shape-top\" aria-hidden=\"true\" data-negative=\"false\">\n\t\t\t<svg xmlns=\"http:\/\/www.w3.org\/2000\/svg\" viewbox=\"0 0 1000 100\" preserveaspectratio=\"none\">\n\t<path class=\"elementor-shape-fill\" d=\"M421.9,6.5c22.6-2.5,51.5,0.4,75.5,5.3c23.6,4.9,70.9,23.5,100.5,35.7c75.8,32.2,133.7,44.5,192.6,49.7\tc23.6,2.1,48.7,3.5,103.4-2.5c54.7-6,106.2-25.6,106.2-25.6V0H0v30.3c0,0,72,32.6,158.4,30.5c39.2-0.7,92.8-6.7,134-22.4\tc21.2-8.1,52.2-18.2,79.7-24.2C399.3,7.9,411.6,7.5,421.9,6.5z\"\/>\n<\/svg>\t\t<\/div>\n\t\t\t\t<div class=\"elementor-shape elementor-shape-bottom\" aria-hidden=\"true\" data-negative=\"false\">\n\t\t\t<svg xmlns=\"http:\/\/www.w3.org\/2000\/svg\" viewbox=\"0 0 1000 100\" preserveaspectratio=\"none\">\n\t<path class=\"elementor-shape-fill\" d=\"M421.9,6.5c22.6-2.5,51.5,0.4,75.5,5.3c23.6,4.9,70.9,23.5,100.5,35.7c75.8,32.2,133.7,44.5,192.6,49.7\tc23.6,2.1,48.7,3.5,103.4-2.5c54.7-6,106.2-25.6,106.2-25.6V0H0v30.3c0,0,72,32.6,158.4,30.5c39.2-0.7,92.8-6.7,134-22.4\tc21.2-8.1,52.2-18.2,79.7-24.2C399.3,7.9,411.6,7.5,421.9,6.5z\"\/>\n<\/svg>\t\t<\/div>\n\t\t\t\t\t<div class=\"elementor-container elementor-column-gap-default\">\n\t\t\t\t\t<div class=\"elementor-column elementor-col-100 elementor-top-column elementor-element elementor-element-481b095\" data-id=\"481b095\" data-element_type=\"column\" data-e-type=\"column\">\n\t\t\t<div class=\"elementor-widget-wrap elementor-element-populated\">\n\t\t\t\t\t\t<div class=\"elementor-element elementor-element-6e64f96 elementor-widget elementor-widget-spacer\" data-id=\"6e64f96\" data-element_type=\"widget\" data-e-type=\"widget\" data-widget_type=\"spacer.default\">\n\t\t\t\t\t\t\t<div class=\"elementor-spacer\">\n\t\t\t<div class=\"elementor-spacer-inner\"><\/div>\n\t\t<\/div>\n\t\t\t\t\t\t<\/div>\n\t\t\t\t<div class=\"elementor-element elementor-element-e137727 elementor-widget elementor-widget-heading\" data-id=\"e137727\" data-element_type=\"widget\" data-e-type=\"widget\" data-widget_type=\"heading.default\">\n\t\t\t\t\t<h2 class=\"elementor-heading-title elementor-size-default\">\u201eDie Einrichtungen der Kinderinseln Berlin Nord sind die richtige Anlaufstelle f\u00fcr Eltern in Reinickendorf\u201c<\/h2>\t\t\t\t<\/div>\n\t\t\t\t\t<\/div>\n\t\t<\/div>\n\t\t\t\t\t<\/div>\n\t\t<\/section>\n\t\t\t\t<section class=\"elementor-section elementor-top-section elementor-element elementor-element-ccb883d elementor-section-full_width elementor-section-height-default elementor-section-height-default\" data-id=\"ccb883d\" data-element_type=\"section\" data-e-type=\"section\" data-settings=\"{&quot;background_background&quot;:&quot;classic&quot;,&quot;_ha_eqh_enable&quot;:false}\">\n\t\t\t\t\t\t<div class=\"elementor-container elementor-column-gap-default\">\n\t\t\t\t\t<div class=\"elementor-column elementor-col-100 elementor-top-column elementor-element elementor-element-66633a1\" data-id=\"66633a1\" data-element_type=\"column\" data-e-type=\"column\">\n\t\t\t<div class=\"elementor-widget-wrap elementor-element-populated\">\n\t\t\t\t\t\t<div class=\"elementor-element elementor-element-082c45e elementor-widget elementor-widget-menu-anchor\" data-id=\"082c45e\" data-element_type=\"widget\" data-e-type=\"widget\" data-widget_type=\"menu-anchor.default\">\n\t\t\t\t\t\t\t<div class=\"elementor-menu-anchor\" id=\"einrichtungen\"><\/div>\n\t\t\t\t\t\t<\/div>\n\t\t\t\t<div class=\"elementor-element elementor-element-9eb4f68 elementor-widget elementor-widget-heading\" data-id=\"9eb4f68\" data-element_type=\"widget\" data-e-type=\"widget\" data-widget_type=\"heading.default\">\n\t\t\t\t\t<h2 class=\"elementor-heading-title elementor-size-default\">Nasze obiekty<\/h2>\t\t\t\t<\/div>\n\t\t\t\t<div class=\"elementor-element elementor-element-ddf6169 elementor-widget elementor-widget-menu-anchor\" data-id=\"ddf6169\" data-element_type=\"widget\" data-e-type=\"widget\" data-widget_type=\"menu-anchor.default\">\n\t\t\t\t\t\t\t<div class=\"elementor-menu-anchor\" id=\"einrichtungen\"><\/div>\n\t\t\t\t\t\t<\/div>\n\t\t\t\t<section class=\"elementor-section elementor-inner-section elementor-element elementor-element-f31407d elementor-section-full_width elementor-section-height-default elementor-section-height-default\" data-id=\"f31407d\" data-element_type=\"section\" data-e-type=\"section\" data-settings=\"{&quot;_ha_eqh_enable&quot;:false}\">\n\t\t\t\t\t\t<div class=\"elementor-container elementor-column-gap-default\">\n\t\t\t\t\t<div class=\"elementor-column elementor-col-33 elementor-inner-column elementor-element elementor-element-280e7e1\" data-id=\"280e7e1\" data-element_type=\"column\" data-e-type=\"column\" data-settings=\"{&quot;background_background&quot;:&quot;classic&quot;}\">\n\t\t\t<div class=\"elementor-widget-wrap elementor-element-populated\">\n\t\t\t\t\t\t<div class=\"elementor-element elementor-element-cdd916f elementor-position-top elementor-widget elementor-widget-image-box\" data-id=\"cdd916f\" data-element_type=\"widget\" data-e-type=\"widget\" data-widget_type=\"image-box.default\">\n\t\t\t\t\t<div class=\"elementor-image-box-wrapper\"><figure class=\"elementor-image-box-img\"><img loading=\"lazy\" decoding=\"async\" width=\"790\" height=\"210\" src=\"https:\/\/kinderinseln-berlin-nord.de\/wp-content\/uploads\/2026\/05\/Logos_Kinderinseln_WEISSE-STADT-790-x-250-px.png\" class=\"attachment-full size-full wp-image-1570\" alt=\"\" srcset=\"https:\/\/kinderinseln-berlin-nord.de\/wp-content\/uploads\/2026\/05\/Logos_Kinderinseln_WEISSE-STADT-790-x-250-px.png 790w, https:\/\/kinderinseln-berlin-nord.de\/wp-content\/uploads\/2026\/05\/Logos_Kinderinseln_WEISSE-STADT-790-x-250-px-300x80.png 300w, https:\/\/kinderinseln-berlin-nord.de\/wp-content\/uploads\/2026\/05\/Logos_Kinderinseln_WEISSE-STADT-790-x-250-px-768x204.png 768w\" sizes=\"(max-width: 790px) 100vw, 790px\" \/><\/figure><div class=\"elementor-image-box-content\"><p class=\"elementor-image-box-description\">Aroser Allee 153c, 13407 Berlin<br>Telefon: 030 \/ 239 822 87<\/p><\/div><\/div>\t\t\t\t<\/div>\n\t\t\t\t<div class=\"elementor-element elementor-element-75ced61 elementor-align-center elementor-widget elementor-widget-button\" data-id=\"75ced61\" data-element_type=\"widget\" data-e-type=\"widget\" data-widget_type=\"button.default\">\n\t\t\t\t\t\t\t\t\t\t<a class=\"elementor-button elementor-button-link elementor-size-sm\" href=\"https:\/\/kinderinseln-berlin-nord.de\/pl\/kindergarten-weisse-stadt\/\">\n\t\t\t\t\t\t<span class=\"elementor-button-content-wrapper\">\n\t\t\t\t\t\t\t\t\t<span class=\"elementor-button-text\">Zur Kita<\/span>\n\t\t\t\t\t<\/span>\n\t\t\t\t\t<\/a>\n\t\t\t\t\t\t\t\t<\/div>\n\t\t\t\t\t<\/div>\n\t\t<\/div>\n\t\t\t\t<div class=\"elementor-column elementor-col-33 elementor-inner-column elementor-element elementor-element-940bb22\" data-id=\"940bb22\" data-element_type=\"column\" data-e-type=\"column\" data-settings=\"{&quot;background_background&quot;:&quot;classic&quot;}\">\n\t\t\t<div class=\"elementor-widget-wrap elementor-element-populated\">\n\t\t\t\t\t\t<div class=\"elementor-element elementor-element-8d45149 elementor-position-top elementor-widget elementor-widget-image-box\" data-id=\"8d45149\" data-element_type=\"widget\" data-e-type=\"widget\" data-widget_type=\"image-box.default\">\n\t\t\t\t\t<div class=\"elementor-image-box-wrapper\"><figure class=\"elementor-image-box-img\"><img loading=\"lazy\" decoding=\"async\" width=\"790\" height=\"210\" src=\"https:\/\/kinderinseln-berlin-nord.de\/wp-content\/uploads\/2026\/05\/Logos_Kinderinseln_WEISSE-STADT-790-x-250-px-2.png\" class=\"attachment-full size-full wp-image-1573\" alt=\"\" srcset=\"https:\/\/kinderinseln-berlin-nord.de\/wp-content\/uploads\/2026\/05\/Logos_Kinderinseln_WEISSE-STADT-790-x-250-px-2.png 790w, https:\/\/kinderinseln-berlin-nord.de\/wp-content\/uploads\/2026\/05\/Logos_Kinderinseln_WEISSE-STADT-790-x-250-px-2-300x80.png 300w, https:\/\/kinderinseln-berlin-nord.de\/wp-content\/uploads\/2026\/05\/Logos_Kinderinseln_WEISSE-STADT-790-x-250-px-2-768x204.png 768w\" sizes=\"(max-width: 790px) 100vw, 790px\" \/><\/figure><div class=\"elementor-image-box-content\"><p class=\"elementor-image-box-description\">Alt-Reinickendorf 50-51, 13407 Berlin<br>\nTelefon: 030 \/ 983 262 32<\/p><\/div><\/div>\t\t\t\t<\/div>\n\t\t\t\t<div class=\"elementor-element elementor-element-ca6aac9 elementor-align-center elementor-widget elementor-widget-button\" data-id=\"ca6aac9\" data-element_type=\"widget\" data-e-type=\"widget\" data-widget_type=\"button.default\">\n\t\t\t\t\t\t\t\t\t\t<a class=\"elementor-button elementor-button-link elementor-size-sm\" href=\"https:\/\/kinderinseln-berlin-nord.de\/pl\/kindergarten-alt-reinickendorf\/\">\n\t\t\t\t\t\t<span class=\"elementor-button-content-wrapper\">\n\t\t\t\t\t\t\t\t\t<span class=\"elementor-button-text\">Zur Kita<\/span>\n\t\t\t\t\t<\/span>\n\t\t\t\t\t<\/a>\n\t\t\t\t\t\t\t\t<\/div>\n\t\t\t\t\t<\/div>\n\t\t<\/div>\n\t\t\t\t<div class=\"elementor-column elementor-col-33 elementor-inner-column elementor-element elementor-element-496524d\" data-id=\"496524d\" data-element_type=\"column\" data-e-type=\"column\" data-settings=\"{&quot;background_background&quot;:&quot;classic&quot;}\">\n\t\t\t<div class=\"elementor-widget-wrap elementor-element-populated\">\n\t\t\t\t\t\t<div class=\"elementor-element elementor-element-7bd72b7 elementor-position-top elementor-widget elementor-widget-image-box\" data-id=\"7bd72b7\" data-element_type=\"widget\" data-e-type=\"widget\" data-widget_type=\"image-box.default\">\n\t\t\t\t\t<div class=\"elementor-image-box-wrapper\"><figure class=\"elementor-image-box-img\"><img loading=\"lazy\" decoding=\"async\" width=\"790\" height=\"210\" src=\"https:\/\/kinderinseln-berlin-nord.de\/wp-content\/uploads\/2026\/05\/Logos_Kinderinseln_WEISSE-STADT-790-x-250-px-1-1.png\" class=\"attachment-full size-full wp-image-1572\" alt=\"\" srcset=\"https:\/\/kinderinseln-berlin-nord.de\/wp-content\/uploads\/2026\/05\/Logos_Kinderinseln_WEISSE-STADT-790-x-250-px-1-1.png 790w, https:\/\/kinderinseln-berlin-nord.de\/wp-content\/uploads\/2026\/05\/Logos_Kinderinseln_WEISSE-STADT-790-x-250-px-1-1-300x80.png 300w, https:\/\/kinderinseln-berlin-nord.de\/wp-content\/uploads\/2026\/05\/Logos_Kinderinseln_WEISSE-STADT-790-x-250-px-1-1-768x204.png 768w\" sizes=\"(max-width: 790px) 100vw, 790px\" \/><\/figure><div class=\"elementor-image-box-content\"><p class=\"elementor-image-box-description\">Aroser Allee 151, 13407 Berlin<br>\nTelefon: 030 \/ 610 85 086<\/p><\/div><\/div>\t\t\t\t<\/div>\n\t\t\t\t<div class=\"elementor-element elementor-element-0e24f5b elementor-align-center elementor-widget elementor-widget-button\" data-id=\"0e24f5b\" data-element_type=\"widget\" data-e-type=\"widget\" data-widget_type=\"button.default\">\n\t\t\t\t\t\t\t\t\t\t<a class=\"elementor-button elementor-button-link elementor-size-sm\" href=\"https:\/\/kinderinseln-berlin-nord.de\/pl\/kindergarten-aroser-allee\/\">\n\t\t\t\t\t\t<span class=\"elementor-button-content-wrapper\">\n\t\t\t\t\t\t\t\t\t<span class=\"elementor-button-text\">Zur Kita<\/span>\n\t\t\t\t\t<\/span>\n\t\t\t\t\t<\/a>\n\t\t\t\t\t\t\t\t<\/div>\n\t\t\t\t\t<\/div>\n\t\t<\/div>\n\t\t\t\t\t<\/div>\n\t\t<\/section>\n\t\t\t\t\t<\/div>\n\t\t<\/div>\n\t\t\t\t\t<\/div>\n\t\t<\/section>\n\t\t\t\t<section class=\"elementor-section elementor-top-section elementor-element elementor-element-58538db elementor-section-boxed elementor-section-height-default elementor-section-height-default\" data-id=\"58538db\" data-element_type=\"section\" data-e-type=\"section\" data-settings=\"{&quot;background_background&quot;:&quot;classic&quot;,&quot;_ha_eqh_enable&quot;:false}\">\n\t\t\t\t\t\t<div class=\"elementor-container elementor-column-gap-default\">\n\t\t\t\t\t<div class=\"elementor-column elementor-col-50 elementor-top-column elementor-element elementor-element-fdea170\" data-id=\"fdea170\" data-element_type=\"column\" data-e-type=\"column\">\n\t\t\t<div class=\"elementor-widget-wrap elementor-element-populated\">\n\t\t\t\t\t\t<div class=\"elementor-element elementor-element-269b8f2 elementor-widget elementor-widget-wpgmza-map\" data-id=\"269b8f2\" data-element_type=\"widget\" data-e-type=\"widget\" data-widget_type=\"wpgmza-map.default\">\n\t\t\t\t<div class=\"elementor-widget-container\">\n\t\t\t\t\t<div id=\"wpgmza_map_1\" class=\"wpgmza_map wpgmza-auto-center\" style=\"display:block;width:100%;height:400px;overflow:hidden;position:relative;\" data-map-id=\"1\" data-maps-engine=\"leaflet-zerocost\" data-build-engine=\"atlas-novus\" data-shortcode-attributes=\"{&quot;id&quot;:&quot;1&quot;,&quot;zoom&quot;:false,&quot;width&quot;:false,&quot;height&quot;:false,&quot;marker&quot;:false,&quot;classname&quot;:false}\" data-settings=\"{&quot;map_title&quot;:&quot;Standorte Kinderinseln Berlin Reinickendorf&quot;,&quot;map_width&quot;:&quot;100&quot;,&quot;map_height&quot;:&quot;400&quot;,&quot;map_start_lat&quot;:&quot;52.57015201545913&quot;,&quot;map_start_lng&quot;:&quot;13.350814799999998&quot;,&quot;map_start_location&quot;:&quot;45.950464398418106,-109.81550500000003&quot;,&quot;map_start_zoom&quot;:&quot;13&quot;,&quot;default_marker&quot;:&quot;&quot;,&quot;type&quot;:&quot;1&quot;,&quot;alignment&quot;:&quot;4&quot;,&quot;directions_enabled&quot;:&quot;0&quot;,&quot;styling_enabled&quot;:&quot;0&quot;,&quot;styling_json&quot;:&quot;&quot;,&quot;active&quot;:&quot;0&quot;,&quot;kml&quot;:&quot;&quot;,&quot;bicycle&quot;:&quot;0&quot;,&quot;traffic&quot;:&quot;0&quot;,&quot;dbox&quot;:&quot;0&quot;,&quot;dbox_width&quot;:&quot;&quot;,&quot;listmarkers&quot;:&quot;0&quot;,&quot;listmarkers_advanced&quot;:&quot;0&quot;,&quot;filterbycat&quot;:&quot;0&quot;,&quot;ugm_enabled&quot;:&quot;0&quot;,&quot;ugm_category_enabled&quot;:&quot;0&quot;,&quot;fusion&quot;:&quot;&quot;,&quot;map_width_type&quot;:&quot;%&quot;,&quot;map_height_type&quot;:&quot;px&quot;,&quot;mass_marker_support&quot;:&quot;0&quot;,&quot;ugm_access&quot;:&quot;0&quot;,&quot;order_markers_by&quot;:&quot;0&quot;,&quot;order_markers_choice&quot;:&quot;0&quot;,&quot;show_user_location&quot;:&quot;0&quot;,&quot;default_to&quot;:&quot;&quot;,&quot;map_type&quot;:1,&quot;sl_stroke_color&quot;:&quot;&quot;,&quot;sl_fill_color&quot;:&quot;&quot;,&quot;sl_stroke_opacity&quot;:&quot;&quot;,&quot;sl_fill_opacity&quot;:&quot;&quot;,&quot;transport_layer&quot;:false,&quot;action&quot;:&quot;wpgmza_save_map&quot;,&quot;redirect_to&quot;:&quot;\\\/wp-admin\\\/admin-post.php&quot;,&quot;map_id&quot;:&quot;1&quot;,&quot;wpgmza_savemap&quot;:&quot;Save Map&quot;,&quot;http_referer&quot;:&quot;\\\/wp-admin\\\/admin.php?page=wp-google-maps-menu&amp;amp;action=edit&amp;amp;map_id=1&quot;,&quot;wpgmza_id&quot;:&quot;1&quot;,&quot;wpgmza_start_location&quot;:&quot;52.57015201545913,13.350814799999998&quot;,&quot;wpgmza_start_zoom&quot;:&quot;13&quot;,&quot;wpgmza_map_align&quot;:&quot;2&quot;,&quot;store_locator_enabled&quot;:false,&quot;store_locator_distance&quot;:false,&quot;store_locator_search_area&quot;:&quot;radial&quot;,&quot;wpgmza_store_locator_default_radius&quot;:&quot;10&quot;,&quot;store_locator_auto_area_max_zoom&quot;:&quot;&quot;,&quot;wpgmza_store_locator_radius_style&quot;:&quot;legacy&quot;,&quot;store_locator_component_anchor&quot;:&quot;0&quot;,&quot;store_locator_button_style&quot;:&quot;&quot;,&quot;wpgmza_store_locator_bounce&quot;:false,&quot;wpgmza_sl_animation&quot;:null,&quot;store_locator_query_string&quot;:&quot;&quot;,&quot;store_locator_location_placeholder&quot;:&quot;&quot;,&quot;store_locator_default_address&quot;:&quot;&quot;,&quot;store_locator_name_search&quot;:false,&quot;store_locator_name_string&quot;:&quot;&quot;,&quot;store_locator_not_found_message&quot;:&quot;&quot;,&quot;store_locator_show_distance&quot;:false,&quot;store_locator_category&quot;:false,&quot;wpgmza_store_locator_use_their_location&quot;:false,&quot;wpgmza_store_locator_hide_before_search&quot;:false,&quot;store_locator_nearby_searches&quot;:false,&quot;wpgmza_theme_data&quot;:&quot;&quot;,&quot;custom_tile_enabled&quot;:false,&quot;custom_tile_image&quot;:&quot;&quot;,&quot;custom_tile_image_width&quot;:&quot;&quot;,&quot;custom_tile_image_height&quot;:&quot;&quot;,&quot;custom_tile_image_attribution&quot;:&quot;&quot;,&quot;iw_anchor_panel_card&quot;:null,&quot;iw_primary_color&quot;:&quot;#000000&quot;,&quot;iw_accent_color&quot;:&quot;#000000&quot;,&quot;iw_text_color&quot;:&quot;#000000&quot;,&quot;close_infowindow_on_map_click&quot;:false,&quot;marker_share_links&quot;:false,&quot;wpgmza_listmarkers_by&quot;:&quot;0&quot;,&quot;marker_listing_component_anchor&quot;:null,&quot;marker_listing_component_auto_open&quot;:false,&quot;marker_listing_nudge_marker_center&quot;:false,&quot;marker_listing_nudge_x&quot;:&quot;&quot;,&quot;marker_listing_nudge_y&quot;:&quot;&quot;,&quot;category_filter_component_anchor&quot;:null,&quot;category_filter_label_string&quot;:&quot;&quot;,&quot;zoom_level_on_marker_listing_override&quot;:false,&quot;zoom_level_on_marker_listing_click&quot;:&quot;&quot;,&quot;marker_listing_disable_zoom&quot;:false,&quot;dataTable_pagination_style&quot;:null,&quot;datatable_no_result_message&quot;:&quot;&quot;,&quot;remove_search_box_datables&quot;:false,&quot;datatable_search_string&quot;:&quot;&quot;,&quot;datatable_result_start&quot;:&quot;&quot;,&quot;datatable_result_of&quot;:&quot;&quot;,&quot;datatable_result_to&quot;:&quot;&quot;,&quot;datatable_result_total&quot;:&quot;&quot;,&quot;datatable_result_show&quot;:&quot;&quot;,&quot;datatable_result_entries&quot;:&quot;&quot;,&quot;category_legends_enabled&quot;:false,&quot;category_legends_component_anchor&quot;:null,&quot;category_legends_style&quot;:null,&quot;category_legends_label_string&quot;:&quot;&quot;,&quot;jump_to_nearest_marker_on_initialization&quot;:false,&quot;click_open_link&quot;:false,&quot;wpgmza_zoom_on_marker_click&quot;:false,&quot;wpgmza_zoom_on_marker_click_slider&quot;:&quot;&quot;,&quot;enable_marker_labels&quot;:false,&quot;polygon_labels&quot;:false,&quot;disable_polygon_info_windows&quot;:false,&quot;shape_filtering&quot;:false,&quot;fit_maps_bounds_to_markers&quot;:false,&quot;fit_maps_bounds_to_markers_after_filtering&quot;:false,&quot;restrict_map_bounds&quot;:false,&quot;restrict_boundary_corner_a&quot;:&quot;&quot;,&quot;restrict_boundary_corner_b&quot;:&quot;&quot;,&quot;automatically_pan_to_users_location&quot;:false,&quot;enable_user_location_control&quot;:false,&quot;override_users_location_zoom_level&quot;:false,&quot;override_users_location_zoom_levels&quot;:&quot;&quot;,&quot;show_distance_from_location&quot;:false,&quot;map_starts_in_streetview&quot;:false,&quot;map_starts_in_streetview_location&quot;:&quot;&quot;,&quot;map_starts_in_streetview_heading&quot;:&quot;&quot;,&quot;map_starts_in_streetview_pitch&quot;:&quot;&quot;,&quot;map_max_zoom&quot;:&quot;21&quot;,&quot;map_min_zoom&quot;:&quot;0&quot;,&quot;hide_point_of_interest&quot;:false,&quot;enable_scale_control&quot;:false,&quot;disable_lightbox_images&quot;:false,&quot;use_Raw_Jpeg_Coordinates&quot;:false,&quot;enable_marker_ratings&quot;:false,&quot;enable_map_reset_control&quot;:false,&quot;zoom_level_mobile_override_enabled&quot;:false,&quot;zoom_level_mobile_override&quot;:&quot;&quot;,&quot;map_dimensions_mobile_override_enabled&quot;:false,&quot;map_mobile_width&quot;:&quot;100&quot;,&quot;map_mobile_width_type&quot;:&quot;%&quot;,&quot;map_mobile_height&quot;:&quot;200&quot;,&quot;map_mobile_height_type&quot;:&quot;px&quot;,&quot;lazyload_info_window_content&quot;:false,&quot;only_load_markers_within_viewport&quot;:false,&quot;wpgmza_leaflet_tile_filter&quot;:&quot;none&quot;,&quot;id&quot;:1}\" ><\/div>\t\t\t\t<\/div>\n\t\t\t\t<\/div>\n\t\t\t\t\t<\/div>\n\t\t<\/div>\n\t\t\t\t<div class=\"elementor-column elementor-col-50 elementor-top-column elementor-element elementor-element-8bafa23\" data-id=\"8bafa23\" data-element_type=\"column\" data-e-type=\"column\">\n\t\t\t<div class=\"elementor-widget-wrap elementor-element-populated\">\n\t\t\t\t\t\t<div class=\"elementor-element elementor-element-c2b35e9 elementor-widget elementor-widget-heading\" data-id=\"c2b35e9\" data-element_type=\"widget\" data-e-type=\"widget\" data-widget_type=\"heading.default\">\n\t\t\t\t\t<h4 class=\"elementor-heading-title elementor-size-default\">Lokalizacja i rozmieszczenie obiekt\u00f3w<\/h4>\t\t\t\t<\/div>\n\t\t\t\t<div class=\"elementor-element elementor-element-0b9a68a elementor-widget elementor-widget-heading\" data-id=\"0b9a68a\" data-element_type=\"widget\" data-e-type=\"widget\" data-widget_type=\"heading.default\">\n\t\t\t\t\t<h2 class=\"elementor-heading-title elementor-size-default\">Znalezienie odpowiedniego przedszkola w Reinickendorf<\/h2>\t\t\t\t<\/div>\n\t\t\t\t<div class=\"elementor-element elementor-element-b790450 elementor-widget elementor-widget-text-editor\" data-id=\"b790450\" data-element_type=\"widget\" data-e-type=\"widget\" data-widget_type=\"text-editor.default\">\n\t\t\t\t\t\t\t\t\t<p>Dzieci\u0119ce Wyspy znajduj\u0105 si\u0119 w trzech lokalizacjach w Berlin-Reinickendorf.<\/p>\t\t\t\t\t\t\t\t<\/div>\n\t\t\t\t\t<\/div>\n\t\t<\/div>\n\t\t\t\t\t<\/div>\n\t\t<\/section>\n\t\t\t\t<section class=\"elementor-section elementor-top-section elementor-element elementor-element-02683ac elementor-section-boxed elementor-section-height-default elementor-section-height-default\" data-id=\"02683ac\" data-element_type=\"section\" data-e-type=\"section\" data-settings=\"{&quot;background_background&quot;:&quot;classic&quot;,&quot;_ha_eqh_enable&quot;:false}\">\n\t\t\t\t\t\t<div class=\"elementor-container elementor-column-gap-default\">\n\t\t\t\t\t<div class=\"elementor-column elementor-col-100 elementor-top-column elementor-element elementor-element-b96d7a7\" data-id=\"b96d7a7\" data-element_type=\"column\" data-e-type=\"column\">\n\t\t\t<div class=\"elementor-widget-wrap elementor-element-populated\">\n\t\t\t\t\t\t<div class=\"elementor-element elementor-element-34a6c30 elementor-invisible elementor-widget elementor-widget-heading\" data-id=\"34a6c30\" data-element_type=\"widget\" data-e-type=\"widget\" data-settings=\"{&quot;_animation&quot;:&quot;fadeInUp&quot;}\" data-widget_type=\"heading.default\">\n\t\t\t\t\t<h2 class=\"elementor-heading-title elementor-size-default\">Trzy przedszkola w Reinickendorf z pe\u0142nym zaanga\u017cowaniem<\/h2>\t\t\t\t<\/div>\n\t\t\t\t<div class=\"elementor-element elementor-element-8f16ed1 elementor-widget elementor-widget-text-editor\" data-id=\"8f16ed1\" data-element_type=\"widget\" data-e-type=\"widget\" data-widget_type=\"text-editor.default\">\n\t\t\t\t\t\t\t\t\t<p>Professionelle Teams sowie tolle R\u00e4umlichkeiten warten auf Ihr Kind.<\/p>\t\t\t\t\t\t\t\t<\/div>\n\t\t\t\t<div class=\"elementor-element elementor-element-807cb97 elementor-align-left elementor-widget elementor-widget-button\" data-id=\"807cb97\" data-element_type=\"widget\" data-e-type=\"widget\" data-widget_type=\"button.default\">\n\t\t\t\t\t\t\t\t\t\t<a class=\"elementor-button elementor-button-link elementor-size-sm\" href=\"#einrichtungen\">\n\t\t\t\t\t\t<span class=\"elementor-button-content-wrapper\">\n\t\t\t\t\t\t\t\t\t<span class=\"elementor-button-text\">Nasze \u017c\u0142obki<\/span>\n\t\t\t\t\t<\/span>\n\t\t\t\t\t<\/a>\n\t\t\t\t\t\t\t\t<\/div>\n\t\t\t\t\t<\/div>\n\t\t<\/div>\n\t\t\t\t\t<\/div>\n\t\t<\/section>\n\t\t\t\t<section class=\"elementor-section elementor-top-section elementor-element elementor-element-b6a4c1f elementor-section-boxed elementor-section-height-default elementor-section-height-default\" data-id=\"b6a4c1f\" data-element_type=\"section\" data-e-type=\"section\" data-settings=\"{&quot;background_background&quot;:&quot;classic&quot;,&quot;_ha_eqh_enable&quot;:false}\">\n\t\t\t\t\t\t<div class=\"elementor-container elementor-column-gap-default\">\n\t\t\t\t\t<div class=\"elementor-column elementor-col-50 elementor-top-column elementor-element elementor-element-3e587a9\" data-id=\"3e587a9\" data-element_type=\"column\" data-e-type=\"column\">\n\t\t\t<div class=\"elementor-widget-wrap elementor-element-populated\">\n\t\t\t\t\t\t<div class=\"elementor-element elementor-element-cf6a8fe elementor-widget elementor-widget-heading\" data-id=\"cf6a8fe\" data-element_type=\"widget\" data-e-type=\"widget\" data-widget_type=\"heading.default\">\n\t\t\t\t\t<h3 class=\"elementor-heading-title elementor-size-default\">Pomieszczenia<\/h3>\t\t\t\t<\/div>\n\t\t\t\t<div class=\"elementor-element elementor-element-bf27d26 elementor-invisible elementor-widget elementor-widget-heading\" data-id=\"bf27d26\" data-element_type=\"widget\" data-e-type=\"widget\" data-settings=\"{&quot;_animation&quot;:&quot;fadeInUp&quot;}\" data-widget_type=\"heading.default\">\n\t\t\t\t\t<h2 class=\"elementor-heading-title elementor-size-default\">Nasze przedszkola w Reinickendorf od wewn\u0105trz<\/h2>\t\t\t\t<\/div>\n\t\t\t\t<div class=\"elementor-element elementor-element-a129f64 elementor-align-left elementor-widget elementor-widget-button\" data-id=\"a129f64\" data-element_type=\"widget\" data-e-type=\"widget\" data-widget_type=\"button.default\">\n\t\t\t\t\t\t\t\t\t\t<a class=\"elementor-button elementor-button-link elementor-size-sm\" href=\"#einrichtungen\">\n\t\t\t\t\t\t<span class=\"elementor-button-content-wrapper\">\n\t\t\t\t\t\t\t\t\t<span class=\"elementor-button-text\">Nasze \u017c\u0142obki<\/span>\n\t\t\t\t\t<\/span>\n\t\t\t\t\t<\/a>\n\t\t\t\t\t\t\t\t<\/div>\n\t\t\t\t\t<\/div>\n\t\t<\/div>\n\t\t\t\t<div class=\"elementor-column elementor-col-50 elementor-top-column elementor-element elementor-element-e64a653\" data-id=\"e64a653\" data-element_type=\"column\" data-e-type=\"column\">\n\t\t\t<div class=\"elementor-widget-wrap elementor-element-populated\">\n\t\t\t\t\t\t<div class=\"elementor-element elementor-element-780a018 elementor-widget elementor-widget-image\" data-id=\"780a018\" data-element_type=\"widget\" data-e-type=\"widget\" data-widget_type=\"image.default\">\n\t\t\t\t\t\t\t\t\t\t\t\t\t\t\t<img loading=\"lazy\" decoding=\"async\" width=\"1024\" height=\"957\" src=\"https:\/\/kinderinseln-berlin-nord.de\/wp-content\/uploads\/2026\/04\/Untitled-design-3-1024x957.jpg\" class=\"attachment-large size-large wp-image-888\" alt=\"\" srcset=\"https:\/\/kinderinseln-berlin-nord.de\/wp-content\/uploads\/2026\/04\/Untitled-design-3-1024x957.jpg 1024w, https:\/\/kinderinseln-berlin-nord.de\/wp-content\/uploads\/2026\/04\/Untitled-design-3-300x280.jpg 300w, https:\/\/kinderinseln-berlin-nord.de\/wp-content\/uploads\/2026\/04\/Untitled-design-3-768x717.jpg 768w, https:\/\/kinderinseln-berlin-nord.de\/wp-content\/uploads\/2026\/04\/Untitled-design-3.jpg 1290w\" sizes=\"(max-width: 1024px) 100vw, 1024px\" \/>\t\t\t\t\t\t\t\t\t\t\t\t\t\t\t<\/div>\n\t\t\t\t\t<\/div>\n\t\t<\/div>\n\t\t\t\t\t<\/div>\n\t\t<\/section>\n\t\t\t\t<section class=\"elementor-section elementor-top-section elementor-element elementor-element-d35f072 elementor-section-full_width elementor-section-height-default elementor-section-height-default\" data-id=\"d35f072\" data-element_type=\"section\" data-e-type=\"section\" data-settings=\"{&quot;background_background&quot;:&quot;classic&quot;,&quot;shape_divider_top&quot;:&quot;curve&quot;,&quot;shape_divider_top_negative&quot;:&quot;yes&quot;,&quot;_ha_eqh_enable&quot;:false}\">\n\t\t\t\t\t<div class=\"elementor-shape elementor-shape-top\" aria-hidden=\"true\" data-negative=\"true\">\n\t\t\t<svg xmlns=\"http:\/\/www.w3.org\/2000\/svg\" viewbox=\"0 0 1000 100\" preserveaspectratio=\"none\">\n\t<path class=\"elementor-shape-fill\" d=\"M500,97C126.7,96.3,0.8,19.8,0,0v100l1000,0V1C1000,19.4,873.3,97.8,500,97z\"\/>\n<\/svg>\t\t<\/div>\n\t\t\t\t\t<div class=\"elementor-container elementor-column-gap-default\">\n\t\t\t\t\t<div class=\"elementor-column elementor-col-50 elementor-top-column elementor-element elementor-element-70dd7a1\" data-id=\"70dd7a1\" data-element_type=\"column\" data-e-type=\"column\">\n\t\t\t<div class=\"elementor-widget-wrap elementor-element-populated\">\n\t\t\t\t\t\t<div class=\"elementor-element elementor-element-1ed6b72 elementor-widget elementor-widget-menu-anchor\" data-id=\"1ed6b72\" data-element_type=\"widget\" data-e-type=\"widget\" data-widget_type=\"menu-anchor.default\">\n\t\t\t\t\t\t\t<div class=\"elementor-menu-anchor\" id=\"kontakt\"><\/div>\n\t\t\t\t\t\t<\/div>\n\t\t\t\t<div class=\"elementor-element elementor-element-e2ed85d elementor-widget elementor-widget-heading\" data-id=\"e2ed85d\" data-element_type=\"widget\" data-e-type=\"widget\" data-widget_type=\"heading.default\">\n\t\t\t\t\t<h3 class=\"elementor-heading-title elementor-size-default\">Kontakt zu den Kinderinseln Berlin Nord aufnehmen<\/h3>\t\t\t\t<\/div>\n\t\t\t\t<div class=\"elementor-element elementor-element-7dafd6c elementor-invisible elementor-widget elementor-widget-heading\" data-id=\"7dafd6c\" data-element_type=\"widget\" data-e-type=\"widget\" data-settings=\"{&quot;_animation&quot;:&quot;fadeInUp&quot;}\" data-widget_type=\"heading.default\">\n\t\t\t\t\t<h2 class=\"elementor-heading-title elementor-size-default\">INTERESSIERT?<\/h2>\t\t\t\t<\/div>\n\t\t\t\t<div class=\"elementor-element elementor-element-a6b3463 elementor-widget elementor-widget-image\" data-id=\"a6b3463\" data-element_type=\"widget\" data-e-type=\"widget\" data-widget_type=\"image.default\">\n\t\t\t\t\t\t\t\t\t\t\t\t\t\t\t<img loading=\"lazy\" decoding=\"async\" width=\"907\" height=\"83\" src=\"https:\/\/kinderinseln-berlin-nord.de\/wp-content\/uploads\/2026\/03\/Orange-Modern-Online-Business-Pitch-Deck-Presentation-3-e1774701106678.png\" class=\"attachment-large size-large wp-image-77\" alt=\"\" srcset=\"https:\/\/kinderinseln-berlin-nord.de\/wp-content\/uploads\/2026\/03\/Orange-Modern-Online-Business-Pitch-Deck-Presentation-3-e1774701106678.png 907w, https:\/\/kinderinseln-berlin-nord.de\/wp-content\/uploads\/2026\/03\/Orange-Modern-Online-Business-Pitch-Deck-Presentation-3-e1774701106678-300x27.png 300w, https:\/\/kinderinseln-berlin-nord.de\/wp-content\/uploads\/2026\/03\/Orange-Modern-Online-Business-Pitch-Deck-Presentation-3-e1774701106678-768x70.png 768w\" sizes=\"(max-width: 907px) 100vw, 907px\" \/>\t\t\t\t\t\t\t\t\t\t\t\t\t\t\t<\/div>\n\t\t\t\t<div class=\"elementor-element elementor-element-76001c8 elementor-widget__width-initial elementor-widget elementor-widget-text-editor\" data-id=\"76001c8\" data-element_type=\"widget\" data-e-type=\"widget\" data-widget_type=\"text-editor.default\">\n\t\t\t\t\t\t\t\t\t<p>Gern k\u00f6nnen Sie sich initiativ bei uns bewerben oder schauen, ob wir aktuell eine passende Stellenausschreibung in einer unserer Kitas haben.<\/p>\t\t\t\t\t\t\t\t<\/div>\n\t\t\t\t<div class=\"elementor-element elementor-element-951a0b0 elementor-align-left elementor-widget elementor-widget-button\" data-id=\"951a0b0\" data-element_type=\"widget\" data-e-type=\"widget\" data-widget_type=\"button.default\">\n\t\t\t\t\t\t\t\t\t\t<a class=\"elementor-button elementor-button-link elementor-size-sm\" href=\"mailto:bewerbung@kinderinseln-berlin-nord.de\">\n\t\t\t\t\t\t<span class=\"elementor-button-content-wrapper\">\n\t\t\t\t\t\t\t\t\t<span class=\"elementor-button-text\">Jetzt bewerben<\/span>\n\t\t\t\t\t<\/span>\n\t\t\t\t\t<\/a>\n\t\t\t\t\t\t\t\t<\/div>\n\t\t\t\t\t<\/div>\n\t\t<\/div>\n\t\t\t\t<div class=\"elementor-column elementor-col-50 elementor-top-column elementor-element elementor-element-abcef84\" data-id=\"abcef84\" data-element_type=\"column\" data-e-type=\"column\" data-settings=\"{&quot;background_background&quot;:&quot;classic&quot;}\">\n\t\t\t<div class=\"elementor-widget-wrap elementor-element-populated\">\n\t\t\t\t\t\t<div class=\"elementor-element elementor-element-97f7cc6 elementor-widget elementor-widget-image\" data-id=\"97f7cc6\" data-element_type=\"widget\" data-e-type=\"widget\" data-widget_type=\"image.default\">\n\t\t\t\t\t\t\t\t\t\t\t\t\t\t\t<img loading=\"lazy\" decoding=\"async\" width=\"1024\" height=\"683\" src=\"https:\/\/kinderinseln-berlin-nord.de\/wp-content\/uploads\/2026\/05\/Alt-Reincickendorf-Kindergarten_digitales-lernenx-4-1024x683.png\" class=\"attachment-large size-large wp-image-1488\" alt=\"\" srcset=\"https:\/\/kinderinseln-berlin-nord.de\/wp-content\/uploads\/2026\/05\/Alt-Reincickendorf-Kindergarten_digitales-lernenx-4-1024x683.png 1024w, https:\/\/kinderinseln-berlin-nord.de\/wp-content\/uploads\/2026\/05\/Alt-Reincickendorf-Kindergarten_digitales-lernenx-4-300x200.png 300w, https:\/\/kinderinseln-berlin-nord.de\/wp-content\/uploads\/2026\/05\/Alt-Reincickendorf-Kindergarten_digitales-lernenx-4-768x512.png 768w, https:\/\/kinderinseln-berlin-nord.de\/wp-content\/uploads\/2026\/05\/Alt-Reincickendorf-Kindergarten_digitales-lernenx-4-1536x1024.png 1536w, https:\/\/kinderinseln-berlin-nord.de\/wp-content\/uploads\/2026\/05\/Alt-Reincickendorf-Kindergarten_digitales-lernenx-4-2048x1366.png 2048w\" sizes=\"(max-width: 1024px) 100vw, 1024px\" \/>\t\t\t\t\t\t\t\t\t\t\t\t\t\t\t<\/div>\n\t\t\t\t\t<\/div>\n\t\t<\/div>\n\t\t\t\t\t<\/div>\n\t\t<\/section>\n\t\t\t\t<\/div>","protected":false},"excerpt":{"rendered":"<p>Aroser Allee, Alt-Reinickendorf &amp; Wei\u00dfe Stadt Kinderg\u00e4rten in Berlin Reinickendorf Kindertagesst\u00e4tten im Berliner Norden: 3 Kinderinseln, 3 unterschiedlich gelebte Konzepte, [&hellip;]<\/p>\n","protected":false},"author":1,"featured_media":0,"parent":0,"menu_order":0,"comment_status":"closed","ping_status":"closed","template":"elementor_header_footer","meta":{"site-sidebar-layout":"no-sidebar","site-content-layout":"","ast-site-content-layout":"full-width-container","site-content-style":"default","site-sidebar-style":"default","ast-global-header-display":"","ast-banner-title-visibility":"","ast-main-header-display":"","ast-hfb-above-header-display":"","ast-hfb-below-header-display":"","ast-hfb-mobile-header-display":"","site-post-title":"","ast-breadcrumbs-content":"","ast-featured-img":"disabled","footer-sml-layout":"","ast-disable-related-posts":"","theme-transparent-header-meta":"","adv-header-id-meta":"","stick-header-meta":"","header-above-stick-meta":"","header-main-stick-meta":"","header-below-stick-meta":"","astra-migrate-meta-layouts":"default","ast-page-background-enabled":"default","ast-page-background-meta":{"desktop":{"background-color":"var(--ast-global-color-5)","background-image":"","background-repeat":"repeat","background-position":"center center","background-size":"auto","background-attachment":"scroll","background-type":"","background-media":"","overlay-type":"","overlay-color":"","overlay-opacity":"","overlay-gradient":""},"tablet":{"background-color":"","background-image":"","background-repeat":"repeat","background-position":"center center","background-size":"auto","background-attachment":"scroll","background-type":"","background-media":"","overlay-type":"","overlay-color":"","overlay-opacity":"","overlay-gradient":""},"mobile":{"background-color":"","background-image":"","background-repeat":"repeat","background-position":"center center","background-size":"auto","background-attachment":"scroll","background-type":"","background-media":"","overlay-type":"","overlay-color":"","overlay-opacity":"","overlay-gradient":""}},"ast-content-background-meta":{"desktop":{"background-color":"var(--ast-global-color-4)","background-image":"","background-repeat":"repeat","background-position":"center center","background-size":"auto","background-attachment":"scroll","background-type":"","background-media":"","overlay-type":"","overlay-color":"","overlay-opacity":"","overlay-gradient":""},"tablet":{"background-color":"var(--ast-global-color-4)","background-image":"","background-repeat":"repeat","background-position":"center center","background-size":"auto","background-attachment":"scroll","background-type":"","background-media":"","overlay-type":"","overlay-color":"","overlay-opacity":"","overlay-gradient":""},"mobile":{"background-color":"var(--ast-global-color-4)","background-image":"","background-repeat":"repeat","background-position":"center center","background-size":"auto","background-attachment":"scroll","background-type":"","background-media":"","overlay-type":"","overlay-color":"","overlay-opacity":"","overlay-gradient":""}},"footnotes":""},"class_list":["post-103","page","type-page","status-publish","hentry"],"_links":{"self":[{"href":"https:\/\/kinderinseln-berlin-nord.de\/pl\/wp-json\/wp\/v2\/pages\/103","targetHints":{"allow":["GET"]}}],"collection":[{"href":"https:\/\/kinderinseln-berlin-nord.de\/pl\/wp-json\/wp\/v2\/pages"}],"about":[{"href":"https:\/\/kinderinseln-berlin-nord.de\/pl\/wp-json\/wp\/v2\/types\/page"}],"author":[{"embeddable":true,"href":"https:\/\/kinderinseln-berlin-nord.de\/pl\/wp-json\/wp\/v2\/users\/1"}],"replies":[{"embeddable":true,"href":"https:\/\/kinderinseln-berlin-nord.de\/pl\/wp-json\/wp\/v2\/comments?post=103"}],"version-history":[{"count":10,"href":"https:\/\/kinderinseln-berlin-nord.de\/pl\/wp-json\/wp\/v2\/pages\/103\/revisions"}],"predecessor-version":[{"id":2780,"href":"https:\/\/kinderinseln-berlin-nord.de\/pl\/wp-json\/wp\/v2\/pages\/103\/revisions\/2780"}],"wp:attachment":[{"href":"https:\/\/kinderinseln-berlin-nord.de\/pl\/wp-json\/wp\/v2\/media?parent=103"}],"curies":[{"name":"wp","href":"https:\/\/api.w.org\/{rel}","templated":true}]}}