{"id":1008,"date":"2026-05-16T12:01:44","date_gmt":"2026-05-16T10:01:44","guid":{"rendered":"https:\/\/kinderinseln-berlin-nord.de\/?page_id=1008"},"modified":"2026-09-04T13:11:04","modified_gmt":"2026-09-04T11:11:04","slug":"kavram","status":"publish","type":"page","link":"https:\/\/kinderinseln-berlin-nord.de\/tr\/kindergarten-weisse-stadt\/konzept\/","title":{"rendered":"Konzept  &#8211; Weisse Stadt"},"content":{"rendered":"<div data-elementor-type=\"wp-page\" data-elementor-id=\"1008\" class=\"elementor elementor-1008\" data-elementor-settings=\"{&quot;ha_cmc_init_switcher&quot;:&quot;no&quot;}\">\n\t\t\t\t\t\t<section class=\"elementor-section elementor-top-section elementor-element elementor-element-efa93eb elementor-section-boxed elementor-section-height-default elementor-section-height-default\" data-id=\"efa93eb\" data-element_type=\"section\" data-e-type=\"section\" data-settings=\"{&quot;background_background&quot;:&quot;classic&quot;,&quot;shape_divider_bottom&quot;:&quot;waves&quot;,&quot;_ha_eqh_enable&quot;:false}\">\n\t\t\t\t\t<div class=\"elementor-shape elementor-shape-bottom\" aria-hidden=\"true\" data-negative=\"false\">\n\t\t\t<svg xmlns=\"http:\/\/www.w3.org\/2000\/svg\" viewbox=\"0 0 1000 100\" preserveaspectratio=\"none\">\n\t<path class=\"elementor-shape-fill\" d=\"M421.9,6.5c22.6-2.5,51.5,0.4,75.5,5.3c23.6,4.9,70.9,23.5,100.5,35.7c75.8,32.2,133.7,44.5,192.6,49.7\tc23.6,2.1,48.7,3.5,103.4-2.5c54.7-6,106.2-25.6,106.2-25.6V0H0v30.3c0,0,72,32.6,158.4,30.5c39.2-0.7,92.8-6.7,134-22.4\tc21.2-8.1,52.2-18.2,79.7-24.2C399.3,7.9,411.6,7.5,421.9,6.5z\"\/>\n<\/svg>\t\t<\/div>\n\t\t\t\t\t<div class=\"elementor-container elementor-column-gap-default\">\n\t\t\t\t\t<div class=\"elementor-column elementor-col-50 elementor-top-column elementor-element elementor-element-f532dc3\" data-id=\"f532dc3\" data-element_type=\"column\" data-e-type=\"column\">\n\t\t\t<div class=\"elementor-widget-wrap elementor-element-populated\">\n\t\t\t\t\t\t<div class=\"elementor-element elementor-element-455e2af elementor-widget elementor-widget-heading\" data-id=\"455e2af\" data-element_type=\"widget\" data-e-type=\"widget\" data-widget_type=\"heading.default\">\n\t\t\t\t\t<h1 class=\"elementor-heading-title elementor-size-default\">Konseptimiz<\/h1>\t\t\t\t<\/div>\n\t\t\t\t<div class=\"elementor-element elementor-element-704670d elementor-widget elementor-widget-image\" data-id=\"704670d\" data-element_type=\"widget\" data-e-type=\"widget\" data-widget_type=\"image.default\">\n\t\t\t\t\t\t\t\t\t\t\t\t\t\t\t<img fetchpriority=\"high\" decoding=\"async\" width=\"907\" height=\"83\" src=\"https:\/\/kinderinseln-berlin-nord.de\/wp-content\/uploads\/2026\/03\/Orange-Modern-Online-Business-Pitch-Deck-Presentation-3-e1774701106678.png\" class=\"attachment-large size-large wp-image-77\" alt=\"\" srcset=\"https:\/\/kinderinseln-berlin-nord.de\/wp-content\/uploads\/2026\/03\/Orange-Modern-Online-Business-Pitch-Deck-Presentation-3-e1774701106678.png 907w, https:\/\/kinderinseln-berlin-nord.de\/wp-content\/uploads\/2026\/03\/Orange-Modern-Online-Business-Pitch-Deck-Presentation-3-e1774701106678-300x27.png 300w, https:\/\/kinderinseln-berlin-nord.de\/wp-content\/uploads\/2026\/03\/Orange-Modern-Online-Business-Pitch-Deck-Presentation-3-e1774701106678-768x70.png 768w\" sizes=\"(max-width: 907px) 100vw, 907px\" \/>\t\t\t\t\t\t\t\t\t\t\t\t\t\t\t<\/div>\n\t\t\t\t\t<\/div>\n\t\t<\/div>\n\t\t\t\t<div class=\"elementor-column elementor-col-50 elementor-top-column elementor-element elementor-element-c057030\" data-id=\"c057030\" data-element_type=\"column\" data-e-type=\"column\">\n\t\t\t<div class=\"elementor-widget-wrap elementor-element-populated\">\n\t\t\t\t\t\t<div class=\"elementor-element elementor-element-00742bd elementor-widget elementor-widget-image\" data-id=\"00742bd\" data-element_type=\"widget\" data-e-type=\"widget\" data-widget_type=\"image.default\">\n\t\t\t\t\t\t\t\t\t\t\t\t\t\t\t<img decoding=\"async\" width=\"645\" height=\"602\" src=\"https:\/\/kinderinseln-berlin-nord.de\/wp-content\/uploads\/2026\/03\/8.png\" class=\"attachment-large size-large wp-image-134\" alt=\"\" srcset=\"https:\/\/kinderinseln-berlin-nord.de\/wp-content\/uploads\/2026\/03\/8.png 645w, https:\/\/kinderinseln-berlin-nord.de\/wp-content\/uploads\/2026\/03\/8-300x280.png 300w\" sizes=\"(max-width: 645px) 100vw, 645px\" \/>\t\t\t\t\t\t\t\t\t\t\t\t\t\t\t<\/div>\n\t\t\t\t\t<\/div>\n\t\t<\/div>\n\t\t\t\t\t<\/div>\n\t\t<\/section>\n\t\t\t\t<section class=\"elementor-section elementor-top-section elementor-element elementor-element-5624ba8 elementor-section-boxed elementor-section-height-default elementor-section-height-default\" data-id=\"5624ba8\" data-element_type=\"section\" data-e-type=\"section\" data-settings=\"{&quot;shape_divider_bottom&quot;:&quot;waves&quot;,&quot;_ha_eqh_enable&quot;:false}\">\n\t\t\t\t\t<div class=\"elementor-shape elementor-shape-bottom\" aria-hidden=\"true\" data-negative=\"false\">\n\t\t\t<svg xmlns=\"http:\/\/www.w3.org\/2000\/svg\" viewbox=\"0 0 1000 100\" preserveaspectratio=\"none\">\n\t<path class=\"elementor-shape-fill\" d=\"M421.9,6.5c22.6-2.5,51.5,0.4,75.5,5.3c23.6,4.9,70.9,23.5,100.5,35.7c75.8,32.2,133.7,44.5,192.6,49.7\tc23.6,2.1,48.7,3.5,103.4-2.5c54.7-6,106.2-25.6,106.2-25.6V0H0v30.3c0,0,72,32.6,158.4,30.5c39.2-0.7,92.8-6.7,134-22.4\tc21.2-8.1,52.2-18.2,79.7-24.2C399.3,7.9,411.6,7.5,421.9,6.5z\"\/>\n<\/svg>\t\t<\/div>\n\t\t\t\t\t<div class=\"elementor-container elementor-column-gap-default\">\n\t\t\t\t\t<div class=\"elementor-column elementor-col-100 elementor-top-column elementor-element elementor-element-03244cc\" data-id=\"03244cc\" data-element_type=\"column\" data-e-type=\"column\">\n\t\t\t<div class=\"elementor-widget-wrap elementor-element-populated\">\n\t\t\t\t\t\t<div class=\"elementor-element elementor-element-9dc3bb8 elementor-widget elementor-widget-heading\" data-id=\"9dc3bb8\" data-element_type=\"widget\" data-e-type=\"widget\" data-widget_type=\"heading.default\">\n\t\t\t\t\t<h4 class=\"elementor-heading-title elementor-size-default\">Leitbild und Konzeption<\/h4>\t\t\t\t<\/div>\n\t\t\t\t<div class=\"elementor-element elementor-element-c7406fc elementor-widget elementor-widget-heading\" data-id=\"c7406fc\" data-element_type=\"widget\" data-e-type=\"widget\" data-widget_type=\"heading.default\">\n\t\t\t\t\t<h2 class=\"elementor-heading-title elementor-size-default\">\u00d6nemli olanlara bir bak\u0131\u015fta<\/h2>\t\t\t\t<\/div>\n\t\t\t\t<section class=\"elementor-section elementor-inner-section elementor-element elementor-element-17cdf35 elementor-section-full_width elementor-section-height-default elementor-section-height-default\" data-id=\"17cdf35\" data-element_type=\"section\" data-e-type=\"section\" data-settings=\"{&quot;_ha_eqh_enable&quot;:false}\">\n\t\t\t\t\t\t<div class=\"elementor-container elementor-column-gap-default\">\n\t\t\t\t\t<div class=\"elementor-column elementor-col-50 elementor-inner-column elementor-element elementor-element-69986af\" data-id=\"69986af\" data-element_type=\"column\" data-e-type=\"column\" data-settings=\"{&quot;background_background&quot;:&quot;classic&quot;}\">\n\t\t\t<div class=\"elementor-widget-wrap elementor-element-populated\">\n\t\t\t\t\t\t<div class=\"elementor-element elementor-element-934e6f8 elementor-position-top elementor-widget elementor-widget-image-box\" data-id=\"934e6f8\" data-element_type=\"widget\" data-e-type=\"widget\" data-widget_type=\"image-box.default\">\n\t\t\t\t\t<div class=\"elementor-image-box-wrapper\"><figure class=\"elementor-image-box-img\"><img decoding=\"async\" width=\"645\" height=\"602\" src=\"https:\/\/kinderinseln-berlin-nord.de\/wp-content\/uploads\/2026\/03\/5.png\" class=\"attachment-full size-full wp-image-85\" alt=\"\" srcset=\"https:\/\/kinderinseln-berlin-nord.de\/wp-content\/uploads\/2026\/03\/5.png 645w, https:\/\/kinderinseln-berlin-nord.de\/wp-content\/uploads\/2026\/03\/5-300x280.png 300w\" sizes=\"(max-width: 645px) 100vw, 645px\" \/><\/figure><div class=\"elementor-image-box-content\"><h4 class=\"elementor-image-box-title\">P\u00e4dagogische Ausrichtung<\/h4><p class=\"elementor-image-box-description\"><ul style=\"color: white\">\n  <li>Durumsal yakla\u015f\u0131ma g\u00f6re a\u00e7\u0131k ve kat\u0131l\u0131mc\u0131 \u00e7al\u0131\u015fma<\/li>\n  <li>Berlin E\u011fitim Program\u0131nda Oryantasyon<\/li>\n  <li>\u00d6z yeterlilik, kendi kendine yeterlilik ve kat\u0131l\u0131m odakl\u0131l\u0131k<\/li>\n  <li>G\u00fcnl\u00fck Ya\u015fama Entegre Dil, Hareket ve Do\u011fa E\u011fitimi<\/li>\n  <li>Kreativit\u00e4t<\/li>\n<\/ul><\/p><\/div><\/div>\t\t\t\t<\/div>\n\t\t\t\t\t<\/div>\n\t\t<\/div>\n\t\t\t\t<div class=\"elementor-column elementor-col-50 elementor-inner-column elementor-element elementor-element-656e815\" data-id=\"656e815\" data-element_type=\"column\" data-e-type=\"column\" data-settings=\"{&quot;background_background&quot;:&quot;classic&quot;}\">\n\t\t\t<div class=\"elementor-widget-wrap elementor-element-populated\">\n\t\t\t\t\t\t<div class=\"elementor-element elementor-element-b856c7a elementor-position-top elementor-widget elementor-widget-image-box\" data-id=\"b856c7a\" data-element_type=\"widget\" data-e-type=\"widget\" data-widget_type=\"image-box.default\">\n\t\t\t\t\t<div class=\"elementor-image-box-wrapper\"><figure class=\"elementor-image-box-img\"><img loading=\"lazy\" decoding=\"async\" width=\"645\" height=\"602\" src=\"https:\/\/kinderinseln-berlin-nord.de\/wp-content\/uploads\/2026\/03\/7.png\" class=\"attachment-full size-full wp-image-84\" alt=\"\" srcset=\"https:\/\/kinderinseln-berlin-nord.de\/wp-content\/uploads\/2026\/03\/7.png 645w, https:\/\/kinderinseln-berlin-nord.de\/wp-content\/uploads\/2026\/03\/7-300x280.png 300w\" sizes=\"(max-width: 645px) 100vw, 645px\" \/><\/figure><div class=\"elementor-image-box-content\"><h4 class=\"elementor-image-box-title\">Betreuung und Struktur<\/h4><p class=\"elementor-image-box-description\"><ul style=\"color: white\">\n  <li>1-6 ya\u015f aras\u0131 \u00e7ocuklar<\/li>\n  <li>U3 ve ilkokul i\u00e7in yumu\u015fak ge\u00e7i\u015f<\/li>\n  <li>Offene Arbeit mit klar strukturierten Funktionsr\u00e4umen<\/li>\n  <li>Gro\u00dfer Au\u00dfenbereich und gro\u00dfer Sportraum f\u00fcr Bewegung<\/li>\n  <li>Sa\u011fl\u0131kl\u0131 beslenme ve g\u00fcnl\u00fck egzersiz odak noktas\u0131<\/li>\n<\/ul><\/p><\/div><\/div>\t\t\t\t<\/div>\n\t\t\t\t\t<\/div>\n\t\t<\/div>\n\t\t\t\t\t<\/div>\n\t\t<\/section>\n\t\t\t\t<section class=\"elementor-section elementor-inner-section elementor-element elementor-element-39283ae elementor-section-full_width elementor-section-height-default elementor-section-height-default\" data-id=\"39283ae\" data-element_type=\"section\" data-e-type=\"section\" data-settings=\"{&quot;_ha_eqh_enable&quot;:false}\">\n\t\t\t\t\t\t<div class=\"elementor-container elementor-column-gap-default\">\n\t\t\t\t\t<div class=\"elementor-column elementor-col-50 elementor-inner-column elementor-element elementor-element-356cdfe\" data-id=\"356cdfe\" data-element_type=\"column\" data-e-type=\"column\" data-settings=\"{&quot;background_background&quot;:&quot;classic&quot;}\">\n\t\t\t<div class=\"elementor-widget-wrap elementor-element-populated\">\n\t\t\t\t\t\t<div class=\"elementor-element elementor-element-5ece159 elementor-position-top elementor-widget elementor-widget-image-box\" data-id=\"5ece159\" data-element_type=\"widget\" data-e-type=\"widget\" data-widget_type=\"image-box.default\">\n\t\t\t\t\t<div class=\"elementor-image-box-wrapper\"><figure class=\"elementor-image-box-img\"><img loading=\"lazy\" decoding=\"async\" width=\"654\" height=\"602\" src=\"https:\/\/kinderinseln-berlin-nord.de\/wp-content\/uploads\/2026\/04\/ICONS-KINDERINSELN.png\" class=\"attachment-full size-full wp-image-579\" alt=\"\" srcset=\"https:\/\/kinderinseln-berlin-nord.de\/wp-content\/uploads\/2026\/04\/ICONS-KINDERINSELN.png 654w, https:\/\/kinderinseln-berlin-nord.de\/wp-content\/uploads\/2026\/04\/ICONS-KINDERINSELN-300x276.png 300w\" sizes=\"(max-width: 654px) 100vw, 654px\" \/><\/figure><div class=\"elementor-image-box-content\"><h4 class=\"elementor-image-box-title\">A\u011f\u0131rl\u0131k noktalar\u0131<\/h4><p class=\"elementor-image-box-description\"><ul style=\"color: white\">\n  <li>Hareket ve Sa\u011fl\u0131k<\/li>\n  <li>Dil ve \u0130leti\u015fim<\/li>\n  <li>Do\u011fa ve \u00c7evre E\u011fitimi<\/li>\n  <li>Yarat\u0131c\u0131l\u0131k &amp; M\u00fczik<\/li>\n  <li>Matematiksel Temel Deneyimler<\/li>\n<\/ul><\/p><\/div><\/div>\t\t\t\t<\/div>\n\t\t\t\t\t<\/div>\n\t\t<\/div>\n\t\t\t\t<div class=\"elementor-column elementor-col-50 elementor-inner-column elementor-element elementor-element-c2c15b5\" data-id=\"c2c15b5\" data-element_type=\"column\" data-e-type=\"column\" data-settings=\"{&quot;background_background&quot;:&quot;classic&quot;}\">\n\t\t\t<div class=\"elementor-widget-wrap elementor-element-populated\">\n\t\t\t\t\t\t<div class=\"elementor-element elementor-element-50da7c5 elementor-position-top elementor-widget elementor-widget-image-box\" data-id=\"50da7c5\" data-element_type=\"widget\" data-e-type=\"widget\" data-widget_type=\"image-box.default\">\n\t\t\t\t\t<div class=\"elementor-image-box-wrapper\"><figure class=\"elementor-image-box-img\"><img loading=\"lazy\" decoding=\"async\" width=\"645\" height=\"602\" src=\"https:\/\/kinderinseln-berlin-nord.de\/wp-content\/uploads\/2026\/03\/6.png\" class=\"attachment-full size-full wp-image-83\" alt=\"\" srcset=\"https:\/\/kinderinseln-berlin-nord.de\/wp-content\/uploads\/2026\/03\/6.png 645w, https:\/\/kinderinseln-berlin-nord.de\/wp-content\/uploads\/2026\/03\/6-300x280.png 300w\" sizes=\"(max-width: 645px) 100vw, 645px\" \/><\/figure><div class=\"elementor-image-box-content\"><h4 class=\"elementor-image-box-title\">Familienfokus<\/h4><p class=\"elementor-image-box-description\"><ul style=\"color: white\">\n  <li>Ebeveyn E\u011fitim ve Yeti\u015ftirme Ortakl\u0131\u011f\u0131<\/li>\n  <li>Regelm\u00e4\u00dfige Entwicklungsgespr\u00e4che<\/li>\n  <li>G\u00fcnl\u00fck Hayatta A\u00e7\u0131k \u0130leti\u015fim<\/li>\n<\/ul><\/p><\/div><\/div>\t\t\t\t<\/div>\n\t\t\t\t\t<\/div>\n\t\t<\/div>\n\t\t\t\t\t<\/div>\n\t\t<\/section>\n\t\t\t\t\t<\/div>\n\t\t<\/div>\n\t\t\t\t\t<\/div>\n\t\t<\/section>\n\t\t\t\t<section class=\"elementor-section elementor-top-section elementor-element elementor-element-a3c8ca6 elementor-section-boxed elementor-section-height-default elementor-section-height-default\" data-id=\"a3c8ca6\" data-element_type=\"section\" data-e-type=\"section\" data-settings=\"{&quot;background_background&quot;:&quot;classic&quot;,&quot;shape_divider_bottom&quot;:&quot;multi-wave&quot;,&quot;_ha_eqh_enable&quot;:false}\">\n\t\t\t\t\t<div class=\"elementor-shape elementor-shape-bottom\" aria-hidden=\"true\" data-negative=\"false\">\n\t\t\t<svg xmlns=\"http:\/\/www.w3.org\/2000\/svg\" viewbox=\"0 0 4080 400\" preserveaspectratio=\"none\">\n<path class=\"elementor-shape-fill ha-shape-divider\" opacity=\"0.2\" enable-background=\"new    \" d=\"M4080,79.3V0L1179.4,0v79.3c0,0,694.9,437.4,1471.3,275.6\tS3575.7-152.5,4080,79.3z\"\/>\n<path class=\"elementor-shape-fill ha-shape-divider\" opacity=\"0.2\" enable-background=\"new    \" d=\"M2249,79.3V0L0,0l0,79.3c0,0,43.3,437.4,819.8,275.6S1744.7-152.5,2249,79.3z\"\/>\n<path class=\"elementor-shape-fill ha-shape-divider\" opacity=\"0.2\" enable-background=\"new    \" d=\"M2631.6,49.8c0,0-596.3,547.3-1468.8,230.2S0,95.6,0,95.6L0,0l2631.6,0V49.8z\"\/>\n<path class=\"elementor-shape-fill ha-shape-divider\" opacity=\"0.2\" enable-background=\"new    \" d=\"M4080,95.6c0,0-428.4,501.5-1208.9,184.4S1831,95.6,1831,95.6V0l2249,0V95.6z\"\/>\n<path class=\"elementor-shape-fill ha-shape-divider\" d=\"M4080,0v192.6c-392.4,177-703.2,95.6-1075-34.1c-214.6-74.8-508-126-839.1,6.1c-149.2,59.5-447.2,203.4-1026.2,10.8\tC313.2-99.5,0,95.6,0,95.6L0,0l2249,0L4080,0z\"\/>\n<\/svg>\n\t\t<\/div>\n\t\t\t\t\t<div class=\"elementor-container elementor-column-gap-default\">\n\t\t\t\t\t<div class=\"elementor-column elementor-col-100 elementor-top-column elementor-element elementor-element-f717b43\" data-id=\"f717b43\" data-element_type=\"column\" data-e-type=\"column\">\n\t\t\t<div class=\"elementor-widget-wrap elementor-element-populated\">\n\t\t\t\t\t\t<div class=\"elementor-element elementor-element-ad47917 elementor-widget elementor-widget-heading\" data-id=\"ad47917\" data-element_type=\"widget\" data-e-type=\"widget\" data-widget_type=\"heading.default\">\n\t\t\t\t\t<h2 class=\"elementor-heading-title elementor-size-default\">Kim oldu\u011fumuz ve bizim i\u00e7in \u00f6nemli olanlar:<\/h2>\t\t\t\t<\/div>\n\t\t\t\t<div class=\"elementor-element elementor-element-f154f0a elementor-widget elementor-widget-text-editor\" data-id=\"f154f0a\" data-element_type=\"widget\" data-e-type=\"widget\" data-widget_type=\"text-editor.default\">\n\t\t\t\t\t\t\t\t\t<p>Unsere sch\u00f6ne Kita befindet sich inmitten des UNESCO Weltkulturerbes Wei\u00dfe Stadt. Wir sind ausgestattet mit gro\u00dfz\u00fcgigen, hellen R\u00e4umen, in denen jedes Kind seinen Neigungen und Interessen nachgehen kann. Einen besonderen Fokus legen wir auf die musisch-kreative Bildungsarbeit. Egal ob im bildnerischen Gestalten, im gemeinsamen Singen und Musizieren, oder beim Konstruieren: wir schaffen eine vertrauensvolle, lernanregende Atmosph\u00e4re. Unsere p\u00e4dagogischen Angebote sind dabei stets an den Interessen und Entwicklungsbed\u00fcrfnissen der Kinder ausgerichtet. In unserem gro\u00dfen Bewegungsraum haben die Kinder die M\u00f6glichkeit, Parcours zu meistern, in Teamspielen das Gewinnen und Verlieren zu \u00fcben oder den eigenen K\u00f6rper beim Yoga zu sp\u00fcren.<\/p><p>Im Garten wird nicht nur geklettert und gebuddelt, gesprungen und gerannt. Auch das G\u00e4rtnern und Anbauen von Gem\u00fcse ist ein wichtiger Bestandteil unserer Gemeinschaft. Durch gemeinsames Tun erlernen wir alle notwendigen Kompetenzen, die f\u00fcr ein friedliches und demokratisches Miteinander wichtig sind. Unsere Werte gr\u00fcnden sich auf Toleranz und Respekt.<\/p><p>Dabei verstehen wir uns alle als Lernende.<\/p>\t\t\t\t\t\t\t\t<\/div>\n\t\t\t\t\t<\/div>\n\t\t<\/div>\n\t\t\t\t\t<\/div>\n\t\t<\/section>\n\t\t\t\t<section class=\"elementor-section elementor-top-section elementor-element elementor-element-7369680 elementor-section-boxed elementor-section-height-default elementor-section-height-default\" data-id=\"7369680\" data-element_type=\"section\" data-e-type=\"section\" data-settings=\"{&quot;background_background&quot;:&quot;classic&quot;,&quot;_ha_eqh_enable&quot;:false}\">\n\t\t\t\t\t\t<div class=\"elementor-container elementor-column-gap-default\">\n\t\t\t\t\t<div class=\"elementor-column elementor-col-100 elementor-top-column elementor-element elementor-element-dd93e9a\" data-id=\"dd93e9a\" data-element_type=\"column\" data-e-type=\"column\">\n\t\t\t<div class=\"elementor-widget-wrap elementor-element-populated\">\n\t\t\t\t\t\t<div class=\"elementor-element elementor-element-f1a1f15 elementor-widget elementor-widget-heading\" data-id=\"f1a1f15\" data-element_type=\"widget\" data-e-type=\"widget\" data-widget_type=\"heading.default\">\n\t\t\t\t\t<h2 class=\"elementor-heading-title elementor-size-default\">Bunun i\u00e7in ne yap\u0131yoruz<\/h2>\t\t\t\t<\/div>\n\t\t\t\t<div class=\"elementor-element elementor-element-7ad248b elementor-widget elementor-widget-text-editor\" data-id=\"7ad248b\" data-element_type=\"widget\" data-e-type=\"widget\" data-widget_type=\"text-editor.default\">\n\t\t\t\t\t\t\t\t\t<p>In unserer Kita ist jedes Kind willkommen. Unsere p\u00e4dagogischen Fachkr\u00e4fte arbeiten zugewandt und liebevoll und haben jederzeit das Wohl der ihnen anvertrauten Kinder im Blick.<\/p><p>Wir agieren multiprofessionell. In unserem Team gibt es p\u00e4dagogische Fachkr\u00e4fte und Fachkr\u00e4fte f\u00fcr Inklusion und Integration. Wir kooperieren mit Ergotherapeutinnen, die auch in die Einrichtung kommen. In regelm\u00e4\u00dfigen Fortbildungen erweitern wir unser Fachwissen und \u00fcberpr\u00fcfen es auf Alltagstauglichkeit. Wir arbeiten inklusiv: jedes uns anvertraute Kind hat das gleiche Recht auf Begleitung und Bildung in seiner ganz individuellen Lebens- und Entwicklungssituation.<\/p>\t\t\t\t\t\t\t\t<\/div>\n\t\t\t\t\t<\/div>\n\t\t<\/div>\n\t\t\t\t\t<\/div>\n\t\t<\/section>\n\t\t\t\t<section class=\"elementor-section elementor-top-section elementor-element elementor-element-ee0b8be elementor-section-boxed elementor-section-height-default elementor-section-height-default\" data-id=\"ee0b8be\" data-element_type=\"section\" data-e-type=\"section\" data-settings=\"{&quot;background_background&quot;:&quot;classic&quot;,&quot;shape_divider_bottom&quot;:&quot;multi-wave&quot;,&quot;_ha_eqh_enable&quot;:false}\">\n\t\t\t\t\t<div class=\"elementor-shape elementor-shape-bottom\" aria-hidden=\"true\" data-negative=\"false\">\n\t\t\t<svg xmlns=\"http:\/\/www.w3.org\/2000\/svg\" viewbox=\"0 0 4080 400\" preserveaspectratio=\"none\">\n<path class=\"elementor-shape-fill ha-shape-divider\" opacity=\"0.2\" enable-background=\"new    \" d=\"M4080,79.3V0L1179.4,0v79.3c0,0,694.9,437.4,1471.3,275.6\tS3575.7-152.5,4080,79.3z\"\/>\n<path class=\"elementor-shape-fill ha-shape-divider\" opacity=\"0.2\" enable-background=\"new    \" d=\"M2249,79.3V0L0,0l0,79.3c0,0,43.3,437.4,819.8,275.6S1744.7-152.5,2249,79.3z\"\/>\n<path class=\"elementor-shape-fill ha-shape-divider\" opacity=\"0.2\" enable-background=\"new    \" d=\"M2631.6,49.8c0,0-596.3,547.3-1468.8,230.2S0,95.6,0,95.6L0,0l2631.6,0V49.8z\"\/>\n<path class=\"elementor-shape-fill ha-shape-divider\" opacity=\"0.2\" enable-background=\"new    \" d=\"M4080,95.6c0,0-428.4,501.5-1208.9,184.4S1831,95.6,1831,95.6V0l2249,0V95.6z\"\/>\n<path class=\"elementor-shape-fill ha-shape-divider\" d=\"M4080,0v192.6c-392.4,177-703.2,95.6-1075-34.1c-214.6-74.8-508-126-839.1,6.1c-149.2,59.5-447.2,203.4-1026.2,10.8\tC313.2-99.5,0,95.6,0,95.6L0,0l2249,0L4080,0z\"\/>\n<\/svg>\n\t\t<\/div>\n\t\t\t\t\t<div class=\"elementor-container elementor-column-gap-default\">\n\t\t\t\t\t<div class=\"elementor-column elementor-col-100 elementor-top-column elementor-element elementor-element-100620a\" data-id=\"100620a\" data-element_type=\"column\" data-e-type=\"column\" data-settings=\"{&quot;background_background&quot;:&quot;classic&quot;}\">\n\t\t\t<div class=\"elementor-widget-wrap elementor-element-populated\">\n\t\t\t\t\t\t<div class=\"elementor-element elementor-element-51f684d elementor-widget-mobile__width-inherit elementor-invisible elementor-widget elementor-widget-heading\" data-id=\"51f684d\" data-element_type=\"widget\" data-e-type=\"widget\" data-settings=\"{&quot;_animation&quot;:&quot;fadeInUp&quot;}\" data-widget_type=\"heading.default\">\n\t\t\t\t\t<h2 class=\"elementor-heading-title elementor-size-default\">\u0130ndirilenler<\/h2>\t\t\t\t<\/div>\n\t\t\t\t<section class=\"elementor-section elementor-inner-section elementor-element elementor-element-983cbba elementor-section-full_width elementor-section-height-default elementor-section-height-default\" data-id=\"983cbba\" data-element_type=\"section\" data-e-type=\"section\" data-settings=\"{&quot;background_background&quot;:&quot;classic&quot;,&quot;_ha_eqh_enable&quot;:false}\">\n\t\t\t\t\t\t<div class=\"elementor-container elementor-column-gap-default\">\n\t\t\t\t\t<div data-premium-element-link=\"{&quot;type&quot;:&quot;url&quot;,&quot;link&quot;:{&quot;url&quot;:&quot;https:\\\/\\\/kinderinseln-berlin-nord.de\\\/wp-content\\\/uploads\\\/2026\\\/06\\\/Paedagogisches-Konzept-Kinderinsel-Weisse-Stadt-Stand-November-2020-1.pdf&quot;,&quot;is_external&quot;:&quot;&quot;,&quot;nofollow&quot;:&quot;&quot;,&quot;custom_attributes&quot;:&quot;&quot;},&quot;href&quot;:&quot;https:\\\/\\\/kinderinseln-berlin-nord.de\\\/wp-content\\\/uploads\\\/2026\\\/06\\\/Paedagogisches-Konzept-Kinderinsel-Weisse-Stadt-Stand-November-2020-1.pdf&quot;}\" style=\"cursor: pointer\" class=\"elementor-column elementor-col-50 elementor-inner-column elementor-element elementor-element-fca864e premium-wrapper-link-yes\" data-id=\"fca864e\" data-element_type=\"column\" data-e-type=\"column\" data-settings=\"{&quot;background_background&quot;:&quot;classic&quot;}\">\n\t\t\t<div class=\"elementor-widget-wrap elementor-element-populated\">\n\t\t\t\t\t\t<div class=\"elementor-element elementor-element-dec81da elementor-widget elementor-widget-heading\" data-id=\"dec81da\" data-element_type=\"widget\" data-e-type=\"widget\" data-widget_type=\"heading.default\">\n\t\t\t\t\t<h5 class=\"elementor-heading-title elementor-size-default\">Pedagojik<br>Kavramsalla\u015ft\u0131rma<\/h5>\t\t\t\t<\/div>\n\t\t\t\t<div class=\"elementor-element elementor-element-d8cc307 elementor-widget elementor-widget-image\" data-id=\"d8cc307\" data-element_type=\"widget\" data-e-type=\"widget\" data-widget_type=\"image.default\">\n\t\t\t\t\t\t\t\t\t\t\t\t\t\t\t<img loading=\"lazy\" decoding=\"async\" width=\"654\" height=\"602\" src=\"https:\/\/kinderinseln-berlin-nord.de\/wp-content\/uploads\/2026\/04\/ICONS-KINDERINSELN-1.png\" class=\"attachment-large size-large wp-image-580\" alt=\"\" srcset=\"https:\/\/kinderinseln-berlin-nord.de\/wp-content\/uploads\/2026\/04\/ICONS-KINDERINSELN-1.png 654w, https:\/\/kinderinseln-berlin-nord.de\/wp-content\/uploads\/2026\/04\/ICONS-KINDERINSELN-1-300x276.png 300w\" sizes=\"(max-width: 654px) 100vw, 654px\" \/>\t\t\t\t\t\t\t\t\t\t\t\t\t\t\t<\/div>\n\t\t\t\t\t<\/div>\n\t\t<\/div>\n\t\t\t\t<div data-premium-element-link=\"{&quot;type&quot;:&quot;url&quot;,&quot;link&quot;:{&quot;url&quot;:&quot;https:\\\/\\\/kinderinseln-berlin-nord.de\\\/wp-content\\\/uploads\\\/2026\\\/06\\\/Kurzkonzept-Kinderrechte-und-Kinderschutz-2.pdf&quot;,&quot;is_external&quot;:&quot;&quot;,&quot;nofollow&quot;:&quot;&quot;,&quot;custom_attributes&quot;:&quot;&quot;},&quot;href&quot;:&quot;https:\\\/\\\/kinderinseln-berlin-nord.de\\\/wp-content\\\/uploads\\\/2026\\\/06\\\/Kurzkonzept-Kinderrechte-und-Kinderschutz-2.pdf&quot;}\" style=\"cursor: pointer\" class=\"elementor-column elementor-col-50 elementor-inner-column elementor-element elementor-element-4d18d9a premium-wrapper-link-yes\" data-id=\"4d18d9a\" data-element_type=\"column\" data-e-type=\"column\" data-settings=\"{&quot;background_background&quot;:&quot;classic&quot;}\">\n\t\t\t<div class=\"elementor-widget-wrap elementor-element-populated\">\n\t\t\t\t\t\t<div class=\"elementor-element elementor-element-bf07d02 elementor-widget elementor-widget-heading\" data-id=\"bf07d02\" data-element_type=\"widget\" data-e-type=\"widget\" data-widget_type=\"heading.default\">\n\t\t\t\t\t<h5 class=\"elementor-heading-title elementor-size-default\">\u00c7ocuk Haklar\u0131 ve \u00c7ocuk Korumas\u0131na \u0130li\u015fkin K\u0131sa Kavram<\/h5>\t\t\t\t<\/div>\n\t\t\t\t<div class=\"elementor-element elementor-element-74c4066 elementor-widget elementor-widget-image\" data-id=\"74c4066\" data-element_type=\"widget\" data-e-type=\"widget\" data-widget_type=\"image.default\">\n\t\t\t\t\t\t\t\t\t\t\t\t\t\t\t<img loading=\"lazy\" decoding=\"async\" width=\"654\" height=\"602\" src=\"https:\/\/kinderinseln-berlin-nord.de\/wp-content\/uploads\/2026\/04\/ICONS-KINDERINSELN-1.png\" class=\"attachment-large size-large wp-image-580\" alt=\"\" srcset=\"https:\/\/kinderinseln-berlin-nord.de\/wp-content\/uploads\/2026\/04\/ICONS-KINDERINSELN-1.png 654w, https:\/\/kinderinseln-berlin-nord.de\/wp-content\/uploads\/2026\/04\/ICONS-KINDERINSELN-1-300x276.png 300w\" sizes=\"(max-width: 654px) 100vw, 654px\" \/>\t\t\t\t\t\t\t\t\t\t\t\t\t\t\t<\/div>\n\t\t\t\t\t<\/div>\n\t\t<\/div>\n\t\t\t\t\t<\/div>\n\t\t<\/section>\n\t\t\t\t\t<\/div>\n\t\t<\/div>\n\t\t\t\t\t<\/div>\n\t\t<\/section>\n\t\t\t\t<section class=\"elementor-section elementor-top-section elementor-element elementor-element-79cdd07 elementor-section-full_width elementor-section-height-default elementor-section-height-default\" data-id=\"79cdd07\" data-element_type=\"section\" data-e-type=\"section\" data-settings=\"{&quot;background_background&quot;:&quot;classic&quot;,&quot;shape_divider_top&quot;:&quot;curve&quot;,&quot;shape_divider_top_negative&quot;:&quot;yes&quot;,&quot;_ha_eqh_enable&quot;:false}\">\n\t\t\t\t\t<div class=\"elementor-shape elementor-shape-top\" aria-hidden=\"true\" data-negative=\"true\">\n\t\t\t<svg xmlns=\"http:\/\/www.w3.org\/2000\/svg\" viewbox=\"0 0 1000 100\" preserveaspectratio=\"none\">\n\t<path class=\"elementor-shape-fill\" d=\"M500,97C126.7,96.3,0.8,19.8,0,0v100l1000,0V1C1000,19.4,873.3,97.8,500,97z\"\/>\n<\/svg>\t\t<\/div>\n\t\t\t\t\t<div class=\"elementor-container elementor-column-gap-default\">\n\t\t\t\t\t<div class=\"elementor-column elementor-col-50 elementor-top-column elementor-element elementor-element-d935e28\" data-id=\"d935e28\" data-element_type=\"column\" data-e-type=\"column\">\n\t\t\t<div class=\"elementor-widget-wrap elementor-element-populated\">\n\t\t\t\t\t\t<div class=\"elementor-element elementor-element-664cba4 elementor-widget elementor-widget-heading\" data-id=\"664cba4\" data-element_type=\"widget\" data-e-type=\"widget\" data-widget_type=\"heading.default\">\n\t\t\t\t\t<h4 class=\"elementor-heading-title elementor-size-default\">Kontakt<\/h4>\t\t\t\t<\/div>\n\t\t\t\t<div class=\"elementor-element elementor-element-d8cae58 elementor-widget__width-initial elementor-widget-mobile__width-inherit elementor-invisible elementor-widget elementor-widget-heading\" data-id=\"d8cae58\" data-element_type=\"widget\" data-e-type=\"widget\" data-settings=\"{&quot;_animation&quot;:&quot;fadeInUp&quot;}\" data-widget_type=\"heading.default\">\n\t\t\t\t\t<h2 class=\"elementor-heading-title elementor-size-default\">Sorular\u0131n\u0131z var m\u0131?<\/h2>\t\t\t\t<\/div>\n\t\t\t\t<div class=\"elementor-element elementor-element-75147c4 elementor-widget elementor-widget-image\" data-id=\"75147c4\" data-element_type=\"widget\" data-e-type=\"widget\" data-widget_type=\"image.default\">\n\t\t\t\t\t\t\t\t\t\t\t\t\t\t\t<img fetchpriority=\"high\" decoding=\"async\" width=\"907\" height=\"83\" src=\"https:\/\/kinderinseln-berlin-nord.de\/wp-content\/uploads\/2026\/03\/Orange-Modern-Online-Business-Pitch-Deck-Presentation-3-e1774701106678.png\" class=\"attachment-large size-large wp-image-77\" alt=\"\" srcset=\"https:\/\/kinderinseln-berlin-nord.de\/wp-content\/uploads\/2026\/03\/Orange-Modern-Online-Business-Pitch-Deck-Presentation-3-e1774701106678.png 907w, https:\/\/kinderinseln-berlin-nord.de\/wp-content\/uploads\/2026\/03\/Orange-Modern-Online-Business-Pitch-Deck-Presentation-3-e1774701106678-300x27.png 300w, https:\/\/kinderinseln-berlin-nord.de\/wp-content\/uploads\/2026\/03\/Orange-Modern-Online-Business-Pitch-Deck-Presentation-3-e1774701106678-768x70.png 768w\" sizes=\"(max-width: 907px) 100vw, 907px\" \/>\t\t\t\t\t\t\t\t\t\t\t\t\t\t\t<\/div>\n\t\t\t\t<div class=\"elementor-element elementor-element-97323fe elementor-widget__width-initial elementor-widget-mobile__width-inherit elementor-widget elementor-widget-text-editor\" data-id=\"97323fe\" data-element_type=\"widget\" data-e-type=\"widget\" data-widget_type=\"text-editor.default\">\n\t\t\t\t\t\t\t\t\t<p>Yard\u0131mc\u0131 olmaktan memnuniyet duyar\u0131z. Bize ula\u015fman\u0131z veya \u00e7ocu\u011funuzu form ile kaydetmeniz yeterlidir.<\/p>\t\t\t\t\t\t\t\t<\/div>\n\t\t\t\t<div class=\"elementor-element elementor-element-9d31579 elementor-align-left elementor-mobile-align-center elementor-widget elementor-widget-button\" data-id=\"9d31579\" data-element_type=\"widget\" data-e-type=\"widget\" data-widget_type=\"button.default\">\n\t\t\t\t\t\t\t\t\t\t<a class=\"elementor-button elementor-button-link elementor-size-sm elementor-animation-shrink\" href=\"https:\/\/kinderinseln-berlin-nord.de\/tr\/kindergarten-weisse-stadt\/kontakt\/\">\n\t\t\t\t\t\t<span class=\"elementor-button-content-wrapper\">\n\t\t\t\t\t\t\t\t\t<span class=\"elementor-button-text\">FRAGEN STELLEN<\/span>\n\t\t\t\t\t<\/span>\n\t\t\t\t\t<\/a>\n\t\t\t\t\t\t\t\t<\/div>\n\t\t\t\t\t<\/div>\n\t\t<\/div>\n\t\t\t\t<div class=\"elementor-column elementor-col-50 elementor-top-column elementor-element elementor-element-90e72fb\" data-id=\"90e72fb\" data-element_type=\"column\" data-e-type=\"column\" data-settings=\"{&quot;background_background&quot;:&quot;classic&quot;}\">\n\t\t\t<div class=\"elementor-widget-wrap elementor-element-populated\">\n\t\t\t\t\t\t<div class=\"elementor-element elementor-element-ae1fffa elementor-widget elementor-widget-image\" data-id=\"ae1fffa\" data-element_type=\"widget\" data-e-type=\"widget\" data-widget_type=\"image.default\">\n\t\t\t\t\t\t\t\t\t\t\t\t\t\t\t<img loading=\"lazy\" decoding=\"async\" width=\"1024\" height=\"683\" src=\"https:\/\/kinderinseln-berlin-nord.de\/wp-content\/uploads\/2026\/06\/Kita-Kontakt-Berlin-1-1024x683.png\" class=\"attachment-large size-large wp-image-1750\" alt=\"\" srcset=\"https:\/\/kinderinseln-berlin-nord.de\/wp-content\/uploads\/2026\/06\/Kita-Kontakt-Berlin-1-1024x683.png 1024w, https:\/\/kinderinseln-berlin-nord.de\/wp-content\/uploads\/2026\/06\/Kita-Kontakt-Berlin-1-300x200.png 300w, https:\/\/kinderinseln-berlin-nord.de\/wp-content\/uploads\/2026\/06\/Kita-Kontakt-Berlin-1-768x512.png 768w, https:\/\/kinderinseln-berlin-nord.de\/wp-content\/uploads\/2026\/06\/Kita-Kontakt-Berlin-1-1536x1024.png 1536w, https:\/\/kinderinseln-berlin-nord.de\/wp-content\/uploads\/2026\/06\/Kita-Kontakt-Berlin-1-2048x1366.png 2048w\" sizes=\"(max-width: 1024px) 100vw, 1024px\" \/>\t\t\t\t\t\t\t\t\t\t\t\t\t\t\t<\/div>\n\t\t\t\t\t<\/div>\n\t\t<\/div>\n\t\t\t\t\t<\/div>\n\t\t<\/section>\n\t\t\t\t<\/div>","protected":false},"excerpt":{"rendered":"<p>Unser Konzept Leitbild und Konzeption Das wichtigste auf einen blick P\u00e4dagogische Ausrichtung Offene und partizipative Arbeit nach dem Situationsansatz Orientierung [&hellip;]<\/p>\n","protected":false},"author":1,"featured_media":0,"parent":1003,"menu_order":0,"comment_status":"closed","ping_status":"closed","template":"","meta":{"site-sidebar-layout":"no-sidebar","site-content-layout":"","ast-site-content-layout":"full-width-container","site-content-style":"default","site-sidebar-style":"default","ast-global-header-display":"","ast-banner-title-visibility":"","ast-main-header-display":"","ast-hfb-above-header-display":"","ast-hfb-below-header-display":"","ast-hfb-mobile-header-display":"","site-post-title":"disabled","ast-breadcrumbs-content":"","ast-featured-img":"disabled","footer-sml-layout":"","ast-disable-related-posts":"","theme-transparent-header-meta":"","adv-header-id-meta":"","stick-header-meta":"","header-above-stick-meta":"","header-main-stick-meta":"","header-below-stick-meta":"","astra-migrate-meta-layouts":"default","ast-page-background-enabled":"default","ast-page-background-meta":{"desktop":{"background-color":"var(--ast-global-color-5)","background-image":"","background-repeat":"repeat","background-position":"center center","background-size":"auto","background-attachment":"scroll","background-type":"","background-media":"","overlay-type":"","overlay-color":"","overlay-opacity":"","overlay-gradient":""},"tablet":{"background-color":"","background-image":"","background-repeat":"repeat","background-position":"center center","background-size":"auto","background-attachment":"scroll","background-type":"","background-media":"","overlay-type":"","overlay-color":"","overlay-opacity":"","overlay-gradient":""},"mobile":{"background-color":"","background-image":"","background-repeat":"repeat","background-position":"center center","background-size":"auto","background-attachment":"scroll","background-type":"","background-media":"","overlay-type":"","overlay-color":"","overlay-opacity":"","overlay-gradient":""}},"ast-content-background-meta":{"desktop":{"background-color":"var(--ast-global-color-4)","background-image":"","background-repeat":"repeat","background-position":"center center","background-size":"auto","background-attachment":"scroll","background-type":"","background-media":"","overlay-type":"","overlay-color":"","overlay-opacity":"","overlay-gradient":""},"tablet":{"background-color":"var(--ast-global-color-4)","background-image":"","background-repeat":"repeat","background-position":"center center","background-size":"auto","background-attachment":"scroll","background-type":"","background-media":"","overlay-type":"","overlay-color":"","overlay-opacity":"","overlay-gradient":""},"mobile":{"background-color":"var(--ast-global-color-4)","background-image":"","background-repeat":"repeat","background-position":"center center","background-size":"auto","background-attachment":"scroll","background-type":"","background-media":"","overlay-type":"","overlay-color":"","overlay-opacity":"","overlay-gradient":""}},"footnotes":""},"class_list":["post-1008","page","type-page","status-publish","hentry"],"_links":{"self":[{"href":"https:\/\/kinderinseln-berlin-nord.de\/tr\/wp-json\/wp\/v2\/pages\/1008","targetHints":{"allow":["GET"]}}],"collection":[{"href":"https:\/\/kinderinseln-berlin-nord.de\/tr\/wp-json\/wp\/v2\/pages"}],"about":[{"href":"https:\/\/kinderinseln-berlin-nord.de\/tr\/wp-json\/wp\/v2\/types\/page"}],"author":[{"embeddable":true,"href":"https:\/\/kinderinseln-berlin-nord.de\/tr\/wp-json\/wp\/v2\/users\/1"}],"replies":[{"embeddable":true,"href":"https:\/\/kinderinseln-berlin-nord.de\/tr\/wp-json\/wp\/v2\/comments?post=1008"}],"version-history":[{"count":10,"href":"https:\/\/kinderinseln-berlin-nord.de\/tr\/wp-json\/wp\/v2\/pages\/1008\/revisions"}],"predecessor-version":[{"id":2828,"href":"https:\/\/kinderinseln-berlin-nord.de\/tr\/wp-json\/wp\/v2\/pages\/1008\/revisions\/2828"}],"up":[{"embeddable":true,"href":"https:\/\/kinderinseln-berlin-nord.de\/tr\/wp-json\/wp\/v2\/pages\/1003"}],"wp:attachment":[{"href":"https:\/\/kinderinseln-berlin-nord.de\/tr\/wp-json\/wp\/v2\/media?parent=1008"}],"curies":[{"name":"wp","href":"https:\/\/api.w.org\/{rel}","templated":true}]}}