{"id":1009,"date":"2026-05-16T12:02:11","date_gmt":"2026-05-16T10:02:11","guid":{"rendered":"https:\/\/kinderinseln-berlin-nord.de\/?page_id=1009"},"modified":"2026-09-04T14:16:25","modified_gmt":"2026-09-04T12:16:25","slug":"uber","status":"publish","type":"page","link":"https:\/\/kinderinseln-berlin-nord.de\/zh\/kindergarten-weisse-stadt\/uber\/","title":{"rendered":"\u00dcber uns &#8211; Weisse Stadt"},"content":{"rendered":"<div data-elementor-type=\"wp-page\" data-elementor-id=\"1009\" class=\"elementor elementor-1009\" data-elementor-settings=\"{&quot;ha_cmc_init_switcher&quot;:&quot;no&quot;}\">\n\t\t\t\t\t\t<section class=\"elementor-section elementor-top-section elementor-element elementor-element-efa93eb elementor-section-boxed elementor-section-height-default elementor-section-height-default\" data-id=\"efa93eb\" data-element_type=\"section\" data-e-type=\"section\" data-settings=\"{&quot;background_background&quot;:&quot;classic&quot;,&quot;shape_divider_bottom&quot;:&quot;waves&quot;,&quot;_ha_eqh_enable&quot;:false}\">\n\t\t\t\t\t<div class=\"elementor-shape elementor-shape-bottom\" aria-hidden=\"true\" data-negative=\"false\">\n\t\t\t<svg xmlns=\"http:\/\/www.w3.org\/2000\/svg\" viewbox=\"0 0 1000 100\" preserveaspectratio=\"none\">\n\t<path class=\"elementor-shape-fill\" d=\"M421.9,6.5c22.6-2.5,51.5,0.4,75.5,5.3c23.6,4.9,70.9,23.5,100.5,35.7c75.8,32.2,133.7,44.5,192.6,49.7\tc23.6,2.1,48.7,3.5,103.4-2.5c54.7-6,106.2-25.6,106.2-25.6V0H0v30.3c0,0,72,32.6,158.4,30.5c39.2-0.7,92.8-6.7,134-22.4\tc21.2-8.1,52.2-18.2,79.7-24.2C399.3,7.9,411.6,7.5,421.9,6.5z\"\/>\n<\/svg>\t\t<\/div>\n\t\t\t\t\t<div class=\"elementor-container elementor-column-gap-default\">\n\t\t\t\t\t<div class=\"elementor-column elementor-col-100 elementor-top-column elementor-element elementor-element-f532dc3\" data-id=\"f532dc3\" data-element_type=\"column\" data-e-type=\"column\">\n\t\t\t<div class=\"elementor-widget-wrap elementor-element-populated\">\n\t\t\t\t\t\t<div class=\"elementor-element elementor-element-455e2af elementor-widget elementor-widget-heading\" data-id=\"455e2af\" data-element_type=\"widget\" data-e-type=\"widget\" data-widget_type=\"heading.default\">\n\t\t\t\t\t<h1 class=\"elementor-heading-title elementor-size-default\">\u00dcber Uns<\/h1>\t\t\t\t<\/div>\n\t\t\t\t<div class=\"elementor-element elementor-element-704670d elementor-widget elementor-widget-image\" data-id=\"704670d\" data-element_type=\"widget\" data-e-type=\"widget\" data-widget_type=\"image.default\">\n\t\t\t\t\t\t\t\t\t\t\t\t\t\t\t<img fetchpriority=\"high\" decoding=\"async\" width=\"907\" height=\"83\" src=\"https:\/\/kinderinseln-berlin-nord.de\/wp-content\/uploads\/2026\/03\/Orange-Modern-Online-Business-Pitch-Deck-Presentation-3-e1774701106678.png\" class=\"attachment-large size-large wp-image-77\" alt=\"\" srcset=\"https:\/\/kinderinseln-berlin-nord.de\/wp-content\/uploads\/2026\/03\/Orange-Modern-Online-Business-Pitch-Deck-Presentation-3-e1774701106678.png 907w, https:\/\/kinderinseln-berlin-nord.de\/wp-content\/uploads\/2026\/03\/Orange-Modern-Online-Business-Pitch-Deck-Presentation-3-e1774701106678-300x27.png 300w, https:\/\/kinderinseln-berlin-nord.de\/wp-content\/uploads\/2026\/03\/Orange-Modern-Online-Business-Pitch-Deck-Presentation-3-e1774701106678-768x70.png 768w\" sizes=\"(max-width: 907px) 100vw, 907px\" \/>\t\t\t\t\t\t\t\t\t\t\t\t\t\t\t<\/div>\n\t\t\t\t\t<\/div>\n\t\t<\/div>\n\t\t\t\t\t<\/div>\n\t\t<\/section>\n\t\t\t\t<section class=\"elementor-section elementor-top-section elementor-element elementor-element-a3c8ca6 elementor-section-full_width elementor-section-height-default elementor-section-height-default\" data-id=\"a3c8ca6\" data-element_type=\"section\" data-e-type=\"section\" data-settings=\"{&quot;background_background&quot;:&quot;classic&quot;,&quot;shape_divider_bottom&quot;:&quot;waves&quot;,&quot;_ha_eqh_enable&quot;:false}\">\n\t\t\t\t\t<div class=\"elementor-shape elementor-shape-bottom\" aria-hidden=\"true\" data-negative=\"false\">\n\t\t\t<svg xmlns=\"http:\/\/www.w3.org\/2000\/svg\" viewbox=\"0 0 1000 100\" preserveaspectratio=\"none\">\n\t<path class=\"elementor-shape-fill\" d=\"M421.9,6.5c22.6-2.5,51.5,0.4,75.5,5.3c23.6,4.9,70.9,23.5,100.5,35.7c75.8,32.2,133.7,44.5,192.6,49.7\tc23.6,2.1,48.7,3.5,103.4-2.5c54.7-6,106.2-25.6,106.2-25.6V0H0v30.3c0,0,72,32.6,158.4,30.5c39.2-0.7,92.8-6.7,134-22.4\tc21.2-8.1,52.2-18.2,79.7-24.2C399.3,7.9,411.6,7.5,421.9,6.5z\"\/>\n<\/svg>\t\t<\/div>\n\t\t\t\t\t<div class=\"elementor-container elementor-column-gap-default\">\n\t\t\t\t\t<div class=\"elementor-column elementor-col-100 elementor-top-column elementor-element elementor-element-f717b43\" data-id=\"f717b43\" data-element_type=\"column\" data-e-type=\"column\">\n\t\t\t<div class=\"elementor-widget-wrap elementor-element-populated\">\n\t\t\t\t\t\t<div class=\"elementor-element elementor-element-9dc3bb8 elementor-widget elementor-widget-heading\" data-id=\"9dc3bb8\" data-element_type=\"widget\" data-e-type=\"widget\" data-widget_type=\"heading.default\">\n\t\t\t\t\t<h4 class=\"elementor-heading-title elementor-size-default\">Was uns ausmacht<\/h4>\t\t\t\t<\/div>\n\t\t\t\t<div class=\"elementor-element elementor-element-ad47917 elementor-widget elementor-widget-heading\" data-id=\"ad47917\" data-element_type=\"widget\" data-e-type=\"widget\" data-widget_type=\"heading.default\">\n\t\t\t\t\t<h2 class=\"elementor-heading-title elementor-size-default\">Die Kinderinsel Weisse Stadt<\/h2>\t\t\t\t<\/div>\n\t\t\t\t<div class=\"elementor-element elementor-element-f154f0a elementor-widget elementor-widget-text-editor\" data-id=\"f154f0a\" data-element_type=\"widget\" data-e-type=\"widget\" data-widget_type=\"text-editor.default\">\n\t\t\t\t\t\t\t\t\t<p>Auf einen Blick: Zahlen, Daten und Fakten<\/p>\t\t\t\t\t\t\t\t<\/div>\n\t\t\t\t<div class=\"elementor-element elementor-element-f38b034 elementor-hidden-mobile elementor-widget elementor-widget-image\" data-id=\"f38b034\" data-element_type=\"widget\" data-e-type=\"widget\" data-widget_type=\"image.default\">\n\t\t\t\t\t\t\t\t\t\t\t\t\t\t\t<img fetchpriority=\"high\" decoding=\"async\" width=\"907\" height=\"83\" src=\"https:\/\/kinderinseln-berlin-nord.de\/wp-content\/uploads\/2026\/03\/Orange-Modern-Online-Business-Pitch-Deck-Presentation-3-e1774701106678.png\" class=\"attachment-large size-large wp-image-77\" alt=\"\" srcset=\"https:\/\/kinderinseln-berlin-nord.de\/wp-content\/uploads\/2026\/03\/Orange-Modern-Online-Business-Pitch-Deck-Presentation-3-e1774701106678.png 907w, https:\/\/kinderinseln-berlin-nord.de\/wp-content\/uploads\/2026\/03\/Orange-Modern-Online-Business-Pitch-Deck-Presentation-3-e1774701106678-300x27.png 300w, https:\/\/kinderinseln-berlin-nord.de\/wp-content\/uploads\/2026\/03\/Orange-Modern-Online-Business-Pitch-Deck-Presentation-3-e1774701106678-768x70.png 768w\" sizes=\"(max-width: 907px) 100vw, 907px\" \/>\t\t\t\t\t\t\t\t\t\t\t\t\t\t\t<\/div>\n\t\t\t\t<section class=\"elementor-section elementor-inner-section elementor-element elementor-element-89b8c49 elementor-section-boxed elementor-section-height-default elementor-section-height-default\" data-id=\"89b8c49\" data-element_type=\"section\" data-e-type=\"section\" data-settings=\"{&quot;_ha_eqh_enable&quot;:false}\">\n\t\t\t\t\t\t<div class=\"elementor-container elementor-column-gap-default\">\n\t\t\t\t\t<div class=\"elementor-column elementor-col-25 elementor-inner-column elementor-element elementor-element-8d2cfc5\" data-id=\"8d2cfc5\" data-element_type=\"column\" data-e-type=\"column\">\n\t\t\t<div class=\"elementor-widget-wrap elementor-element-populated\">\n\t\t\t\t\t\t<div class=\"elementor-element elementor-element-f9b8246 elementor-widget elementor-widget-image\" data-id=\"f9b8246\" data-element_type=\"widget\" data-e-type=\"widget\" data-widget_type=\"image.default\">\n\t\t\t\t\t\t\t\t\t\t\t\t\t\t\t<img decoding=\"async\" width=\"1024\" height=\"682\" src=\"https:\/\/kinderinseln-berlin-nord.de\/wp-content\/uploads\/2026\/04\/3-1-1024x682.png\" class=\"attachment-large size-large wp-image-379\" alt=\"\" srcset=\"https:\/\/kinderinseln-berlin-nord.de\/wp-content\/uploads\/2026\/04\/3-1-1024x682.png 1024w, https:\/\/kinderinseln-berlin-nord.de\/wp-content\/uploads\/2026\/04\/3-1-300x200.png 300w, https:\/\/kinderinseln-berlin-nord.de\/wp-content\/uploads\/2026\/04\/3-1-768x512.png 768w, https:\/\/kinderinseln-berlin-nord.de\/wp-content\/uploads\/2026\/04\/3-1.png 1280w\" sizes=\"(max-width: 1024px) 100vw, 1024px\" \/>\t\t\t\t\t\t\t\t\t\t\t\t\t\t\t<\/div>\n\t\t\t\t<div class=\"elementor-element elementor-element-a9a7a64 elementor-widget elementor-widget-counter\" data-id=\"a9a7a64\" data-element_type=\"widget\" data-e-type=\"widget\" data-widget_type=\"counter.default\">\n\t\t\t\t\t\t\t<div class=\"elementor-counter\">\n\t\t\t<div class=\"elementor-counter-title\">Jahre<\/div>\t\t\t<div class=\"elementor-counter-number-wrapper\">\n\t\t\t\t<span class=\"elementor-counter-number-prefix\"><\/span>\n\t\t\t\t<span class=\"elementor-counter-number\" data-duration=\"2000\" data-to-value=\"8\" data-from-value=\"0\" data-delimiter=\",\">0<\/span>\n\t\t\t\t<span class=\"elementor-counter-number-suffix\"><\/span>\n\t\t\t<\/div>\n\t\t<\/div>\n\t\t\t\t\t\t<\/div>\n\t\t\t\t\t<\/div>\n\t\t<\/div>\n\t\t\t\t<div class=\"elementor-column elementor-col-25 elementor-inner-column elementor-element elementor-element-8895634\" data-id=\"8895634\" data-element_type=\"column\" data-e-type=\"column\">\n\t\t\t<div class=\"elementor-widget-wrap elementor-element-populated\">\n\t\t\t\t\t\t<div class=\"elementor-element elementor-element-9011e56 elementor-widget elementor-widget-image\" data-id=\"9011e56\" data-element_type=\"widget\" data-e-type=\"widget\" data-widget_type=\"image.default\">\n\t\t\t\t\t\t\t\t\t\t\t\t\t\t\t<img decoding=\"async\" width=\"1024\" height=\"682\" src=\"https:\/\/kinderinseln-berlin-nord.de\/wp-content\/uploads\/2026\/04\/6-1-1024x682.png\" class=\"attachment-large size-large wp-image-378\" alt=\"\" srcset=\"https:\/\/kinderinseln-berlin-nord.de\/wp-content\/uploads\/2026\/04\/6-1-1024x682.png 1024w, https:\/\/kinderinseln-berlin-nord.de\/wp-content\/uploads\/2026\/04\/6-1-300x200.png 300w, https:\/\/kinderinseln-berlin-nord.de\/wp-content\/uploads\/2026\/04\/6-1-768x512.png 768w, https:\/\/kinderinseln-berlin-nord.de\/wp-content\/uploads\/2026\/04\/6-1.png 1280w\" sizes=\"(max-width: 1024px) 100vw, 1024px\" \/>\t\t\t\t\t\t\t\t\t\t\t\t\t\t\t<\/div>\n\t\t\t\t<div class=\"elementor-element elementor-element-a0a88c8 elementor-widget elementor-widget-counter\" data-id=\"a0a88c8\" data-element_type=\"widget\" data-e-type=\"widget\" data-widget_type=\"counter.default\">\n\t\t\t\t\t\t\t<div class=\"elementor-counter\">\n\t\t\t<div class=\"elementor-counter-title\">Kinder<\/div>\t\t\t<div class=\"elementor-counter-number-wrapper\">\n\t\t\t\t<span class=\"elementor-counter-number-prefix\"><\/span>\n\t\t\t\t<span class=\"elementor-counter-number\" data-duration=\"2000\" data-to-value=\"50\" data-from-value=\"0\" data-delimiter=\",\">0<\/span>\n\t\t\t\t<span class=\"elementor-counter-number-suffix\"><\/span>\n\t\t\t<\/div>\n\t\t<\/div>\n\t\t\t\t\t\t<\/div>\n\t\t\t\t\t<\/div>\n\t\t<\/div>\n\t\t\t\t<div class=\"elementor-column elementor-col-25 elementor-inner-column elementor-element elementor-element-847e052\" data-id=\"847e052\" data-element_type=\"column\" data-e-type=\"column\">\n\t\t\t<div class=\"elementor-widget-wrap elementor-element-populated\">\n\t\t\t\t\t\t<div class=\"elementor-element elementor-element-ce250d6 elementor-widget elementor-widget-image\" data-id=\"ce250d6\" data-element_type=\"widget\" data-e-type=\"widget\" data-widget_type=\"image.default\">\n\t\t\t\t\t\t\t\t\t\t\t\t\t\t\t<img loading=\"lazy\" decoding=\"async\" width=\"1024\" height=\"682\" src=\"https:\/\/kinderinseln-berlin-nord.de\/wp-content\/uploads\/2026\/04\/5-1-1024x682.png\" class=\"attachment-large size-large wp-image-377\" alt=\"\" srcset=\"https:\/\/kinderinseln-berlin-nord.de\/wp-content\/uploads\/2026\/04\/5-1-1024x682.png 1024w, https:\/\/kinderinseln-berlin-nord.de\/wp-content\/uploads\/2026\/04\/5-1-300x200.png 300w, https:\/\/kinderinseln-berlin-nord.de\/wp-content\/uploads\/2026\/04\/5-1-768x512.png 768w, https:\/\/kinderinseln-berlin-nord.de\/wp-content\/uploads\/2026\/04\/5-1.png 1280w\" sizes=\"(max-width: 1024px) 100vw, 1024px\" \/>\t\t\t\t\t\t\t\t\t\t\t\t\t\t\t<\/div>\n\t\t\t\t<div class=\"elementor-element elementor-element-86d3ca7 elementor-widget elementor-widget-counter\" data-id=\"86d3ca7\" data-element_type=\"widget\" data-e-type=\"widget\" data-widget_type=\"counter.default\">\n\t\t\t\t\t\t\t<div class=\"elementor-counter\">\n\t\t\t<div class=\"elementor-counter-title\">Mitarbeiter:innen<\/div>\t\t\t<div class=\"elementor-counter-number-wrapper\">\n\t\t\t\t<span class=\"elementor-counter-number-prefix\"><\/span>\n\t\t\t\t<span class=\"elementor-counter-number\" data-duration=\"2000\" data-to-value=\"15\" data-from-value=\"0\" data-delimiter=\",\">0<\/span>\n\t\t\t\t<span class=\"elementor-counter-number-suffix\"><\/span>\n\t\t\t<\/div>\n\t\t<\/div>\n\t\t\t\t\t\t<\/div>\n\t\t\t\t\t<\/div>\n\t\t<\/div>\n\t\t\t\t<div class=\"elementor-column elementor-col-25 elementor-inner-column elementor-element elementor-element-47bda76\" data-id=\"47bda76\" data-element_type=\"column\" data-e-type=\"column\">\n\t\t\t<div class=\"elementor-widget-wrap elementor-element-populated\">\n\t\t\t\t\t\t<div class=\"elementor-element elementor-element-61fc54a elementor-widget elementor-widget-image\" data-id=\"61fc54a\" data-element_type=\"widget\" data-e-type=\"widget\" data-widget_type=\"image.default\">\n\t\t\t\t\t\t\t\t\t\t\t\t\t\t\t<img loading=\"lazy\" decoding=\"async\" width=\"1024\" height=\"683\" src=\"https:\/\/kinderinseln-berlin-nord.de\/wp-content\/uploads\/2026\/06\/Milchzahn_Kita-1024x683.png\" class=\"attachment-large size-large wp-image-1712\" alt=\"\" srcset=\"https:\/\/kinderinseln-berlin-nord.de\/wp-content\/uploads\/2026\/06\/Milchzahn_Kita-1024x683.png 1024w, https:\/\/kinderinseln-berlin-nord.de\/wp-content\/uploads\/2026\/06\/Milchzahn_Kita-300x200.png 300w, https:\/\/kinderinseln-berlin-nord.de\/wp-content\/uploads\/2026\/06\/Milchzahn_Kita-768x512.png 768w, https:\/\/kinderinseln-berlin-nord.de\/wp-content\/uploads\/2026\/06\/Milchzahn_Kita-1536x1024.png 1536w, https:\/\/kinderinseln-berlin-nord.de\/wp-content\/uploads\/2026\/06\/Milchzahn_Kita-2048x1366.png 2048w\" sizes=\"(max-width: 1024px) 100vw, 1024px\" \/>\t\t\t\t\t\t\t\t\t\t\t\t\t\t\t<\/div>\n\t\t\t\t<div class=\"elementor-element elementor-element-74f4dcc elementor-widget elementor-widget-counter\" data-id=\"74f4dcc\" data-element_type=\"widget\" data-e-type=\"widget\" data-widget_type=\"counter.default\">\n\t\t\t\t\t\t\t<div class=\"elementor-counter\">\n\t\t\t<div class=\"elementor-counter-title\">Milchz\u00e4hne<\/div>\t\t\t<div class=\"elementor-counter-number-wrapper\">\n\t\t\t\t<span class=\"elementor-counter-number-prefix\"><\/span>\n\t\t\t\t<span class=\"elementor-counter-number\" data-duration=\"2500\" data-to-value=\"853\" data-from-value=\"0\" data-delimiter=\".\">0<\/span>\n\t\t\t\t<span class=\"elementor-counter-number-suffix\"><\/span>\n\t\t\t<\/div>\n\t\t<\/div>\n\t\t\t\t\t\t<\/div>\n\t\t\t\t\t<\/div>\n\t\t<\/div>\n\t\t\t\t\t<\/div>\n\t\t<\/section>\n\t\t\t\t\t<\/div>\n\t\t<\/div>\n\t\t\t\t\t<\/div>\n\t\t<\/section>\n\t\t\t\t<section class=\"elementor-section elementor-top-section elementor-element elementor-element-ee0b8be elementor-section-full_width elementor-section-height-default elementor-section-height-default\" data-id=\"ee0b8be\" data-element_type=\"section\" data-e-type=\"section\" data-settings=\"{&quot;background_background&quot;:&quot;classic&quot;,&quot;shape_divider_bottom&quot;:&quot;waves&quot;,&quot;_ha_eqh_enable&quot;:false}\">\n\t\t\t\t\t<div class=\"elementor-shape elementor-shape-bottom\" aria-hidden=\"true\" data-negative=\"false\">\n\t\t\t<svg xmlns=\"http:\/\/www.w3.org\/2000\/svg\" viewbox=\"0 0 1000 100\" preserveaspectratio=\"none\">\n\t<path class=\"elementor-shape-fill\" d=\"M421.9,6.5c22.6-2.5,51.5,0.4,75.5,5.3c23.6,4.9,70.9,23.5,100.5,35.7c75.8,32.2,133.7,44.5,192.6,49.7\tc23.6,2.1,48.7,3.5,103.4-2.5c54.7-6,106.2-25.6,106.2-25.6V0H0v30.3c0,0,72,32.6,158.4,30.5c39.2-0.7,92.8-6.7,134-22.4\tc21.2-8.1,52.2-18.2,79.7-24.2C399.3,7.9,411.6,7.5,421.9,6.5z\"\/>\n<\/svg>\t\t<\/div>\n\t\t\t\t\t<div class=\"elementor-container elementor-column-gap-default\">\n\t\t\t\t\t<div class=\"elementor-column elementor-col-50 elementor-top-column elementor-element elementor-element-100620a\" data-id=\"100620a\" data-element_type=\"column\" data-e-type=\"column\">\n\t\t\t<div class=\"elementor-widget-wrap elementor-element-populated\">\n\t\t\t\t\t\t<div class=\"elementor-element elementor-element-f43f659 elementor-widget elementor-widget-heading\" data-id=\"f43f659\" data-element_type=\"widget\" data-e-type=\"widget\" data-widget_type=\"heading.default\">\n\t\t\t\t\t<h4 class=\"elementor-heading-title elementor-size-default\">Die Einrichtung<\/h4>\t\t\t\t<\/div>\n\t\t\t\t<div class=\"elementor-element elementor-element-51f684d elementor-widget elementor-widget-heading\" data-id=\"51f684d\" data-element_type=\"widget\" data-e-type=\"widget\" data-widget_type=\"heading.default\">\n\t\t\t\t\t<h2 class=\"elementor-heading-title elementor-size-default\">Einblick in unsere Kita<\/h2>\t\t\t\t<\/div>\n\t\t\t\t<div class=\"elementor-element elementor-element-399a7fc elementor-hidden-mobile elementor-widget elementor-widget-image\" data-id=\"399a7fc\" data-element_type=\"widget\" data-e-type=\"widget\" data-widget_type=\"image.default\">\n\t\t\t\t\t\t\t\t\t\t\t\t\t\t\t<img fetchpriority=\"high\" decoding=\"async\" width=\"907\" height=\"83\" src=\"https:\/\/kinderinseln-berlin-nord.de\/wp-content\/uploads\/2026\/03\/Orange-Modern-Online-Business-Pitch-Deck-Presentation-3-e1774701106678.png\" class=\"attachment-large size-large wp-image-77\" alt=\"\" srcset=\"https:\/\/kinderinseln-berlin-nord.de\/wp-content\/uploads\/2026\/03\/Orange-Modern-Online-Business-Pitch-Deck-Presentation-3-e1774701106678.png 907w, https:\/\/kinderinseln-berlin-nord.de\/wp-content\/uploads\/2026\/03\/Orange-Modern-Online-Business-Pitch-Deck-Presentation-3-e1774701106678-300x27.png 300w, https:\/\/kinderinseln-berlin-nord.de\/wp-content\/uploads\/2026\/03\/Orange-Modern-Online-Business-Pitch-Deck-Presentation-3-e1774701106678-768x70.png 768w\" sizes=\"(max-width: 907px) 100vw, 907px\" \/>\t\t\t\t\t\t\t\t\t\t\t\t\t\t\t<\/div>\n\t\t\t\t<div class=\"elementor-element elementor-element-56e23f5 elementor-widget__width-initial elementor-widget-mobile__width-inherit elementor-widget elementor-widget-text-editor\" data-id=\"56e23f5\" data-element_type=\"widget\" data-e-type=\"widget\" data-widget_type=\"text-editor.default\">\n\t\t\t\t\t\t\t\t\t<p>Unsere hellen und gro\u00dfz\u00fcgigen R\u00e4ume und der weitl\u00e4ufige, sch\u00f6ne Garten laden jedes Kind ein, seinen Interessen nachzukommen. Dabei wird es von unseren p\u00e4dagogischen Fachkr\u00e4ften mit Herz und Feingef\u00fchl begleitet. So f\u00f6rdern wir jedes Kind in seiner eigenen Entwicklung.<\/p>\t\t\t\t\t\t\t\t<\/div>\n\t\t\t\t\t<\/div>\n\t\t<\/div>\n\t\t\t\t<div class=\"elementor-column elementor-col-50 elementor-top-column elementor-element elementor-element-f5a9763\" data-id=\"f5a9763\" data-element_type=\"column\" data-e-type=\"column\" data-settings=\"{&quot;background_background&quot;:&quot;classic&quot;}\">\n\t\t\t<div class=\"elementor-widget-wrap elementor-element-populated\">\n\t\t\t\t\t\t<div class=\"elementor-element elementor-element-38bc5d4 elementor-widget elementor-widget-ha-justified-gallery happy-addon ha-justified-gallery\" data-id=\"38bc5d4\" data-element_type=\"widget\" data-e-type=\"widget\" data-settings=\"{&quot;row_height&quot;:{&quot;unit&quot;:&quot;px&quot;,&quot;size&quot;:150,&quot;sizes&quot;:[]},&quot;margins&quot;:{&quot;unit&quot;:&quot;px&quot;,&quot;size&quot;:10,&quot;sizes&quot;:[]},&quot;last_row&quot;:&quot;justify&quot;,&quot;enable_popup&quot;:&quot;yes&quot;}\" data-widget_type=\"ha-justified-gallery.default\">\n\t\t\t\t\t\n\t\t<div class=\"ha-justified-grid__wrap hajs-justified-grid\">\n\t\t\t\t\t\t\t<a href=\"#\" data-mfp-src=\"https:\/\/kinderinseln-berlin-nord.de\/wp-content\/uploads\/2026\/06\/IMG_2422-f54fa7c2.jpg\" class=\"ha-justified-grid__item ha-js-lightbox __fltr-1\" title=\"\">\n\t\t\t\t\t<img loading=\"lazy\" decoding=\"async\" width=\"260\" height=\"260\" src=\"https:\/\/kinderinseln-berlin-nord.de\/wp-content\/uploads\/2026\/06\/IMG_2422-f54fa7c2.jpg\" class=\"elementor-animation-grow\" alt=\"\" srcset=\"https:\/\/kinderinseln-berlin-nord.de\/wp-content\/uploads\/2026\/06\/IMG_2422-f54fa7c2.jpg 260w, https:\/\/kinderinseln-berlin-nord.de\/wp-content\/uploads\/2026\/06\/IMG_2422-f54fa7c2-150x150.jpg 150w\" sizes=\"(max-width: 260px) 100vw, 260px\" \/>\t\t\t\t<\/a>\n\t\t\t\t\t\t\t<a href=\"#\" data-mfp-src=\"https:\/\/kinderinseln-berlin-nord.de\/wp-content\/uploads\/2026\/06\/IMG_2421-673b0977.jpg\" class=\"ha-justified-grid__item ha-js-lightbox __fltr-1\" title=\"\">\n\t\t\t\t\t<img loading=\"lazy\" decoding=\"async\" width=\"260\" height=\"260\" src=\"https:\/\/kinderinseln-berlin-nord.de\/wp-content\/uploads\/2026\/06\/IMG_2421-673b0977.jpg\" class=\"elementor-animation-grow\" alt=\"\" srcset=\"https:\/\/kinderinseln-berlin-nord.de\/wp-content\/uploads\/2026\/06\/IMG_2421-673b0977.jpg 260w, https:\/\/kinderinseln-berlin-nord.de\/wp-content\/uploads\/2026\/06\/IMG_2421-673b0977-150x150.jpg 150w\" sizes=\"(max-width: 260px) 100vw, 260px\" \/>\t\t\t\t<\/a>\n\t\t\t\t\t\t\t<a href=\"#\" data-mfp-src=\"https:\/\/kinderinseln-berlin-nord.de\/wp-content\/uploads\/2026\/06\/IMG_2441-715331cf.jpg\" class=\"ha-justified-grid__item ha-js-lightbox __fltr-1\" title=\"\">\n\t\t\t\t\t<img loading=\"lazy\" decoding=\"async\" width=\"260\" height=\"260\" src=\"https:\/\/kinderinseln-berlin-nord.de\/wp-content\/uploads\/2026\/06\/IMG_2441-715331cf.jpg\" class=\"elementor-animation-grow\" alt=\"\" srcset=\"https:\/\/kinderinseln-berlin-nord.de\/wp-content\/uploads\/2026\/06\/IMG_2441-715331cf.jpg 260w, https:\/\/kinderinseln-berlin-nord.de\/wp-content\/uploads\/2026\/06\/IMG_2441-715331cf-150x150.jpg 150w\" sizes=\"(max-width: 260px) 100vw, 260px\" \/>\t\t\t\t<\/a>\n\t\t\t\t\t\t\t<a href=\"#\" data-mfp-src=\"https:\/\/kinderinseln-berlin-nord.de\/wp-content\/uploads\/2026\/06\/IMG_2440-f76815a8.jpg\" class=\"ha-justified-grid__item ha-js-lightbox __fltr-1\" title=\"\">\n\t\t\t\t\t<img loading=\"lazy\" decoding=\"async\" width=\"260\" height=\"260\" src=\"https:\/\/kinderinseln-berlin-nord.de\/wp-content\/uploads\/2026\/06\/IMG_2440-f76815a8.jpg\" class=\"elementor-animation-grow\" alt=\"\" srcset=\"https:\/\/kinderinseln-berlin-nord.de\/wp-content\/uploads\/2026\/06\/IMG_2440-f76815a8.jpg 260w, https:\/\/kinderinseln-berlin-nord.de\/wp-content\/uploads\/2026\/06\/IMG_2440-f76815a8-150x150.jpg 150w\" sizes=\"(max-width: 260px) 100vw, 260px\" \/>\t\t\t\t<\/a>\n\t\t\t\t\t\t\t<a href=\"#\" data-mfp-src=\"https:\/\/kinderinseln-berlin-nord.de\/wp-content\/uploads\/2026\/06\/IMG_2436-4caec171.jpg\" class=\"ha-justified-grid__item ha-js-lightbox __fltr-1\" title=\"\">\n\t\t\t\t\t<img loading=\"lazy\" decoding=\"async\" width=\"260\" height=\"260\" src=\"https:\/\/kinderinseln-berlin-nord.de\/wp-content\/uploads\/2026\/06\/IMG_2436-4caec171.jpg\" class=\"elementor-animation-grow\" alt=\"\" srcset=\"https:\/\/kinderinseln-berlin-nord.de\/wp-content\/uploads\/2026\/06\/IMG_2436-4caec171.jpg 260w, https:\/\/kinderinseln-berlin-nord.de\/wp-content\/uploads\/2026\/06\/IMG_2436-4caec171-150x150.jpg 150w\" sizes=\"(max-width: 260px) 100vw, 260px\" \/>\t\t\t\t<\/a>\n\t\t\t\t\t\t\t<a href=\"#\" data-mfp-src=\"https:\/\/kinderinseln-berlin-nord.de\/wp-content\/uploads\/2026\/06\/IMG_2435-e80e629f.jpg\" class=\"ha-justified-grid__item ha-js-lightbox __fltr-1\" title=\"\">\n\t\t\t\t\t<img loading=\"lazy\" decoding=\"async\" width=\"260\" height=\"260\" src=\"https:\/\/kinderinseln-berlin-nord.de\/wp-content\/uploads\/2026\/06\/IMG_2435-e80e629f.jpg\" class=\"elementor-animation-grow\" alt=\"\" srcset=\"https:\/\/kinderinseln-berlin-nord.de\/wp-content\/uploads\/2026\/06\/IMG_2435-e80e629f.jpg 260w, https:\/\/kinderinseln-berlin-nord.de\/wp-content\/uploads\/2026\/06\/IMG_2435-e80e629f-150x150.jpg 150w\" sizes=\"(max-width: 260px) 100vw, 260px\" \/>\t\t\t\t<\/a>\n\t\t\t\t\t\t\t<a href=\"#\" data-mfp-src=\"https:\/\/kinderinseln-berlin-nord.de\/wp-content\/uploads\/2026\/06\/IMG_2434-24e2f923.jpg\" class=\"ha-justified-grid__item ha-js-lightbox __fltr-1\" title=\"\">\n\t\t\t\t\t<img loading=\"lazy\" decoding=\"async\" width=\"260\" height=\"260\" src=\"https:\/\/kinderinseln-berlin-nord.de\/wp-content\/uploads\/2026\/06\/IMG_2434-24e2f923.jpg\" class=\"elementor-animation-grow\" alt=\"\" srcset=\"https:\/\/kinderinseln-berlin-nord.de\/wp-content\/uploads\/2026\/06\/IMG_2434-24e2f923.jpg 260w, https:\/\/kinderinseln-berlin-nord.de\/wp-content\/uploads\/2026\/06\/IMG_2434-24e2f923-150x150.jpg 150w\" sizes=\"(max-width: 260px) 100vw, 260px\" \/>\t\t\t\t<\/a>\n\t\t\t\t\t\t\t<a href=\"#\" data-mfp-src=\"https:\/\/kinderinseln-berlin-nord.de\/wp-content\/uploads\/2026\/06\/IMG_2424-d229a063.jpg\" class=\"ha-justified-grid__item ha-js-lightbox __fltr-1\" title=\"\">\n\t\t\t\t\t<img loading=\"lazy\" decoding=\"async\" width=\"260\" height=\"260\" src=\"https:\/\/kinderinseln-berlin-nord.de\/wp-content\/uploads\/2026\/06\/IMG_2424-d229a063.jpg\" class=\"elementor-animation-grow\" alt=\"\" srcset=\"https:\/\/kinderinseln-berlin-nord.de\/wp-content\/uploads\/2026\/06\/IMG_2424-d229a063.jpg 260w, https:\/\/kinderinseln-berlin-nord.de\/wp-content\/uploads\/2026\/06\/IMG_2424-d229a063-150x150.jpg 150w\" sizes=\"(max-width: 260px) 100vw, 260px\" \/>\t\t\t\t<\/a>\n\t\t\t\t\t<\/div>\n\n\t\t\t\t\t\t<\/div>\n\t\t\t\t\t<\/div>\n\t\t<\/div>\n\t\t\t\t\t<\/div>\n\t\t<\/section>\n\t\t\t\t<section class=\"elementor-section elementor-top-section elementor-element elementor-element-c2c28a3 elementor-section-full_width elementor-section-height-default elementor-section-height-default\" data-id=\"c2c28a3\" data-element_type=\"section\" data-e-type=\"section\" data-settings=\"{&quot;background_background&quot;:&quot;classic&quot;,&quot;_ha_eqh_enable&quot;:false}\">\n\t\t\t\t\t\t<div class=\"elementor-container elementor-column-gap-default\">\n\t\t\t\t\t<div class=\"elementor-column elementor-col-100 elementor-top-column elementor-element elementor-element-104f7de\" data-id=\"104f7de\" data-element_type=\"column\" data-e-type=\"column\">\n\t\t\t<div class=\"elementor-widget-wrap elementor-element-populated\">\n\t\t\t\t\t\t<div class=\"elementor-element elementor-element-9f7f3b7 elementor-widget elementor-widget-heading\" data-id=\"9f7f3b7\" data-element_type=\"widget\" data-e-type=\"widget\" data-widget_type=\"heading.default\">\n\t\t\t\t\t<h2 class=\"elementor-heading-title elementor-size-default\">DAS TEAM DER KINDERINSEL WEISSE STADT<\/h2>\t\t\t\t<\/div>\n\t\t\t\t<div class=\"elementor-element elementor-element-32cd37d elementor-hidden-mobile elementor-widget elementor-widget-image\" data-id=\"32cd37d\" data-element_type=\"widget\" data-e-type=\"widget\" data-widget_type=\"image.default\">\n\t\t\t\t\t\t\t\t\t\t\t\t\t\t\t<img fetchpriority=\"high\" decoding=\"async\" width=\"907\" height=\"83\" src=\"https:\/\/kinderinseln-berlin-nord.de\/wp-content\/uploads\/2026\/03\/Orange-Modern-Online-Business-Pitch-Deck-Presentation-3-e1774701106678.png\" class=\"attachment-large size-large wp-image-77\" alt=\"\" srcset=\"https:\/\/kinderinseln-berlin-nord.de\/wp-content\/uploads\/2026\/03\/Orange-Modern-Online-Business-Pitch-Deck-Presentation-3-e1774701106678.png 907w, https:\/\/kinderinseln-berlin-nord.de\/wp-content\/uploads\/2026\/03\/Orange-Modern-Online-Business-Pitch-Deck-Presentation-3-e1774701106678-300x27.png 300w, https:\/\/kinderinseln-berlin-nord.de\/wp-content\/uploads\/2026\/03\/Orange-Modern-Online-Business-Pitch-Deck-Presentation-3-e1774701106678-768x70.png 768w\" sizes=\"(max-width: 907px) 100vw, 907px\" \/>\t\t\t\t\t\t\t\t\t\t\t\t\t\t\t<\/div>\n\t\t\t\t<div class=\"elementor-element elementor-element-246c88a elementor-widget elementor-widget-ucaddon_team_member_carousel\" data-id=\"246c88a\" data-element_type=\"widget\" data-e-type=\"widget\" data-widget_type=\"ucaddon_team_member_carousel.default\">\n\t\t\t\t<div class=\"elementor-widget-container\">\n\t\t\t\t\t\n<!-- start Team Member Carousel -->\n\t\t<link id='font-awesome-css' href='https:\/\/kinderinseln-berlin-nord.de\/wp-content\/plugins\/unlimited-elements-for-elementor\/assets_libraries\/font-awesome6\/fontawesome-all.min.css' type='text\/css' rel='stylesheet' >\n\t\t<link id='font-awesome-4-shim-css' href='https:\/\/kinderinseln-berlin-nord.de\/wp-content\/plugins\/unlimited-elements-for-elementor\/assets_libraries\/font-awesome6\/fontawesome-v4-shims.min.css' type='text\/css' rel='stylesheet' >\n\t\t<link id='owl-carousel-css' href='https:\/\/kinderinseln-berlin-nord.de\/wp-content\/plugins\/unlimited-elements-for-elementor\/assets_libraries\/owl-carousel-new\/assets\/owl.carousel.css' type='text\/css' rel='stylesheet' >\n\n<style>\/* widget: Team Member Carousel *\/\n\n#uc_team_member_carousel_elementor_246c88a{\n  min-height: 1px;\n}\n\n#uc_team_member_carousel_elementor_246c88a *{\n  box-sizing:border-box;\n  outline:none;\n}\n\n#uc_team_member_carousel_elementor_246c88a{\n  position:relative;\n  min-height:1px;\n}\n\n#uc_team_member_carousel_elementor_246c88a .ue-additional-image{\n  left:0px;\n  top:0px;\n}\n\n#uc_team_member_carousel_elementor_246c88a .ue-company-logo img{\n  width:100%;\n}\n\n#uc_team_member_carousel_elementor_246c88a .team_member_carousel_image-link{\n  display: block;\n  position: relative;\n  z-index: 1;\n  pointer-events: all;\n}\n\n#uc_team_member_carousel_elementor_246c88a .ue-additional-image img{\n  width:100%;\n}\n\n#uc_team_member_carousel_elementor_246c88a .owl-nav .owl-prev{\n    position:absolute;\n    display:inline-block;\n    text-align:center;\n   transition:0.3s;\n}\n\n#uc_team_member_carousel_elementor_246c88a .owl-nav .owl-next{\n  position:absolute;\n  display:inline-block;\n  text-align:center;\n  transition:0.3s;\n}\n\n#uc_team_member_carousel_elementor_246c88a .owl-dots {\n  overflow:hidden;\n  display:none !important;\n  text-align:center;\n}\n\n#uc_team_member_carousel_elementor_246c88a .owl-dot {\n  display:inline-block;\n  transition:0.5s;\n}\n\n#uc_team_member_carousel_elementor_246c88a .team_member_carousel_image{\n  position:relative;\n  display:flex;\n}\n\n#uc_team_member_carousel_elementor_246c88a .team_member_carousel_image_container{\n  position:relative;\n  display:block;\n}\n\n#uc_team_member_carousel_elementor_246c88a .team_member_carousel_image_overlay{\n  position:absolute;\n  top:0px;\n  left:0px;\n  right:0px;\n  bottom:0px;\n  transition:0.3s;\n  display:flex;\n  align-items:center;\n  justify-content:center;\n}\n\n#uc_team_member_carousel_elementor_246c88a .team_member_carousel_image img{\n  object-fit:cover;\n  display:inline-flex;\n  transition:0.3s;\n}\n\n#uc_team_member_carousel_elementor_246c88a .ue_carousel_item{\n  overflow:hidden;\n  position:relative;\n}\n\n.team_member_carousel_title{\n  font-size:18px;\n}\n\n#uc_team_member_carousel_elementor_246c88a .team_member_carousel_icons a{\n  display:inline-flex;\n  text-decoration:none;\n  align-items:center;\n  justify-content:center;\n  line-height:1em;\n  transition:0.3s;\n}\n\n#uc_team_member_carousel_elementor_246c88a .team_member_carousel_icons a svg{\n  width:1em;\n  height:1em;\n}\n\n#uc_team_member_carousel_elementor_246c88a .uc_more_btn{\n  transition:0.3s;\n  text-align:center;\n  text-decoration:none;\n}\n\n#uc_team_member_carousel_elementor_246c88a .team_member_carousel_text img{\n  width:auto;\n}\n\n#uc_team_member_carousel_elementor_246c88a .ue_carousel_item:hover .team_member_carousel_image img{\n  transform:scale(1.1,1.1);\n}\n\n\n\n<\/style>\n\n<div  style=\"direction:ltr;\">\t\n\t\n   <div class=\"ue_carousel owl-carousel owl-theme uc-items-wrapper\" id=\"uc_team_member_carousel_elementor_246c88a\"  >\n   \t\t\n\n\n\n\n<div class=\"ue_carousel_item ue-item ue-carousel-item\">\n    \n    <div class=\"team_member_carousel_image\">\n    <div class=\"team_member_carousel_image_container\">       \n       <a class=\"team_member_carousel_image-link\" >\n         <img loading=\"lazy\" decoding=\"async\" src=\"https:\/\/kinderinseln-berlin-nord.de\/wp-content\/uploads\/2026\/06\/Markus-1.jpg\" alt=\"Markus\"  width=\"375\" height=\"375\">\n      \t <div class=\"team_member_carousel_image_overlay\">         \n          \t\n          \t\n                            <\/div> \n      <\/a>         \n    <\/div>\n  <\/div>\n    \n  <div class=\"team_member_carousel_content\">\n    <div class=\"team_member_carousel_title\">Markus<\/div>\t\n    <div class=\"team_member_carousel_subtitle\"><\/div>\t\n            <div class=\"team_member_carousel_text\"><p class=\"hasUnderline\"><span style=\"text-decoration: underline;\"><strong>\u57f9\u8bad<\/strong><\/span><br \/>staatlich anerkannter Erzieher<br \/><span style=\"text-decoration: underline;\"><strong>In der Kita als:<\/strong><\/span><br \/>Einrichtungsleitung<\/p><\/div>    \t\n    \t\n          <\/div>\n  \n<\/div>\n\n\n\n\n\n<div class=\"ue_carousel_item ue-item ue-carousel-item\">\n    \n    <div class=\"team_member_carousel_image\">\n    <div class=\"team_member_carousel_image_container\">       \n       <a class=\"team_member_carousel_image-link\" >\n         <img loading=\"lazy\" decoding=\"async\" src=\"https:\/\/kinderinseln-berlin-nord.de\/wp-content\/uploads\/2026\/04\/Kinderinslen-photos-1-768x512.png\" alt=\"\u91d1\u5fb7\u7433\u65af\u4f26\u7167\u7247\uff081\uff09\"  width=\"768\" height=\"512\">\n      \t <div class=\"team_member_carousel_image_overlay\">         \n          \t\n          \t\n                            <\/div> \n      <\/a>         \n    <\/div>\n  <\/div>\n    \n  <div class=\"team_member_carousel_content\">\n    <div class=\"team_member_carousel_title\">Jenna<\/div>\t\n    <div class=\"team_member_carousel_subtitle\"><\/div>\t\n            <div class=\"team_member_carousel_text\"><p class=\"hasUnderline\"><span style=\"text-decoration: underline;\"><strong>\u57f9\u8bad<\/strong><\/span><br \/>staatl. anerkannte Erzieherin<br \/><span style=\"text-decoration: underline;\"><strong>In der Kita als:<\/strong><\/span><br \/>p\u00e4dagogische Leitung<\/p><\/div>    \t\n    \t\n          <\/div>\n  \n<\/div>\n\n\n\n\n\n<div class=\"ue_carousel_item ue-item ue-carousel-item\">\n    \n    <div class=\"team_member_carousel_image\">\n    <div class=\"team_member_carousel_image_container\">       \n       <a class=\"team_member_carousel_image-link\" >\n         <img loading=\"lazy\" decoding=\"async\" src=\"https:\/\/kinderinseln-berlin-nord.de\/wp-content\/uploads\/2026\/07\/Florian_Kita-Weisse-Stadt-Berlin.jpg\" alt=\"Florian_Kita Weisse Stadt Berlin\"  width=\"300\" height=\"300\">\n      \t <div class=\"team_member_carousel_image_overlay\">         \n          \t\n          \t\n                            <\/div> \n      <\/a>         \n    <\/div>\n  <\/div>\n    \n  <div class=\"team_member_carousel_content\">\n    <div class=\"team_member_carousel_title\">Florian<\/div>\t\n    <div class=\"team_member_carousel_subtitle\"><\/div>\t\n            <div class=\"team_member_carousel_text\"><p class=\"hasUnderline\"><span style=\"text-decoration: underline;\"><strong>\u57f9\u8bad<\/strong><\/span><br \/>staatlich anerkannter Erzieher<br \/><span style=\"text-decoration: underline;\"><strong>In der Kita als:<\/strong><\/span><br \/>Fachkraft f\u00fcr Inklusion und Integration<\/p><\/div>    \t\n    \t\n          <\/div>\n  \n<\/div>\n\n\n\n\n\n<div class=\"ue_carousel_item ue-item ue-carousel-item\">\n    \n    <div class=\"team_member_carousel_image\">\n    <div class=\"team_member_carousel_image_container\">       \n       <a class=\"team_member_carousel_image-link\" >\n         <img loading=\"lazy\" decoding=\"async\" src=\"https:\/\/kinderinseln-berlin-nord.de\/wp-content\/uploads\/2026\/06\/Michelle_2.jpg\" alt=\"Michelle_2\"  width=\"375\" height=\"375\">\n      \t <div class=\"team_member_carousel_image_overlay\">         \n          \t\n          \t\n                            <\/div> \n      <\/a>         \n    <\/div>\n  <\/div>\n    \n  <div class=\"team_member_carousel_content\">\n    <div class=\"team_member_carousel_title\">Michelle<\/div>\t\n    <div class=\"team_member_carousel_subtitle\"><\/div>\t\n            <div class=\"team_member_carousel_text\"><p class=\"hasUnderline\"><span style=\"text-decoration: underline;\"><strong>\u57f9\u8bad<\/strong><\/span><br \/>staatl. anerkannte Erzieherin<br \/><span style=\"text-decoration: underline;\"><strong>In der Kita als:<\/strong><\/span><br \/>Erzieherin<\/p><\/div>    \t\n    \t\n          <\/div>\n  \n<\/div>\n\n\n\n\n\n<div class=\"ue_carousel_item ue-item ue-carousel-item\">\n    \n    <div class=\"team_member_carousel_image\">\n    <div class=\"team_member_carousel_image_container\">       \n       <a class=\"team_member_carousel_image-link\" >\n         <img loading=\"lazy\" decoding=\"async\" src=\"https:\/\/kinderinseln-berlin-nord.de\/wp-content\/uploads\/2026\/06\/Michelle.jpg\" alt=\"Michelle\"  width=\"375\" height=\"375\">\n      \t <div class=\"team_member_carousel_image_overlay\">         \n          \t\n          \t\n                            <\/div> \n      <\/a>         \n    <\/div>\n  <\/div>\n    \n  <div class=\"team_member_carousel_content\">\n    <div class=\"team_member_carousel_title\">Michelle<\/div>\t\n    <div class=\"team_member_carousel_subtitle\"><\/div>\t\n            <div class=\"team_member_carousel_text\"><p class=\"hasUnderline\"><span style=\"text-decoration: underline;\"><strong>\u57f9\u8bad<\/strong><\/span><br \/>staatl. anerkannte Erzieherin <br \/><span style=\"text-decoration: underline;\"><strong>In der Kita als:<\/strong><\/span><br \/>Erzieherin <\/p><\/div>    \t\n    \t\n          <\/div>\n  \n<\/div>\n\n\n\n\n\n<div class=\"ue_carousel_item ue-item ue-carousel-item\">\n    \n    <div class=\"team_member_carousel_image\">\n    <div class=\"team_member_carousel_image_container\">       \n       <a class=\"team_member_carousel_image-link\" >\n         <img loading=\"lazy\" decoding=\"async\" src=\"https:\/\/kinderinseln-berlin-nord.de\/wp-content\/uploads\/2026\/07\/Merano_Kita-Weisse-Stadt-Berlin.jpg\" alt=\"Merano_Kita Weisse Stadt Berlin\"  width=\"300\" height=\"300\">\n      \t <div class=\"team_member_carousel_image_overlay\">         \n          \t\n          \t\n                            <\/div> \n      <\/a>         \n    <\/div>\n  <\/div>\n    \n  <div class=\"team_member_carousel_content\">\n    <div class=\"team_member_carousel_title\">Merano<\/div>\t\n    <div class=\"team_member_carousel_subtitle\"><\/div>\t\n            <div class=\"team_member_carousel_text\"><p class=\"hasUnderline\"><span style=\"text-decoration: underline;\"><strong>\u57f9\u8bad<\/strong><\/span><br \/>staatlich anerkannter Erzieher<br \/><span style=\"text-decoration: underline;\"><strong>In der Kita als:<\/strong><\/span><br \/>Erzieher<\/p><\/div>    \t\n    \t\n          <\/div>\n  \n<\/div>\n\n\n\n\n\n<div class=\"ue_carousel_item ue-item ue-carousel-item\">\n    \n    <div class=\"team_member_carousel_image\">\n    <div class=\"team_member_carousel_image_container\">       \n       <a class=\"team_member_carousel_image-link\" >\n         <img loading=\"lazy\" decoding=\"async\" src=\"https:\/\/kinderinseln-berlin-nord.de\/wp-content\/uploads\/2026\/06\/Ines.jpg\" alt=\"Ines\"  width=\"375\" height=\"375\">\n      \t <div class=\"team_member_carousel_image_overlay\">         \n          \t\n          \t\n                            <\/div> \n      <\/a>         \n    <\/div>\n  <\/div>\n    \n  <div class=\"team_member_carousel_content\">\n    <div class=\"team_member_carousel_title\">Ines<\/div>\t\n    <div class=\"team_member_carousel_subtitle\"><\/div>\t\n            <div class=\"team_member_carousel_text\"><p class=\"hasUnderline\"><span style=\"text-decoration: underline;\"><strong>\u57f9\u8bad<\/strong><\/span><br \/>staatl. anerkannte Erzieherin<br \/><span style=\"text-decoration: underline;\"><strong>In der Kita als:<\/strong><\/span><br \/>Erzieherin <\/p><\/div>    \t\n    \t\n          <\/div>\n  \n<\/div>\n\n\n\n\n\n<div class=\"ue_carousel_item ue-item ue-carousel-item\">\n    \n    <div class=\"team_member_carousel_image\">\n    <div class=\"team_member_carousel_image_container\">       \n       <a class=\"team_member_carousel_image-link\" >\n         <img loading=\"lazy\" decoding=\"async\" src=\"https:\/\/kinderinseln-berlin-nord.de\/wp-content\/uploads\/2026\/06\/Ilayda.jpg\" alt=\"Ilayda\"  width=\"375\" height=\"375\">\n      \t <div class=\"team_member_carousel_image_overlay\">         \n          \t\n          \t\n                            <\/div> \n      <\/a>         \n    <\/div>\n  <\/div>\n    \n  <div class=\"team_member_carousel_content\">\n    <div class=\"team_member_carousel_title\">Ilayda<\/div>\t\n    <div class=\"team_member_carousel_subtitle\"><\/div>\t\n            <div class=\"team_member_carousel_text\"><p class=\"hasUnderline\"><span style=\"text-decoration: underline;\"><strong>\u57f9\u8bad<\/strong><\/span><br \/>staatl. anerkannte Erzieherin<br \/><span style=\"text-decoration: underline;\"><strong>In der Kita als:<\/strong><\/span><br \/>Erzieherin <\/p><\/div>    \t\n    \t\n          <\/div>\n  \n<\/div>\n\n\n\n\n\n<div class=\"ue_carousel_item ue-item ue-carousel-item\">\n    \n    <div class=\"team_member_carousel_image\">\n    <div class=\"team_member_carousel_image_container\">       \n       <a class=\"team_member_carousel_image-link\" >\n         <img loading=\"lazy\" decoding=\"async\" src=\"https:\/\/kinderinseln-berlin-nord.de\/wp-content\/uploads\/2026\/06\/Jenny.jpg\" alt=\"Jenny\"  width=\"375\" height=\"375\">\n      \t <div class=\"team_member_carousel_image_overlay\">         \n          \t\n          \t\n                            <\/div> \n      <\/a>         \n    <\/div>\n  <\/div>\n    \n  <div class=\"team_member_carousel_content\">\n    <div class=\"team_member_carousel_title\">Jenny<\/div>\t\n    <div class=\"team_member_carousel_subtitle\"><\/div>\t\n            <div class=\"team_member_carousel_text\"><p class=\"hasUnderline\"><span style=\"text-decoration: underline;\"><strong>\u57f9\u8bad<\/strong><\/span><br \/>staatl. anerkannte Erzieherin<br \/><span style=\"text-decoration: underline;\"><strong>In der Kita als:<\/strong><\/span><br \/>Erzieherin <\/p><\/div>    \t\n    \t\n          <\/div>\n  \n<\/div>\n\n\n\n\n\n<div class=\"ue_carousel_item ue-item ue-carousel-item\">\n    \n    <div class=\"team_member_carousel_image\">\n    <div class=\"team_member_carousel_image_container\">       \n       <a class=\"team_member_carousel_image-link\" >\n         <img loading=\"lazy\" decoding=\"async\" src=\"https:\/\/kinderinseln-berlin-nord.de\/wp-content\/uploads\/2026\/06\/Axel.jpg\" alt=\"Axel\"  width=\"375\" height=\"375\">\n      \t <div class=\"team_member_carousel_image_overlay\">         \n          \t\n          \t\n                            <\/div> \n      <\/a>         \n    <\/div>\n  <\/div>\n    \n  <div class=\"team_member_carousel_content\">\n    <div class=\"team_member_carousel_title\">Axel<\/div>\t\n    <div class=\"team_member_carousel_subtitle\"><\/div>\t\n            <div class=\"team_member_carousel_text\"><p class=\"hasUnderline\"><span style=\"text-decoration: underline;\"><strong>\u57f9\u8bad<\/strong><\/span><br \/>Gestaltp\u00e4dagoge &amp; staatlich gepr\u00fcfter<br \/>Sozialassistent<br \/><span style=\"text-decoration: underline;\"><strong>In der Kita als:<\/strong><\/span><br \/>anerkannter Quereinsteiger<\/p><\/div>    \t\n    \t\n          <\/div>\n  \n<\/div>\n\n\n\n\n\n<div class=\"ue_carousel_item ue-item ue-carousel-item\">\n    \n    <div class=\"team_member_carousel_image\">\n    <div class=\"team_member_carousel_image_container\">       \n       <a class=\"team_member_carousel_image-link\" >\n         <img loading=\"lazy\" decoding=\"async\" src=\"https:\/\/kinderinseln-berlin-nord.de\/wp-content\/uploads\/2026\/06\/Kenga.jpg\" alt=\"Kenga\"  width=\"375\" height=\"375\">\n      \t <div class=\"team_member_carousel_image_overlay\">         \n          \t\n          \t\n                            <\/div> \n      <\/a>         \n    <\/div>\n  <\/div>\n    \n  <div class=\"team_member_carousel_content\">\n    <div class=\"team_member_carousel_title\">Kenga<\/div>\t\n    <div class=\"team_member_carousel_subtitle\"><\/div>\t\n            <div class=\"team_member_carousel_text\"><p><span style=\"text-decoration: underline;\"><strong>\u57f9\u8bad<\/strong><\/span><br \/>Lehrerin<br \/><span style=\"text-decoration: underline;\"><strong>In der Kita als:<\/strong><\/span><br \/>anerkannte Quereinsteigerin<\/p><\/div>    \t\n    \t\n          <\/div>\n  \n<\/div>\n\n\n\n\n\n<div class=\"ue_carousel_item ue-item ue-carousel-item\">\n    \n    <div class=\"team_member_carousel_image\">\n    <div class=\"team_member_carousel_image_container\">       \n       <a class=\"team_member_carousel_image-link\" >\n         <img loading=\"lazy\" decoding=\"async\" src=\"https:\/\/kinderinseln-berlin-nord.de\/wp-content\/uploads\/2026\/06\/Alina.jpg\" alt=\"Alina\"  width=\"375\" height=\"375\">\n      \t <div class=\"team_member_carousel_image_overlay\">         \n          \t\n          \t\n                            <\/div> \n      <\/a>         \n    <\/div>\n  <\/div>\n    \n  <div class=\"team_member_carousel_content\">\n    <div class=\"team_member_carousel_title\">Alina<\/div>\t\n    <div class=\"team_member_carousel_subtitle\"><\/div>\t\n            <div class=\"team_member_carousel_text\"><p class=\"hasUnderline\">Studierende zur staatl. anerkannten Erzieherin<\/p><\/div>    \t\n    \t\n          <\/div>\n  \n<\/div>\n\n\n\n\n\n<div class=\"ue_carousel_item ue-item ue-carousel-item\">\n    \n    <div class=\"team_member_carousel_image\">\n    <div class=\"team_member_carousel_image_container\">       \n       <a class=\"team_member_carousel_image-link\" >\n         <img loading=\"lazy\" decoding=\"async\" src=\"https:\/\/kinderinseln-berlin-nord.de\/wp-content\/uploads\/2026\/06\/Leonie.jpg\" alt=\"Leonie\"  width=\"375\" height=\"375\">\n      \t <div class=\"team_member_carousel_image_overlay\">         \n          \t\n          \t\n                            <\/div> \n      <\/a>         \n    <\/div>\n  <\/div>\n    \n  <div class=\"team_member_carousel_content\">\n    <div class=\"team_member_carousel_title\">Leonie<\/div>\t\n    <div class=\"team_member_carousel_subtitle\"><\/div>\t\n            <div class=\"team_member_carousel_text\"><p class=\"hasUnderline\">Studierende zur staatl. anerkannten Erzieherin<\/p><\/div>    \t\n    \t\n          <\/div>\n  \n<\/div>\n\n\n\n\n\n<div class=\"ue_carousel_item ue-item ue-carousel-item\">\n    \n    <div class=\"team_member_carousel_image\">\n    <div class=\"team_member_carousel_image_container\">       \n       <a class=\"team_member_carousel_image-link\" >\n         <img loading=\"lazy\" decoding=\"async\" src=\"https:\/\/kinderinseln-berlin-nord.de\/wp-content\/uploads\/2026\/04\/Kinderinslen-photos-1-768x512.png\" alt=\"\u91d1\u5fb7\u7433\u65af\u4f26\u7167\u7247\uff081\uff09\"  width=\"768\" height=\"512\">\n      \t <div class=\"team_member_carousel_image_overlay\">         \n          \t\n          \t\n                            <\/div> \n      <\/a>         \n    <\/div>\n  <\/div>\n    \n  <div class=\"team_member_carousel_content\">\n    <div class=\"team_member_carousel_title\">Tanja<\/div>\t\n    <div class=\"team_member_carousel_subtitle\"><\/div>\t\n            <div class=\"team_member_carousel_text\"><p class=\"hasUnderline\">Hauswirtschaftskraft, Feel-Good-Managerin<\/p><\/div>    \t\n    \t\n          <\/div>\n  \n<\/div>\n\n\n\n\n\n<div class=\"ue_carousel_item ue-item ue-carousel-item\">\n    \n    <div class=\"team_member_carousel_image\">\n    <div class=\"team_member_carousel_image_container\">       \n       <a class=\"team_member_carousel_image-link\" >\n         <img loading=\"lazy\" decoding=\"async\" src=\"https:\/\/kinderinseln-berlin-nord.de\/wp-content\/uploads\/2026\/04\/Kinderinslen-photos-1-768x512.png\" alt=\"\u91d1\u5fb7\u7433\u65af\u4f26\u7167\u7247\uff081\uff09\"  width=\"768\" height=\"512\">\n      \t <div class=\"team_member_carousel_image_overlay\">         \n          \t\n          \t\n                            <\/div> \n      <\/a>         \n    <\/div>\n  <\/div>\n    \n  <div class=\"team_member_carousel_content\">\n    <div class=\"team_member_carousel_title\">Tolga<\/div>\t\n    <div class=\"team_member_carousel_subtitle\"><\/div>\t\n            <div class=\"team_member_carousel_text\"><p class=\"hasUnderline\">Haustechniker<\/p><\/div>    \t\n    \t\n          <\/div>\n  \n<\/div>\n\n   <\/div>\t\n<\/div>\n<!-- end Team Member Carousel -->\t\t\t\t<\/div>\n\t\t\t\t<\/div>\n\t\t\t\t\t<\/div>\n\t\t<\/div>\n\t\t\t\t\t<\/div>\n\t\t<\/section>\n\t\t\t\t<section class=\"elementor-section elementor-top-section elementor-element elementor-element-79cdd07 elementor-section-full_width elementor-section-height-default elementor-section-height-default\" data-id=\"79cdd07\" data-element_type=\"section\" data-e-type=\"section\" data-settings=\"{&quot;background_background&quot;:&quot;classic&quot;,&quot;shape_divider_top&quot;:&quot;curve&quot;,&quot;shape_divider_top_negative&quot;:&quot;yes&quot;,&quot;_ha_eqh_enable&quot;:false}\">\n\t\t\t\t\t<div class=\"elementor-shape elementor-shape-top\" aria-hidden=\"true\" data-negative=\"true\">\n\t\t\t<svg xmlns=\"http:\/\/www.w3.org\/2000\/svg\" viewbox=\"0 0 1000 100\" preserveaspectratio=\"none\">\n\t<path class=\"elementor-shape-fill\" d=\"M500,97C126.7,96.3,0.8,19.8,0,0v100l1000,0V1C1000,19.4,873.3,97.8,500,97z\"\/>\n<\/svg>\t\t<\/div>\n\t\t\t\t\t<div class=\"elementor-container elementor-column-gap-default\">\n\t\t\t\t\t<div class=\"elementor-column elementor-col-50 elementor-top-column elementor-element elementor-element-d935e28\" data-id=\"d935e28\" data-element_type=\"column\" data-e-type=\"column\">\n\t\t\t<div class=\"elementor-widget-wrap elementor-element-populated\">\n\t\t\t\t\t\t<div class=\"elementor-element elementor-element-664cba4 elementor-widget elementor-widget-heading\" data-id=\"664cba4\" data-element_type=\"widget\" data-e-type=\"widget\" data-widget_type=\"heading.default\">\n\t\t\t\t\t<h4 class=\"elementor-heading-title elementor-size-default\">\u8054\u7cfb<\/h4>\t\t\t\t<\/div>\n\t\t\t\t<div class=\"elementor-element elementor-element-d8cae58 elementor-widget__width-initial elementor-widget-mobile__width-inherit elementor-invisible elementor-widget elementor-widget-heading\" data-id=\"d8cae58\" data-element_type=\"widget\" data-e-type=\"widget\" data-settings=\"{&quot;_animation&quot;:&quot;fadeInUp&quot;}\" data-widget_type=\"heading.default\">\n\t\t\t\t\t<h2 class=\"elementor-heading-title elementor-size-default\">Bei Fragen?<\/h2>\t\t\t\t<\/div>\n\t\t\t\t<div class=\"elementor-element elementor-element-75147c4 elementor-widget elementor-widget-image\" data-id=\"75147c4\" data-element_type=\"widget\" data-e-type=\"widget\" data-widget_type=\"image.default\">\n\t\t\t\t\t\t\t\t\t\t\t\t\t\t\t<img fetchpriority=\"high\" decoding=\"async\" width=\"907\" height=\"83\" src=\"https:\/\/kinderinseln-berlin-nord.de\/wp-content\/uploads\/2026\/03\/Orange-Modern-Online-Business-Pitch-Deck-Presentation-3-e1774701106678.png\" class=\"attachment-large size-large wp-image-77\" alt=\"\" srcset=\"https:\/\/kinderinseln-berlin-nord.de\/wp-content\/uploads\/2026\/03\/Orange-Modern-Online-Business-Pitch-Deck-Presentation-3-e1774701106678.png 907w, https:\/\/kinderinseln-berlin-nord.de\/wp-content\/uploads\/2026\/03\/Orange-Modern-Online-Business-Pitch-Deck-Presentation-3-e1774701106678-300x27.png 300w, https:\/\/kinderinseln-berlin-nord.de\/wp-content\/uploads\/2026\/03\/Orange-Modern-Online-Business-Pitch-Deck-Presentation-3-e1774701106678-768x70.png 768w\" sizes=\"(max-width: 907px) 100vw, 907px\" \/>\t\t\t\t\t\t\t\t\t\t\t\t\t\t\t<\/div>\n\t\t\t\t<div class=\"elementor-element elementor-element-97323fe elementor-widget__width-initial elementor-widget-mobile__width-inherit elementor-widget elementor-widget-text-editor\" data-id=\"97323fe\" data-element_type=\"widget\" data-e-type=\"widget\" data-widget_type=\"text-editor.default\">\n\t\t\t\t\t\t\t\t\t<p>Wir sind gerne da und<br \/>nehmen uns Zeit. Pers\u00f6nlich, offen und unkompliziert.<\/p>\t\t\t\t\t\t\t\t<\/div>\n\t\t\t\t<div class=\"elementor-element elementor-element-5774408 elementor-align-left elementor-mobile-align-center elementor-widget elementor-widget-button\" data-id=\"5774408\" data-element_type=\"widget\" data-e-type=\"widget\" data-widget_type=\"button.default\">\n\t\t\t\t\t\t\t\t\t\t<a class=\"elementor-button elementor-button-link elementor-size-sm elementor-animation-shrink\" href=\"https:\/\/kinderinseln-berlin-nord.de\/zh\/kindergarten-weisse-stadt\/kontakt\/\">\n\t\t\t\t\t\t<span class=\"elementor-button-content-wrapper\">\n\t\t\t\t\t\t\t\t\t<span class=\"elementor-button-text\">FRAGEN STELLEN<\/span>\n\t\t\t\t\t<\/span>\n\t\t\t\t\t<\/a>\n\t\t\t\t\t\t\t\t<\/div>\n\t\t\t\t\t<\/div>\n\t\t<\/div>\n\t\t\t\t<div class=\"elementor-column elementor-col-50 elementor-top-column elementor-element elementor-element-90e72fb\" data-id=\"90e72fb\" data-element_type=\"column\" data-e-type=\"column\" data-settings=\"{&quot;background_background&quot;:&quot;classic&quot;}\">\n\t\t\t<div class=\"elementor-widget-wrap elementor-element-populated\">\n\t\t\t\t\t\t<div class=\"elementor-element elementor-element-ae1fffa elementor-widget elementor-widget-image\" data-id=\"ae1fffa\" data-element_type=\"widget\" data-e-type=\"widget\" data-widget_type=\"image.default\">\n\t\t\t\t\t\t\t\t\t\t\t\t\t\t\t<img loading=\"lazy\" decoding=\"async\" width=\"1024\" height=\"683\" src=\"https:\/\/kinderinseln-berlin-nord.de\/wp-content\/uploads\/2026\/06\/Kita-Kontakt-Berlin-1024x683.png\" class=\"attachment-large size-large wp-image-1721\" alt=\"\" srcset=\"https:\/\/kinderinseln-berlin-nord.de\/wp-content\/uploads\/2026\/06\/Kita-Kontakt-Berlin-1024x683.png 1024w, https:\/\/kinderinseln-berlin-nord.de\/wp-content\/uploads\/2026\/06\/Kita-Kontakt-Berlin-300x200.png 300w, https:\/\/kinderinseln-berlin-nord.de\/wp-content\/uploads\/2026\/06\/Kita-Kontakt-Berlin-768x512.png 768w, https:\/\/kinderinseln-berlin-nord.de\/wp-content\/uploads\/2026\/06\/Kita-Kontakt-Berlin-1536x1024.png 1536w, https:\/\/kinderinseln-berlin-nord.de\/wp-content\/uploads\/2026\/06\/Kita-Kontakt-Berlin-2048x1366.png 2048w\" sizes=\"(max-width: 1024px) 100vw, 1024px\" \/>\t\t\t\t\t\t\t\t\t\t\t\t\t\t\t<\/div>\n\t\t\t\t\t<\/div>\n\t\t<\/div>\n\t\t\t\t\t<\/div>\n\t\t<\/section>\n\t\t\t\t<\/div>","protected":false},"excerpt":{"rendered":"<p>\u00dcber Uns Was uns ausmacht Die Kinderinsel Weisse Stadt Auf einen Blick: Zahlen, Daten und Fakten Jahre 0 Kinder 0 [&hellip;]<\/p>\n","protected":false},"author":1,"featured_media":0,"parent":1003,"menu_order":0,"comment_status":"closed","ping_status":"closed","template":"","meta":{"site-sidebar-layout":"no-sidebar","site-content-layout":"","ast-site-content-layout":"full-width-container","site-content-style":"default","site-sidebar-style":"default","ast-global-header-display":"","ast-banner-title-visibility":"","ast-main-header-display":"","ast-hfb-above-header-display":"","ast-hfb-below-header-display":"","ast-hfb-mobile-header-display":"","site-post-title":"disabled","ast-breadcrumbs-content":"","ast-featured-img":"disabled","footer-sml-layout":"","ast-disable-related-posts":"","theme-transparent-header-meta":"","adv-header-id-meta":"","stick-header-meta":"","header-above-stick-meta":"","header-main-stick-meta":"","header-below-stick-meta":"","astra-migrate-meta-layouts":"default","ast-page-background-enabled":"default","ast-page-background-meta":{"desktop":{"background-color":"var(--ast-global-color-5)","background-image":"","background-repeat":"repeat","background-position":"center center","background-size":"auto","background-attachment":"scroll","background-type":"","background-media":"","overlay-type":"","overlay-color":"","overlay-opacity":"","overlay-gradient":""},"tablet":{"background-color":"","background-image":"","background-repeat":"repeat","background-position":"center center","background-size":"auto","background-attachment":"scroll","background-type":"","background-media":"","overlay-type":"","overlay-color":"","overlay-opacity":"","overlay-gradient":""},"mobile":{"background-color":"","background-image":"","background-repeat":"repeat","background-position":"center center","background-size":"auto","background-attachment":"scroll","background-type":"","background-media":"","overlay-type":"","overlay-color":"","overlay-opacity":"","overlay-gradient":""}},"ast-content-background-meta":{"desktop":{"background-color":"var(--ast-global-color-4)","background-image":"","background-repeat":"repeat","background-position":"center center","background-size":"auto","background-attachment":"scroll","background-type":"","background-media":"","overlay-type":"","overlay-color":"","overlay-opacity":"","overlay-gradient":""},"tablet":{"background-color":"var(--ast-global-color-4)","background-image":"","background-repeat":"repeat","background-position":"center center","background-size":"auto","background-attachment":"scroll","background-type":"","background-media":"","overlay-type":"","overlay-color":"","overlay-opacity":"","overlay-gradient":""},"mobile":{"background-color":"var(--ast-global-color-4)","background-image":"","background-repeat":"repeat","background-position":"center center","background-size":"auto","background-attachment":"scroll","background-type":"","background-media":"","overlay-type":"","overlay-color":"","overlay-opacity":"","overlay-gradient":""}},"footnotes":""},"class_list":["post-1009","page","type-page","status-publish","hentry"],"_links":{"self":[{"href":"https:\/\/kinderinseln-berlin-nord.de\/zh\/wp-json\/wp\/v2\/pages\/1009","targetHints":{"allow":["GET"]}}],"collection":[{"href":"https:\/\/kinderinseln-berlin-nord.de\/zh\/wp-json\/wp\/v2\/pages"}],"about":[{"href":"https:\/\/kinderinseln-berlin-nord.de\/zh\/wp-json\/wp\/v2\/types\/page"}],"author":[{"embeddable":true,"href":"https:\/\/kinderinseln-berlin-nord.de\/zh\/wp-json\/wp\/v2\/users\/1"}],"replies":[{"embeddable":true,"href":"https:\/\/kinderinseln-berlin-nord.de\/zh\/wp-json\/wp\/v2\/comments?post=1009"}],"version-history":[{"count":10,"href":"https:\/\/kinderinseln-berlin-nord.de\/zh\/wp-json\/wp\/v2\/pages\/1009\/revisions"}],"predecessor-version":[{"id":2901,"href":"https:\/\/kinderinseln-berlin-nord.de\/zh\/wp-json\/wp\/v2\/pages\/1009\/revisions\/2901"}],"up":[{"embeddable":true,"href":"https:\/\/kinderinseln-berlin-nord.de\/zh\/wp-json\/wp\/v2\/pages\/1003"}],"wp:attachment":[{"href":"https:\/\/kinderinseln-berlin-nord.de\/zh\/wp-json\/wp\/v2\/media?parent=1009"}],"curies":[{"name":"wp","href":"https:\/\/api.w.org\/{rel}","templated":true}]}}