{"id":990,"date":"2026-05-16T11:44:10","date_gmt":"2026-05-16T09:44:10","guid":{"rendered":"https:\/\/kinderinseln-berlin-nord.de\/?page_id=990"},"modified":"2026-09-04T13:13:26","modified_gmt":"2026-09-04T11:13:26","slug":"konzept","status":"publish","type":"page","link":"https:\/\/kinderinseln-berlin-nord.de\/zh\/kindergarten-alt-reinickendorf\/konzept\/","title":{"rendered":"Konzept  &#8211; Alt-Reinickendorf"},"content":{"rendered":"<div data-elementor-type=\"wp-page\" data-elementor-id=\"990\" class=\"elementor elementor-990\" data-elementor-settings=\"{&quot;ha_cmc_init_switcher&quot;:&quot;no&quot;}\">\n\t\t\t\t\t\t<section class=\"elementor-section elementor-top-section elementor-element elementor-element-efa93eb elementor-section-boxed elementor-section-height-default elementor-section-height-default\" data-id=\"efa93eb\" data-element_type=\"section\" data-e-type=\"section\" data-settings=\"{&quot;background_background&quot;:&quot;classic&quot;,&quot;shape_divider_bottom&quot;:&quot;waves&quot;,&quot;_ha_eqh_enable&quot;:false}\">\n\t\t\t\t\t<div class=\"elementor-shape elementor-shape-bottom\" aria-hidden=\"true\" data-negative=\"false\">\n\t\t\t<svg xmlns=\"http:\/\/www.w3.org\/2000\/svg\" viewbox=\"0 0 1000 100\" preserveaspectratio=\"none\">\n\t<path class=\"elementor-shape-fill\" d=\"M421.9,6.5c22.6-2.5,51.5,0.4,75.5,5.3c23.6,4.9,70.9,23.5,100.5,35.7c75.8,32.2,133.7,44.5,192.6,49.7\tc23.6,2.1,48.7,3.5,103.4-2.5c54.7-6,106.2-25.6,106.2-25.6V0H0v30.3c0,0,72,32.6,158.4,30.5c39.2-0.7,92.8-6.7,134-22.4\tc21.2-8.1,52.2-18.2,79.7-24.2C399.3,7.9,411.6,7.5,421.9,6.5z\"\/>\n<\/svg>\t\t<\/div>\n\t\t\t\t\t<div class=\"elementor-container elementor-column-gap-default\">\n\t\t\t\t\t<div class=\"elementor-column elementor-col-50 elementor-top-column elementor-element elementor-element-f532dc3\" data-id=\"f532dc3\" data-element_type=\"column\" data-e-type=\"column\">\n\t\t\t<div class=\"elementor-widget-wrap elementor-element-populated\">\n\t\t\t\t\t\t<div class=\"elementor-element elementor-element-455e2af elementor-widget elementor-widget-heading\" data-id=\"455e2af\" data-element_type=\"widget\" data-e-type=\"widget\" data-widget_type=\"heading.default\">\n\t\t\t\t\t<h1 class=\"elementor-heading-title elementor-size-default\">Unser Konzept<\/h1>\t\t\t\t<\/div>\n\t\t\t\t<div class=\"elementor-element elementor-element-704670d elementor-widget elementor-widget-image\" data-id=\"704670d\" data-element_type=\"widget\" data-e-type=\"widget\" data-widget_type=\"image.default\">\n\t\t\t\t\t\t\t\t\t\t\t\t\t\t\t<img fetchpriority=\"high\" decoding=\"async\" width=\"907\" height=\"83\" src=\"https:\/\/kinderinseln-berlin-nord.de\/wp-content\/uploads\/2026\/03\/Orange-Modern-Online-Business-Pitch-Deck-Presentation-3-e1774701106678.png\" class=\"attachment-large size-large wp-image-77\" alt=\"\" srcset=\"https:\/\/kinderinseln-berlin-nord.de\/wp-content\/uploads\/2026\/03\/Orange-Modern-Online-Business-Pitch-Deck-Presentation-3-e1774701106678.png 907w, https:\/\/kinderinseln-berlin-nord.de\/wp-content\/uploads\/2026\/03\/Orange-Modern-Online-Business-Pitch-Deck-Presentation-3-e1774701106678-300x27.png 300w, https:\/\/kinderinseln-berlin-nord.de\/wp-content\/uploads\/2026\/03\/Orange-Modern-Online-Business-Pitch-Deck-Presentation-3-e1774701106678-768x70.png 768w\" sizes=\"(max-width: 907px) 100vw, 907px\" \/>\t\t\t\t\t\t\t\t\t\t\t\t\t\t\t<\/div>\n\t\t\t\t\t<\/div>\n\t\t<\/div>\n\t\t\t\t<div class=\"elementor-column elementor-col-50 elementor-top-column elementor-element elementor-element-c057030\" data-id=\"c057030\" data-element_type=\"column\" data-e-type=\"column\">\n\t\t\t<div class=\"elementor-widget-wrap elementor-element-populated\">\n\t\t\t\t\t\t<div class=\"elementor-element elementor-element-00742bd elementor-widget elementor-widget-image\" data-id=\"00742bd\" data-element_type=\"widget\" data-e-type=\"widget\" data-widget_type=\"image.default\">\n\t\t\t\t\t\t\t\t\t\t\t\t\t\t\t<img decoding=\"async\" width=\"645\" height=\"602\" src=\"https:\/\/kinderinseln-berlin-nord.de\/wp-content\/uploads\/2026\/03\/8.png\" class=\"attachment-large size-large wp-image-134\" alt=\"\" srcset=\"https:\/\/kinderinseln-berlin-nord.de\/wp-content\/uploads\/2026\/03\/8.png 645w, https:\/\/kinderinseln-berlin-nord.de\/wp-content\/uploads\/2026\/03\/8-300x280.png 300w\" sizes=\"(max-width: 645px) 100vw, 645px\" \/>\t\t\t\t\t\t\t\t\t\t\t\t\t\t\t<\/div>\n\t\t\t\t\t<\/div>\n\t\t<\/div>\n\t\t\t\t\t<\/div>\n\t\t<\/section>\n\t\t\t\t<section class=\"elementor-section elementor-top-section elementor-element elementor-element-5624ba8 elementor-section-boxed elementor-section-height-default elementor-section-height-default\" data-id=\"5624ba8\" data-element_type=\"section\" data-e-type=\"section\" data-settings=\"{&quot;shape_divider_bottom&quot;:&quot;waves&quot;,&quot;_ha_eqh_enable&quot;:false}\">\n\t\t\t\t\t<div class=\"elementor-shape elementor-shape-bottom\" aria-hidden=\"true\" data-negative=\"false\">\n\t\t\t<svg xmlns=\"http:\/\/www.w3.org\/2000\/svg\" viewbox=\"0 0 1000 100\" preserveaspectratio=\"none\">\n\t<path class=\"elementor-shape-fill\" d=\"M421.9,6.5c22.6-2.5,51.5,0.4,75.5,5.3c23.6,4.9,70.9,23.5,100.5,35.7c75.8,32.2,133.7,44.5,192.6,49.7\tc23.6,2.1,48.7,3.5,103.4-2.5c54.7-6,106.2-25.6,106.2-25.6V0H0v30.3c0,0,72,32.6,158.4,30.5c39.2-0.7,92.8-6.7,134-22.4\tc21.2-8.1,52.2-18.2,79.7-24.2C399.3,7.9,411.6,7.5,421.9,6.5z\"\/>\n<\/svg>\t\t<\/div>\n\t\t\t\t\t<div class=\"elementor-container elementor-column-gap-default\">\n\t\t\t\t\t<div class=\"elementor-column elementor-col-100 elementor-top-column elementor-element elementor-element-03244cc\" data-id=\"03244cc\" data-element_type=\"column\" data-e-type=\"column\">\n\t\t\t<div class=\"elementor-widget-wrap elementor-element-populated\">\n\t\t\t\t\t\t<div class=\"elementor-element elementor-element-9dc3bb8 elementor-widget elementor-widget-heading\" data-id=\"9dc3bb8\" data-element_type=\"widget\" data-e-type=\"widget\" data-widget_type=\"heading.default\">\n\t\t\t\t\t<h4 class=\"elementor-heading-title elementor-size-default\">Leitbild und Konzeption<\/h4>\t\t\t\t<\/div>\n\t\t\t\t<div class=\"elementor-element elementor-element-c7406fc elementor-widget elementor-widget-heading\" data-id=\"c7406fc\" data-element_type=\"widget\" data-e-type=\"widget\" data-widget_type=\"heading.default\">\n\t\t\t\t\t<h2 class=\"elementor-heading-title elementor-size-default\">Das wichtigste auf einen blick<\/h2>\t\t\t\t<\/div>\n\t\t\t\t<section class=\"elementor-section elementor-inner-section elementor-element elementor-element-17cdf35 elementor-section-full_width elementor-section-height-default elementor-section-height-default\" data-id=\"17cdf35\" data-element_type=\"section\" data-e-type=\"section\" data-settings=\"{&quot;_ha_eqh_enable&quot;:false}\">\n\t\t\t\t\t\t<div class=\"elementor-container elementor-column-gap-default\">\n\t\t\t\t\t<div class=\"elementor-column elementor-col-50 elementor-inner-column elementor-element elementor-element-69986af\" data-id=\"69986af\" data-element_type=\"column\" data-e-type=\"column\" data-settings=\"{&quot;background_background&quot;:&quot;classic&quot;}\">\n\t\t\t<div class=\"elementor-widget-wrap elementor-element-populated\">\n\t\t\t\t\t\t<div class=\"elementor-element elementor-element-934e6f8 elementor-position-top elementor-widget elementor-widget-image-box\" data-id=\"934e6f8\" data-element_type=\"widget\" data-e-type=\"widget\" data-widget_type=\"image-box.default\">\n\t\t\t\t\t<div class=\"elementor-image-box-wrapper\"><figure class=\"elementor-image-box-img\"><img decoding=\"async\" width=\"645\" height=\"602\" src=\"https:\/\/kinderinseln-berlin-nord.de\/wp-content\/uploads\/2026\/03\/5.png\" class=\"attachment-full size-full wp-image-85\" alt=\"\" srcset=\"https:\/\/kinderinseln-berlin-nord.de\/wp-content\/uploads\/2026\/03\/5.png 645w, https:\/\/kinderinseln-berlin-nord.de\/wp-content\/uploads\/2026\/03\/5-300x280.png 300w\" sizes=\"(max-width: 645px) 100vw, 645px\" \/><\/figure><div class=\"elementor-image-box-content\"><h4 class=\"elementor-image-box-title\">Betreeung und Struktur<\/h4><p class=\"elementor-image-box-description\"><ul style=\"color: white\">\n  <li>Kinder im Alter von 1 bis zum Schuleintritt<\/li>\n  <li>Krippen- und Elementarbereich mit bed\u00fcrfnisorientiertem \u00dcbergang<\/li>\n  <li>Kleine Gruppenstrukturen im Alltag<\/li>\n  <li>Offene Arbeit mit Funktionsr\u00e4umen<\/li>\n  <li>Naturnaher Au\u00dfenbereich<\/li>\n  <li>Gesunde Ern\u00e4hrung, t\u00e4gliche Bewegung und Entspannung im Fokus<\/li>\n<\/ul><\/p><\/div><\/div>\t\t\t\t<\/div>\n\t\t\t\t\t<\/div>\n\t\t<\/div>\n\t\t\t\t<div class=\"elementor-column elementor-col-50 elementor-inner-column elementor-element elementor-element-656e815\" data-id=\"656e815\" data-element_type=\"column\" data-e-type=\"column\" data-settings=\"{&quot;background_background&quot;:&quot;classic&quot;}\">\n\t\t\t<div class=\"elementor-widget-wrap elementor-element-populated\">\n\t\t\t\t\t\t<div class=\"elementor-element elementor-element-b856c7a elementor-position-top elementor-widget elementor-widget-image-box\" data-id=\"b856c7a\" data-element_type=\"widget\" data-e-type=\"widget\" data-widget_type=\"image-box.default\">\n\t\t\t\t\t<div class=\"elementor-image-box-wrapper\"><figure class=\"elementor-image-box-img\"><img loading=\"lazy\" decoding=\"async\" width=\"645\" height=\"602\" src=\"https:\/\/kinderinseln-berlin-nord.de\/wp-content\/uploads\/2026\/03\/7.png\" class=\"attachment-full size-full wp-image-84\" alt=\"\" srcset=\"https:\/\/kinderinseln-berlin-nord.de\/wp-content\/uploads\/2026\/03\/7.png 645w, https:\/\/kinderinseln-berlin-nord.de\/wp-content\/uploads\/2026\/03\/7-300x280.png 300w\" sizes=\"(max-width: 645px) 100vw, 645px\" \/><\/figure><div class=\"elementor-image-box-content\"><h4 class=\"elementor-image-box-title\">P\u00e4dagogische Konzeption<\/h4><p class=\"elementor-image-box-description\"><ul style=\"color: white\">\n  <li>Offene und partizipative Arbeit nach dem Situationsansatz<\/li>\n  <li>Orientierung am Berliner Bildungsprogramm<\/li>\n  <li>Fokus auf Selbstst\u00e4ndigkeit, Selbstwirksamkeit und Mitbestimmung<\/li>\n  <li>Alltagsintegrierte Sprach-, Bewegungs- und Naturbildung<\/li>\n<\/ul><\/p><\/div><\/div>\t\t\t\t<\/div>\n\t\t\t\t\t<\/div>\n\t\t<\/div>\n\t\t\t\t\t<\/div>\n\t\t<\/section>\n\t\t\t\t<section class=\"elementor-section elementor-inner-section elementor-element elementor-element-39283ae elementor-section-full_width elementor-section-height-default elementor-section-height-default\" data-id=\"39283ae\" data-element_type=\"section\" data-e-type=\"section\" data-settings=\"{&quot;_ha_eqh_enable&quot;:false}\">\n\t\t\t\t\t\t<div class=\"elementor-container elementor-column-gap-default\">\n\t\t\t\t\t<div class=\"elementor-column elementor-col-50 elementor-inner-column elementor-element elementor-element-356cdfe\" data-id=\"356cdfe\" data-element_type=\"column\" data-e-type=\"column\" data-settings=\"{&quot;background_background&quot;:&quot;classic&quot;}\">\n\t\t\t<div class=\"elementor-widget-wrap elementor-element-populated\">\n\t\t\t\t\t\t<div class=\"elementor-element elementor-element-5ece159 elementor-position-top elementor-widget elementor-widget-image-box\" data-id=\"5ece159\" data-element_type=\"widget\" data-e-type=\"widget\" data-widget_type=\"image-box.default\">\n\t\t\t\t\t<div class=\"elementor-image-box-wrapper\"><figure class=\"elementor-image-box-img\"><img loading=\"lazy\" decoding=\"async\" width=\"654\" height=\"602\" src=\"https:\/\/kinderinseln-berlin-nord.de\/wp-content\/uploads\/2026\/04\/ICONS-KINDERINSELN.png\" class=\"attachment-full size-full wp-image-579\" alt=\"\" srcset=\"https:\/\/kinderinseln-berlin-nord.de\/wp-content\/uploads\/2026\/04\/ICONS-KINDERINSELN.png 654w, https:\/\/kinderinseln-berlin-nord.de\/wp-content\/uploads\/2026\/04\/ICONS-KINDERINSELN-300x276.png 300w\" sizes=\"(max-width: 654px) 100vw, 654px\" \/><\/figure><div class=\"elementor-image-box-content\"><h4 class=\"elementor-image-box-title\">Schwerpunkte<\/h4><p class=\"elementor-image-box-description\"><ul style=\"color: white\">\n  <li>Bewegung, Entspannung &amp; Gesundheit<\/li>\n  <li>Sprache &amp; Kommunikation<\/li>\n  <li>Natur- &amp; Umweltbildung<\/li>\n  <li>Partizipation &amp; Selbstst\u00e4ndigkeit<\/li>\n  <li>Offene P\u00e4dagogik<\/li>\n  <li>Starke Familienpartnerschaft<\/li>\n<\/ul><\/p><\/div><\/div>\t\t\t\t<\/div>\n\t\t\t\t\t<\/div>\n\t\t<\/div>\n\t\t\t\t<div class=\"elementor-column elementor-col-50 elementor-inner-column elementor-element elementor-element-c2c15b5\" data-id=\"c2c15b5\" data-element_type=\"column\" data-e-type=\"column\" data-settings=\"{&quot;background_background&quot;:&quot;classic&quot;}\">\n\t\t\t<div class=\"elementor-widget-wrap elementor-element-populated\">\n\t\t\t\t\t\t<div class=\"elementor-element elementor-element-50da7c5 elementor-position-top elementor-widget elementor-widget-image-box\" data-id=\"50da7c5\" data-element_type=\"widget\" data-e-type=\"widget\" data-widget_type=\"image-box.default\">\n\t\t\t\t\t<div class=\"elementor-image-box-wrapper\"><figure class=\"elementor-image-box-img\"><img loading=\"lazy\" decoding=\"async\" width=\"645\" height=\"602\" src=\"https:\/\/kinderinseln-berlin-nord.de\/wp-content\/uploads\/2026\/03\/6.png\" class=\"attachment-full size-full wp-image-83\" alt=\"\" srcset=\"https:\/\/kinderinseln-berlin-nord.de\/wp-content\/uploads\/2026\/03\/6.png 645w, https:\/\/kinderinseln-berlin-nord.de\/wp-content\/uploads\/2026\/03\/6-300x280.png 300w\" sizes=\"(max-width: 645px) 100vw, 645px\" \/><\/figure><div class=\"elementor-image-box-content\"><h4 class=\"elementor-image-box-title\">Familien-Fokus<\/h4><p class=\"elementor-image-box-description\"><ul style=\"color: white\">\n  <li>Sorgeberechtigte als wichtige Bildungspartner<\/li>\n  <li>Gemeinsam die Entwicklung der Kinder begleiten<\/li>\n  <li>Raum f\u00fcr Begegnung, Austausch und Mitgestaltung<\/li>\n  <li>Regelm\u00e4\u00dfige Portfoliogespr\u00e4che<\/li>\n<\/ul><\/p><\/div><\/div>\t\t\t\t<\/div>\n\t\t\t\t\t<\/div>\n\t\t<\/div>\n\t\t\t\t\t<\/div>\n\t\t<\/section>\n\t\t\t\t\t<\/div>\n\t\t<\/div>\n\t\t\t\t\t<\/div>\n\t\t<\/section>\n\t\t\t\t<section class=\"elementor-section elementor-top-section elementor-element elementor-element-a3c8ca6 elementor-section-boxed elementor-section-height-default elementor-section-height-default\" data-id=\"a3c8ca6\" data-element_type=\"section\" data-e-type=\"section\" data-settings=\"{&quot;background_background&quot;:&quot;classic&quot;,&quot;shape_divider_bottom&quot;:&quot;multi-wave&quot;,&quot;_ha_eqh_enable&quot;:false}\">\n\t\t\t\t\t<div class=\"elementor-shape elementor-shape-bottom\" aria-hidden=\"true\" data-negative=\"false\">\n\t\t\t<svg xmlns=\"http:\/\/www.w3.org\/2000\/svg\" viewbox=\"0 0 4080 400\" preserveaspectratio=\"none\">\n<path class=\"elementor-shape-fill ha-shape-divider\" opacity=\"0.2\" enable-background=\"new    \" d=\"M4080,79.3V0L1179.4,0v79.3c0,0,694.9,437.4,1471.3,275.6\tS3575.7-152.5,4080,79.3z\"\/>\n<path class=\"elementor-shape-fill ha-shape-divider\" opacity=\"0.2\" enable-background=\"new    \" d=\"M2249,79.3V0L0,0l0,79.3c0,0,43.3,437.4,819.8,275.6S1744.7-152.5,2249,79.3z\"\/>\n<path class=\"elementor-shape-fill ha-shape-divider\" opacity=\"0.2\" enable-background=\"new    \" d=\"M2631.6,49.8c0,0-596.3,547.3-1468.8,230.2S0,95.6,0,95.6L0,0l2631.6,0V49.8z\"\/>\n<path class=\"elementor-shape-fill ha-shape-divider\" opacity=\"0.2\" enable-background=\"new    \" d=\"M4080,95.6c0,0-428.4,501.5-1208.9,184.4S1831,95.6,1831,95.6V0l2249,0V95.6z\"\/>\n<path class=\"elementor-shape-fill ha-shape-divider\" d=\"M4080,0v192.6c-392.4,177-703.2,95.6-1075-34.1c-214.6-74.8-508-126-839.1,6.1c-149.2,59.5-447.2,203.4-1026.2,10.8\tC313.2-99.5,0,95.6,0,95.6L0,0l2249,0L4080,0z\"\/>\n<\/svg>\n\t\t<\/div>\n\t\t\t\t\t<div class=\"elementor-container elementor-column-gap-default\">\n\t\t\t\t\t<div class=\"elementor-column elementor-col-100 elementor-top-column elementor-element elementor-element-f717b43\" data-id=\"f717b43\" data-element_type=\"column\" data-e-type=\"column\">\n\t\t\t<div class=\"elementor-widget-wrap elementor-element-populated\">\n\t\t\t\t\t\t<div class=\"elementor-element elementor-element-ad47917 elementor-widget elementor-widget-heading\" data-id=\"ad47917\" data-element_type=\"widget\" data-e-type=\"widget\" data-widget_type=\"heading.default\">\n\t\t\t\t\t<h2 class=\"elementor-heading-title elementor-size-default\">Wer wir sind und was uns wichtig ist:<\/h2>\t\t\t\t<\/div>\n\t\t\t\t<div class=\"elementor-element elementor-element-f154f0a elementor-widget elementor-widget-text-editor\" data-id=\"f154f0a\" data-element_type=\"widget\" data-e-type=\"widget\" data-widget_type=\"text-editor.default\">\n\t\t\t\t\t\t\t\t\t<p class=\"m_2402220242554987494MsoPlainText\">Die Kinderinsel Alt-Reinickendorf ist ein Ort, an dem Kinder sich sicher, geborgen und willkommen f\u00fchlen. Jedes Kind ist einzigartig und bringt seine eigene Pers\u00f6nlichkeit, seine Interessen und sein individuelles Entwicklungstempo mit. Diese Vielfalt sehen wir als Bereicherung und begleiten jedes Kind mit Wertsch\u00e4tzung, Respekt und Vertrauen.<u><\/u><u><\/u><\/p><p class=\"m_2402220242554987494MsoPlainText\">Unsere p\u00e4dagogische Arbeit orientiert sich am Berliner Bildungsprogramm, am Situationsansatz sowie an den Grunds\u00e4tzen der Partizipation. Wir m\u00f6chten Kinder darin best\u00e4rken, ihre Umwelt neugierig zu entdecken, eigene Erfahrungen zu sammeln und ihre Ideen aktiv einzubringen. Dabei erleben sie, dass ihre Meinungen ernst genommen werden und sie ihren Kita-Alltag mitgestalten k\u00f6nnen.<u><\/u><u><\/u><\/p><p class=\"m_2402220242554987494MsoPlainText\">Wir f\u00f6rdern die Kinder in ihrer sozialen, emotionalen, motorischen und kognitiven Entwicklung und schaffen vielf\u00e4ltige M\u00f6glichkeiten zum Spielen, Bewegen, Forschen, Gestalten und Lernen. Besonders wichtig sind uns verl\u00e4ssliche Beziehungen, ein positives Miteinander und eine Atmosph\u00e4re, in der sich jedes Kind angenommen und gesehen f\u00fchlt.<u><\/u><u><\/u><\/p><p class=\"m_2402220242554987494MsoPlainText\">Gemeinschaft, gegenseitige R\u00fccksichtnahme und ein respektvoller Umgang miteinander pr\u00e4gen unseren Alltag. Wir m\u00f6chten Kinder darin begleiten, Selbstvertrauen zu entwickeln, Verantwortung zu \u00fcbernehmen und offen auf andere Menschen zuzugehen.<u><\/u><u><\/u><\/p><p class=\"m_2402220242554987494MsoPlainText\">Unsere p\u00e4dagogische Konzeption beschreibt ausf\u00fchrlich, wie wir diese Grundhaltung im Alltag der Kinderinsel Alt-Reinickendorf leben und gestalten.<\/p>\t\t\t\t\t\t\t\t<\/div>\n\t\t\t\t\t<\/div>\n\t\t<\/div>\n\t\t\t\t\t<\/div>\n\t\t<\/section>\n\t\t\t\t<section class=\"elementor-section elementor-top-section elementor-element elementor-element-7369680 elementor-section-boxed elementor-section-height-default elementor-section-height-default\" data-id=\"7369680\" data-element_type=\"section\" data-e-type=\"section\" data-settings=\"{&quot;background_background&quot;:&quot;classic&quot;,&quot;_ha_eqh_enable&quot;:false}\">\n\t\t\t\t\t\t<div class=\"elementor-container elementor-column-gap-default\">\n\t\t\t\t\t<div class=\"elementor-column elementor-col-100 elementor-top-column elementor-element elementor-element-dd93e9a\" data-id=\"dd93e9a\" data-element_type=\"column\" data-e-type=\"column\">\n\t\t\t<div class=\"elementor-widget-wrap elementor-element-populated\">\n\t\t\t\t\t\t<div class=\"elementor-element elementor-element-f1a1f15 elementor-widget elementor-widget-heading\" data-id=\"f1a1f15\" data-element_type=\"widget\" data-e-type=\"widget\" data-widget_type=\"heading.default\">\n\t\t\t\t\t<h2 class=\"elementor-heading-title elementor-size-default\">Was wir daf\u00fcr tun<\/h2>\t\t\t\t<\/div>\n\t\t\t\t<div class=\"elementor-element elementor-element-7ad248b elementor-widget elementor-widget-text-editor\" data-id=\"7ad248b\" data-element_type=\"widget\" data-e-type=\"widget\" data-widget_type=\"text-editor.default\">\n\t\t\t\t\t\t\t\t\t<p class=\"m_2402220242554987494MsoPlainText\">Wir gestalten unseren Kita-Alltag so, dass Kinder in einer anregenden und zugleich sicheren Umgebung ihre Welt entdecken k\u00f6nnen. Eine wertsch\u00e4tzende Atmosph\u00e4re, feste Bezugspersonen und verl\u00e4ssliche Strukturen geben den Kindern Orientierung und Geborgenheit.<u><\/u><u><\/u><\/p><p class=\"m_2402220242554987494MsoPlainText\">Unsere p\u00e4dagogischen Fachkr\u00e4fte begleiten die Kinder aufmerksam und auf Augenh\u00f6he. Sie greifen Interessen und Themen der Kinder auf, schaffen vielf\u00e4ltige Bildungsanl\u00e4sse und unterst\u00fctzen sie dabei, ihre F\u00e4higkeiten und Talente zu entfalten. Dabei verstehen wir Bildung als einen gemeinsamen Prozess des Entdeckens, Ausprobierens und Lernens.<u><\/u><u><\/u><\/p><p class=\"m_2402220242554987494MsoPlainText\">Eine vertrauensvolle Zusammenarbeit mit den Familien ist f\u00fcr uns ein wesentlicher Bestandteil unserer p\u00e4dagogischen Arbeit. Im regelm\u00e4\u00dfigen Austausch gestalten wir eine Erziehungspartnerschaft, die von Offenheit, Transparenz und gegenseitigem Respekt gepr\u00e4gt ist. Gemeinsam begleiten wir die Kinder auf ihrem individuellen Entwicklungsweg.<u><\/u><u><\/u><\/p><p class=\"m_2402220242554987494MsoPlainText\">Wir reflektieren unsere p\u00e4dagogische Arbeit kontinuierlich und entwickeln sie im Team weiter. Regelm\u00e4\u00dfige Fortbildungen, fachlicher Austausch sowie die Orientierung am Berliner Bildungsprogramm und an aktuellen Erkenntnissen der fr\u00fchkindlichen Bildung unterst\u00fctzen uns dabei, die Qualit\u00e4t unserer Arbeit stetig weiterzuentwickeln.<u><\/u><u><\/u><\/p><p class=\"m_2402220242554987494MsoPlainText\">Unser Ziel ist es, jedem Kind einen Ort zu bieten, an dem es sich wohlf\u00fchlt, Vertrauen entwickeln kann und mit Freude lernt. Einen Ort, an dem Kinder Kind sein d\u00fcrfen und in ihrer Entwicklung bestm\u00f6glich begleitet werden.<\/p>\t\t\t\t\t\t\t\t<\/div>\n\t\t\t\t\t<\/div>\n\t\t<\/div>\n\t\t\t\t\t<\/div>\n\t\t<\/section>\n\t\t\t\t<section class=\"elementor-section elementor-top-section elementor-element elementor-element-ee0b8be elementor-section-boxed elementor-section-height-default elementor-section-height-default\" data-id=\"ee0b8be\" data-element_type=\"section\" data-e-type=\"section\" data-settings=\"{&quot;background_background&quot;:&quot;classic&quot;,&quot;shape_divider_bottom&quot;:&quot;multi-wave&quot;,&quot;_ha_eqh_enable&quot;:false}\">\n\t\t\t\t\t<div class=\"elementor-shape elementor-shape-bottom\" aria-hidden=\"true\" data-negative=\"false\">\n\t\t\t<svg xmlns=\"http:\/\/www.w3.org\/2000\/svg\" viewbox=\"0 0 4080 400\" preserveaspectratio=\"none\">\n<path class=\"elementor-shape-fill ha-shape-divider\" opacity=\"0.2\" enable-background=\"new    \" d=\"M4080,79.3V0L1179.4,0v79.3c0,0,694.9,437.4,1471.3,275.6\tS3575.7-152.5,4080,79.3z\"\/>\n<path class=\"elementor-shape-fill ha-shape-divider\" opacity=\"0.2\" enable-background=\"new    \" d=\"M2249,79.3V0L0,0l0,79.3c0,0,43.3,437.4,819.8,275.6S1744.7-152.5,2249,79.3z\"\/>\n<path class=\"elementor-shape-fill ha-shape-divider\" opacity=\"0.2\" enable-background=\"new    \" d=\"M2631.6,49.8c0,0-596.3,547.3-1468.8,230.2S0,95.6,0,95.6L0,0l2631.6,0V49.8z\"\/>\n<path class=\"elementor-shape-fill ha-shape-divider\" opacity=\"0.2\" enable-background=\"new    \" d=\"M4080,95.6c0,0-428.4,501.5-1208.9,184.4S1831,95.6,1831,95.6V0l2249,0V95.6z\"\/>\n<path class=\"elementor-shape-fill ha-shape-divider\" d=\"M4080,0v192.6c-392.4,177-703.2,95.6-1075-34.1c-214.6-74.8-508-126-839.1,6.1c-149.2,59.5-447.2,203.4-1026.2,10.8\tC313.2-99.5,0,95.6,0,95.6L0,0l2249,0L4080,0z\"\/>\n<\/svg>\n\t\t<\/div>\n\t\t\t\t\t<div class=\"elementor-container elementor-column-gap-default\">\n\t\t\t\t\t<div class=\"elementor-column elementor-col-100 elementor-top-column elementor-element elementor-element-100620a\" data-id=\"100620a\" data-element_type=\"column\" data-e-type=\"column\" data-settings=\"{&quot;background_background&quot;:&quot;classic&quot;}\">\n\t\t\t<div class=\"elementor-widget-wrap elementor-element-populated\">\n\t\t\t\t\t\t<div class=\"elementor-element elementor-element-51f684d elementor-widget-mobile__width-inherit elementor-invisible elementor-widget elementor-widget-heading\" data-id=\"51f684d\" data-element_type=\"widget\" data-e-type=\"widget\" data-settings=\"{&quot;_animation&quot;:&quot;fadeInUp&quot;}\" data-widget_type=\"heading.default\">\n\t\t\t\t\t<h2 class=\"elementor-heading-title elementor-size-default\">Downloads<\/h2>\t\t\t\t<\/div>\n\t\t\t\t<section class=\"elementor-section elementor-inner-section elementor-element elementor-element-983cbba elementor-section-full_width elementor-section-height-default elementor-section-height-default\" data-id=\"983cbba\" data-element_type=\"section\" data-e-type=\"section\" data-settings=\"{&quot;background_background&quot;:&quot;classic&quot;,&quot;_ha_eqh_enable&quot;:false}\">\n\t\t\t\t\t\t<div class=\"elementor-container elementor-column-gap-default\">\n\t\t\t\t\t<div data-ha-element-link=\"{&quot;url&quot;:&quot;https:\\\/\\\/kinderinseln-berlin-nord.de\\\/wp-content\\\/uploads\\\/2026\\\/05\\\/2026-06-01-paed.Konzeption-KAR.pdf&quot;,&quot;is_external&quot;:&quot;&quot;,&quot;nofollow&quot;:&quot;&quot;}\" style=\"cursor: pointer cursor: pointer\" data-premium-element-link=\"{&quot;type&quot;:&quot;url&quot;,&quot;link&quot;:{&quot;url&quot;:&quot;https:\\\/\\\/kinderinseln-berlin-nord.de\\\/wp-content\\\/uploads\\\/2026\\\/05\\\/2026-06-01-paed.Konzeption-KAR.pdf&quot;,&quot;is_external&quot;:&quot;&quot;,&quot;nofollow&quot;:&quot;&quot;,&quot;custom_attributes&quot;:&quot;&quot;},&quot;href&quot;:&quot;https:\\\/\\\/kinderinseln-berlin-nord.de\\\/wp-content\\\/uploads\\\/2026\\\/05\\\/2026-06-01-paed.Konzeption-KAR.pdf&quot;}\" class=\"elementor-column elementor-col-50 elementor-inner-column elementor-element elementor-element-fca864e premium-wrapper-link-yes\" data-id=\"fca864e\" data-element_type=\"column\" data-e-type=\"column\" data-settings=\"{&quot;background_background&quot;:&quot;classic&quot;}\">\n\t\t\t<div class=\"elementor-widget-wrap elementor-element-populated\">\n\t\t\t\t\t\t<div class=\"elementor-element elementor-element-dec81da elementor-widget elementor-widget-heading\" data-id=\"dec81da\" data-element_type=\"widget\" data-e-type=\"widget\" data-widget_type=\"heading.default\">\n\t\t\t\t\t<h5 class=\"elementor-heading-title elementor-size-default\">P\u00e4dagogische<br>Konzeption<\/h5>\t\t\t\t<\/div>\n\t\t\t\t<div class=\"elementor-element elementor-element-d8cc307 elementor-widget elementor-widget-image\" data-id=\"d8cc307\" data-element_type=\"widget\" data-e-type=\"widget\" data-widget_type=\"image.default\">\n\t\t\t\t\t\t\t\t\t\t\t\t\t\t\t\t<a href=\"https:\/\/kinderinseln-berlin-nord.de\/wp-content\/uploads\/2026\/05\/2026-06-01-paed.Konzeption-KAR.pdf\">\n\t\t\t\t\t\t\t<img loading=\"lazy\" decoding=\"async\" width=\"654\" height=\"602\" src=\"https:\/\/kinderinseln-berlin-nord.de\/wp-content\/uploads\/2026\/04\/ICONS-KINDERINSELN-1.png\" class=\"attachment-large size-large wp-image-580\" alt=\"\" srcset=\"https:\/\/kinderinseln-berlin-nord.de\/wp-content\/uploads\/2026\/04\/ICONS-KINDERINSELN-1.png 654w, https:\/\/kinderinseln-berlin-nord.de\/wp-content\/uploads\/2026\/04\/ICONS-KINDERINSELN-1-300x276.png 300w\" sizes=\"(max-width: 654px) 100vw, 654px\" \/>\t\t\t\t\t\t\t\t<\/a>\n\t\t\t\t\t\t\t\t\t\t\t\t\t\t\t<\/div>\n\t\t\t\t\t<\/div>\n\t\t<\/div>\n\t\t\t\t<div data-premium-element-link=\"{&quot;type&quot;:&quot;url&quot;,&quot;link&quot;:{&quot;url&quot;:&quot;\\\/wp-content\\\/uploads\\\/2026\\\/04\\\/Konzeption_2025.pdf&quot;,&quot;is_external&quot;:&quot;&quot;,&quot;nofollow&quot;:&quot;&quot;,&quot;custom_attributes&quot;:&quot;&quot;},&quot;href&quot;:&quot;\\\/wp-content\\\/uploads\\\/2026\\\/04\\\/Konzeption_2025.pdf&quot;}\" style=\"cursor: pointer\" class=\"elementor-column elementor-col-50 elementor-inner-column elementor-element elementor-element-4d18d9a premium-wrapper-link-yes\" data-id=\"4d18d9a\" data-element_type=\"column\" data-e-type=\"column\" data-settings=\"{&quot;background_background&quot;:&quot;classic&quot;}\">\n\t\t\t<div class=\"elementor-widget-wrap elementor-element-populated\">\n\t\t\t\t\t\t<div class=\"elementor-element elementor-element-bf07d02 elementor-widget elementor-widget-heading\" data-id=\"bf07d02\" data-element_type=\"widget\" data-e-type=\"widget\" data-widget_type=\"heading.default\">\n\t\t\t\t\t<h5 class=\"elementor-heading-title elementor-size-default\">Kurzkonzept Kinderrechte und Kinderschutz<\/h5>\t\t\t\t<\/div>\n\t\t\t\t<div class=\"elementor-element elementor-element-74c4066 elementor-widget elementor-widget-image\" data-id=\"74c4066\" data-element_type=\"widget\" data-e-type=\"widget\" data-widget_type=\"image.default\">\n\t\t\t\t\t\t\t\t\t\t\t\t\t\t\t\t<a href=\"\/wp-content\/uploads\/2026\/06\/Kurzkonzept-Kinderrechte-und-Kinderschutz-2.pdf\" target=\"_blank\">\n\t\t\t\t\t\t\t<img loading=\"lazy\" decoding=\"async\" width=\"654\" height=\"602\" src=\"https:\/\/kinderinseln-berlin-nord.de\/wp-content\/uploads\/2026\/04\/ICONS-KINDERINSELN-1.png\" class=\"attachment-large size-large wp-image-580\" alt=\"\" srcset=\"https:\/\/kinderinseln-berlin-nord.de\/wp-content\/uploads\/2026\/04\/ICONS-KINDERINSELN-1.png 654w, https:\/\/kinderinseln-berlin-nord.de\/wp-content\/uploads\/2026\/04\/ICONS-KINDERINSELN-1-300x276.png 300w\" sizes=\"(max-width: 654px) 100vw, 654px\" \/>\t\t\t\t\t\t\t\t<\/a>\n\t\t\t\t\t\t\t\t\t\t\t\t\t\t\t<\/div>\n\t\t\t\t\t<\/div>\n\t\t<\/div>\n\t\t\t\t\t<\/div>\n\t\t<\/section>\n\t\t\t\t\t<\/div>\n\t\t<\/div>\n\t\t\t\t\t<\/div>\n\t\t<\/section>\n\t\t\t\t<section class=\"elementor-section elementor-top-section elementor-element elementor-element-79cdd07 elementor-section-full_width elementor-section-height-default elementor-section-height-default\" data-id=\"79cdd07\" data-element_type=\"section\" data-e-type=\"section\" data-settings=\"{&quot;background_background&quot;:&quot;classic&quot;,&quot;shape_divider_top&quot;:&quot;curve&quot;,&quot;shape_divider_top_negative&quot;:&quot;yes&quot;,&quot;_ha_eqh_enable&quot;:false}\">\n\t\t\t\t\t<div class=\"elementor-shape elementor-shape-top\" aria-hidden=\"true\" data-negative=\"true\">\n\t\t\t<svg xmlns=\"http:\/\/www.w3.org\/2000\/svg\" viewbox=\"0 0 1000 100\" preserveaspectratio=\"none\">\n\t<path class=\"elementor-shape-fill\" d=\"M500,97C126.7,96.3,0.8,19.8,0,0v100l1000,0V1C1000,19.4,873.3,97.8,500,97z\"\/>\n<\/svg>\t\t<\/div>\n\t\t\t\t\t<div class=\"elementor-container elementor-column-gap-no\">\n\t\t\t\t\t<div class=\"elementor-column elementor-col-50 elementor-top-column elementor-element elementor-element-d935e28\" data-id=\"d935e28\" data-element_type=\"column\" data-e-type=\"column\">\n\t\t\t<div class=\"elementor-widget-wrap elementor-element-populated\">\n\t\t\t\t\t\t<div class=\"elementor-element elementor-element-664cba4 elementor-widget elementor-widget-heading\" data-id=\"664cba4\" data-element_type=\"widget\" data-e-type=\"widget\" data-widget_type=\"heading.default\">\n\t\t\t\t\t<h4 class=\"elementor-heading-title elementor-size-default\">\u8054\u7cfb<\/h4>\t\t\t\t<\/div>\n\t\t\t\t<div class=\"elementor-element elementor-element-d8cae58 elementor-widget__width-initial elementor-widget-mobile__width-inherit elementor-invisible elementor-widget elementor-widget-heading\" data-id=\"d8cae58\" data-element_type=\"widget\" data-e-type=\"widget\" data-settings=\"{&quot;_animation&quot;:&quot;fadeInUp&quot;}\" data-widget_type=\"heading.default\">\n\t\t\t\t\t<h2 class=\"elementor-heading-title elementor-size-default\">Haben Sie Fragen?<\/h2>\t\t\t\t<\/div>\n\t\t\t\t<div class=\"elementor-element elementor-element-75147c4 elementor-widget elementor-widget-image\" data-id=\"75147c4\" data-element_type=\"widget\" data-e-type=\"widget\" data-widget_type=\"image.default\">\n\t\t\t\t\t\t\t\t\t\t\t\t\t\t\t<img fetchpriority=\"high\" decoding=\"async\" width=\"907\" height=\"83\" src=\"https:\/\/kinderinseln-berlin-nord.de\/wp-content\/uploads\/2026\/03\/Orange-Modern-Online-Business-Pitch-Deck-Presentation-3-e1774701106678.png\" class=\"attachment-large size-large wp-image-77\" alt=\"\" srcset=\"https:\/\/kinderinseln-berlin-nord.de\/wp-content\/uploads\/2026\/03\/Orange-Modern-Online-Business-Pitch-Deck-Presentation-3-e1774701106678.png 907w, https:\/\/kinderinseln-berlin-nord.de\/wp-content\/uploads\/2026\/03\/Orange-Modern-Online-Business-Pitch-Deck-Presentation-3-e1774701106678-300x27.png 300w, https:\/\/kinderinseln-berlin-nord.de\/wp-content\/uploads\/2026\/03\/Orange-Modern-Online-Business-Pitch-Deck-Presentation-3-e1774701106678-768x70.png 768w\" sizes=\"(max-width: 907px) 100vw, 907px\" \/>\t\t\t\t\t\t\t\t\t\t\t\t\t\t\t<\/div>\n\t\t\t\t<div class=\"elementor-element elementor-element-97323fe elementor-widget__width-initial elementor-widget-mobile__width-inherit elementor-widget elementor-widget-text-editor\" data-id=\"97323fe\" data-element_type=\"widget\" data-e-type=\"widget\" data-widget_type=\"text-editor.default\">\n\t\t\t\t\t\t\t\t\t<p>Wir beraten Sie gerne. Einfach bei uns melden oder Kind mit dem Formular vormerken.<\/p>\t\t\t\t\t\t\t\t<\/div>\n\t\t\t\t<div class=\"elementor-element elementor-element-7a89408 elementor-mobile-align-center elementor-widget elementor-widget-button\" data-id=\"7a89408\" data-element_type=\"widget\" data-e-type=\"widget\" data-widget_type=\"button.default\">\n\t\t\t\t\t\t\t\t\t\t<a class=\"elementor-button elementor-button-link elementor-size-sm\" href=\"https:\/\/kinderinseln-berlin-nord.de\/zh\/kindergarten-alt-reinickendorf\/kontakt\/\">\n\t\t\t\t\t\t<span class=\"elementor-button-content-wrapper\">\n\t\t\t\t\t\t\t\t\t<span class=\"elementor-button-text\">FRAGEN STELLEN<\/span>\n\t\t\t\t\t<\/span>\n\t\t\t\t\t<\/a>\n\t\t\t\t\t\t\t\t<\/div>\n\t\t\t\t\t<\/div>\n\t\t<\/div>\n\t\t\t\t<div class=\"elementor-column elementor-col-50 elementor-top-column elementor-element elementor-element-90e72fb\" data-id=\"90e72fb\" data-element_type=\"column\" data-e-type=\"column\" data-settings=\"{&quot;background_background&quot;:&quot;classic&quot;}\">\n\t\t\t<div class=\"elementor-widget-wrap elementor-element-populated\">\n\t\t\t\t\t\t<div class=\"elementor-element elementor-element-ae1fffa elementor-widget elementor-widget-image\" data-id=\"ae1fffa\" data-element_type=\"widget\" data-e-type=\"widget\" data-widget_type=\"image.default\">\n\t\t\t\t\t\t\t\t\t\t\t\t\t\t\t<img loading=\"lazy\" decoding=\"async\" width=\"1024\" height=\"683\" src=\"https:\/\/kinderinseln-berlin-nord.de\/wp-content\/uploads\/2026\/05\/Alt-Reincickendorf-Kindergarten_digitales-lernenx-1-1024x683.png\" class=\"attachment-large size-large wp-image-1359\" alt=\"\" srcset=\"https:\/\/kinderinseln-berlin-nord.de\/wp-content\/uploads\/2026\/05\/Alt-Reincickendorf-Kindergarten_digitales-lernenx-1-1024x683.png 1024w, https:\/\/kinderinseln-berlin-nord.de\/wp-content\/uploads\/2026\/05\/Alt-Reincickendorf-Kindergarten_digitales-lernenx-1-300x200.png 300w, https:\/\/kinderinseln-berlin-nord.de\/wp-content\/uploads\/2026\/05\/Alt-Reincickendorf-Kindergarten_digitales-lernenx-1-768x512.png 768w, https:\/\/kinderinseln-berlin-nord.de\/wp-content\/uploads\/2026\/05\/Alt-Reincickendorf-Kindergarten_digitales-lernenx-1-1536x1024.png 1536w, https:\/\/kinderinseln-berlin-nord.de\/wp-content\/uploads\/2026\/05\/Alt-Reincickendorf-Kindergarten_digitales-lernenx-1-2048x1366.png 2048w\" sizes=\"(max-width: 1024px) 100vw, 1024px\" \/>\t\t\t\t\t\t\t\t\t\t\t\t\t\t\t<\/div>\n\t\t\t\t\t<\/div>\n\t\t<\/div>\n\t\t\t\t\t<\/div>\n\t\t<\/section>\n\t\t\t\t<\/div>","protected":false},"excerpt":{"rendered":"<p>Unser Konzept Leitbild und Konzeption Das wichtigste auf einen blick Betreeung und Struktur Kinder im Alter von 1 bis zum [&hellip;]<\/p>\n","protected":false},"author":1,"featured_media":0,"parent":986,"menu_order":0,"comment_status":"closed","ping_status":"closed","template":"","meta":{"site-sidebar-layout":"no-sidebar","site-content-layout":"","ast-site-content-layout":"full-width-container","site-content-style":"default","site-sidebar-style":"default","ast-global-header-display":"","ast-banner-title-visibility":"","ast-main-header-display":"","ast-hfb-above-header-display":"","ast-hfb-below-header-display":"","ast-hfb-mobile-header-display":"","site-post-title":"disabled","ast-breadcrumbs-content":"","ast-featured-img":"disabled","footer-sml-layout":"","ast-disable-related-posts":"","theme-transparent-header-meta":"","adv-header-id-meta":"","stick-header-meta":"","header-above-stick-meta":"","header-main-stick-meta":"","header-below-stick-meta":"","astra-migrate-meta-layouts":"default","ast-page-background-enabled":"default","ast-page-background-meta":{"desktop":{"background-color":"var(--ast-global-color-5)","background-image":"","background-repeat":"repeat","background-position":"center center","background-size":"auto","background-attachment":"scroll","background-type":"","background-media":"","overlay-type":"","overlay-color":"","overlay-opacity":"","overlay-gradient":""},"tablet":{"background-color":"","background-image":"","background-repeat":"repeat","background-position":"center center","background-size":"auto","background-attachment":"scroll","background-type":"","background-media":"","overlay-type":"","overlay-color":"","overlay-opacity":"","overlay-gradient":""},"mobile":{"background-color":"","background-image":"","background-repeat":"repeat","background-position":"center center","background-size":"auto","background-attachment":"scroll","background-type":"","background-media":"","overlay-type":"","overlay-color":"","overlay-opacity":"","overlay-gradient":""}},"ast-content-background-meta":{"desktop":{"background-color":"var(--ast-global-color-4)","background-image":"","background-repeat":"repeat","background-position":"center center","background-size":"auto","background-attachment":"scroll","background-type":"","background-media":"","overlay-type":"","overlay-color":"","overlay-opacity":"","overlay-gradient":""},"tablet":{"background-color":"var(--ast-global-color-4)","background-image":"","background-repeat":"repeat","background-position":"center center","background-size":"auto","background-attachment":"scroll","background-type":"","background-media":"","overlay-type":"","overlay-color":"","overlay-opacity":"","overlay-gradient":""},"mobile":{"background-color":"var(--ast-global-color-4)","background-image":"","background-repeat":"repeat","background-position":"center center","background-size":"auto","background-attachment":"scroll","background-type":"","background-media":"","overlay-type":"","overlay-color":"","overlay-opacity":"","overlay-gradient":""}},"footnotes":""},"class_list":["post-990","page","type-page","status-publish","hentry"],"_links":{"self":[{"href":"https:\/\/kinderinseln-berlin-nord.de\/zh\/wp-json\/wp\/v2\/pages\/990","targetHints":{"allow":["GET"]}}],"collection":[{"href":"https:\/\/kinderinseln-berlin-nord.de\/zh\/wp-json\/wp\/v2\/pages"}],"about":[{"href":"https:\/\/kinderinseln-berlin-nord.de\/zh\/wp-json\/wp\/v2\/types\/page"}],"author":[{"embeddable":true,"href":"https:\/\/kinderinseln-berlin-nord.de\/zh\/wp-json\/wp\/v2\/users\/1"}],"replies":[{"embeddable":true,"href":"https:\/\/kinderinseln-berlin-nord.de\/zh\/wp-json\/wp\/v2\/comments?post=990"}],"version-history":[{"count":10,"href":"https:\/\/kinderinseln-berlin-nord.de\/zh\/wp-json\/wp\/v2\/pages\/990\/revisions"}],"predecessor-version":[{"id":2840,"href":"https:\/\/kinderinseln-berlin-nord.de\/zh\/wp-json\/wp\/v2\/pages\/990\/revisions\/2840"}],"up":[{"embeddable":true,"href":"https:\/\/kinderinseln-berlin-nord.de\/zh\/wp-json\/wp\/v2\/pages\/986"}],"wp:attachment":[{"href":"https:\/\/kinderinseln-berlin-nord.de\/zh\/wp-json\/wp\/v2\/media?parent=990"}],"curies":[{"name":"wp","href":"https:\/\/api.w.org\/{rel}","templated":true}]}}